{"id":801,"date":"2024-06-20T22:35:51","date_gmt":"2024-06-21T03:35:51","guid":{"rendered":"https:\/\/iconods.com\/adt\/?post_type=project&#038;p=801"},"modified":"2024-08-06T10:39:13","modified_gmt":"2024-08-06T15:39:13","slug":"57-edificio-neos-moda","status":"publish","type":"project","link":"https:\/\/adtacustica.com\/?project=57-edificio-neos-moda","title":{"rendered":"Edificio Neos Moda"},"content":{"rendered":"<p>[et_pb_section fb_built=&#8221;1&#8243; _builder_version=&#8221;4.25.2&#8243; _module_preset=&#8221;default&#8221; global_colors_info=&#8221;{}&#8221;][et_pb_row column_structure=&#8221;1_2,1_2&#8243; _builder_version=&#8221;4.25.2&#8243; _module_preset=&#8221;default&#8221; global_colors_info=&#8221;{}&#8221;][et_pb_column type=&#8221;1_2&#8243; _builder_version=&#8221;4.25.2&#8243; _module_preset=&#8221;default&#8221; global_colors_info=&#8221;{}&#8221;][et_pb_text _builder_version=&#8221;4.25.2&#8243; _module_preset=&#8221;default&#8221; global_colors_info=&#8221;{}&#8221;]<\/p>\n<p>Corporativo<\/p>\n<p>[\/et_pb_text][et_pb_heading title=&#8221;Edificio Neos Moda&#8221; _builder_version=&#8221;4.25.2&#8243; _module_preset=&#8221;default&#8221; title_text_color=&#8221;#000000&#8243; hover_enabled=&#8221;0&#8243; global_colors_info=&#8221;{}&#8221; sticky_enabled=&#8221;0&#8243;][\/et_pb_heading][et_pb_text _builder_version=&#8221;4.25.2&#8243; _module_preset=&#8221;default&#8221; hover_enabled=&#8221;0&#8243; sticky_enabled=&#8221;0&#8243;]El\u00a0Centro comercial Neos Centro\u00a0es un centro comercial de\u00a0Bogot\u00e1, localizado en el centro de la ciudad, concretamente en la zona de\u00a0San Victorino\u00a0en la\u00a0Avenida Jim\u00e9nez\u00a0con\u00a0Carrera D\u00e9cima.<\/p>\n<p>El centro comercial es el m\u00e1s grande en tama\u00f1o del centro hist\u00f3rico de Bogot\u00e1 con 382 locales y 21.000 metros cuadrados, inaugurado en 2018 bajo el nombre de\u00a0Neos Moda, planteado como un nuevo hub del sector, siendo inaugurado por Paulina Vega.[\/et_pb_text][\/et_pb_column][et_pb_column type=&#8221;1_2&#8243; _builder_version=&#8221;4.25.2&#8243; _module_preset=&#8221;default&#8221; global_colors_info=&#8221;{}&#8221;][et_pb_image src=&#8221;https:\/\/iconods.com\/adt\/wp-content\/uploads\/2024\/06\/57.Edificio-Neos-Moda.jpg&#8221; alt=&#8221;Hospital Centro de Tratamiento e Investigaci\u00f3n de C\u00e1ncer&#8221; title_text=&#8221;57.Edificio Neos Moda&#8221; _builder_version=&#8221;4.25.2&#8243; _module_preset=&#8221;default&#8221; global_colors_info=&#8221;{}&#8221;][\/et_pb_image][\/et_pb_column][\/et_pb_row][\/et_pb_section][et_pb_section fb_built=&#8221;1&#8243; _builder_version=&#8221;4.25.2&#8243; _module_preset=&#8221;default&#8221; global_colors_info=&#8221;{}&#8221;][et_pb_row _builder_version=&#8221;4.25.2&#8243; _module_preset=&#8221;default&#8221; global_colors_info=&#8221;{}&#8221;][et_pb_column type=&#8221;4_4&#8243; _builder_version=&#8221;4.25.2&#8243; _module_preset=&#8221;default&#8221; global_colors_info=&#8221;{}&#8221;][et_pb_gallery gallery_ids=&#8221;802,913&#8243; gallery_orderby=&#8221;rand&#8221; fullwidth=&#8221;on&#8221; _builder_version=&#8221;4.25.2&#8243; _module_preset=&#8221;default&#8221; global_colors_info=&#8221;{}&#8221;][\/et_pb_gallery][\/et_pb_column][\/et_pb_row][\/et_pb_section]<\/p>\n","protected":false},"excerpt":{"rendered":"<p>CorporativoEl\u00a0Centro comercial Neos Centro\u00a0es un centro comercial de\u00a0Bogot\u00e1, localizado en el centro de la ciudad, concretamente en la zona de\u00a0San Victorino\u00a0en la\u00a0Avenida Jim\u00e9nez\u00a0con\u00a0Carrera D\u00e9cima. El centro comercial es el m\u00e1s grande en tama\u00f1o del centro hist\u00f3rico de Bogot\u00e1 con 382 locales y 21.000 metros cuadrados, inaugurado en 2018 bajo el nombre de\u00a0Neos Moda, planteado como un nuevo hub del sector, siendo inaugurado por Paulina Vega.<\/p>\n","protected":false},"author":1,"featured_media":802,"comment_status":"open","ping_status":"closed","template":"","meta":{"_et_pb_use_builder":"on","_et_pb_old_content":"","_et_gb_content_width":"","footnotes":""},"project_category":[23,30],"project_tag":[139],"class_list":["post-801","project","type-project","status-publish","has-post-thumbnail","hentry","project_category-comercial-proyectos","project_category-disenos-acusticos","project_tag-edificio-neos-moda"],"yoast_head":"<!-- This site is optimized with the Yoast SEO plugin v23.4 - https:\/\/yoast.com\/wordpress\/plugins\/seo\/ -->\n<title>Edificio Neos Moda - ADT Ac\u00fastica Dise\u00f1o Tecnolog\u00eda<\/title>\n<meta name=\"robots\" content=\"index, follow, max-snippet:-1, max-image-preview:large, max-video-preview:-1\" \/>\n<link rel=\"canonical\" href=\"https:\/\/adtacustica.com\/?project=57-edificio-neos-moda\" \/>\n<meta property=\"og:locale\" content=\"es_ES\" \/>\n<meta property=\"og:type\" content=\"article\" \/>\n<meta property=\"og:title\" content=\"Edificio Neos Moda - ADT Ac\u00fastica Dise\u00f1o Tecnolog\u00eda\" \/>\n<meta property=\"og:description\" content=\"CorporativoEl\u00a0Centro comercial Neos Centro\u00a0es un centro comercial de\u00a0Bogot\u00e1, localizado en el centro de la ciudad, concretamente en la zona de\u00a0San Victorino\u00a0en la\u00a0Avenida Jim\u00e9nez\u00a0con\u00a0Carrera D\u00e9cima. El centro comercial es el m\u00e1s grande en tama\u00f1o del centro hist\u00f3rico de Bogot\u00e1 con 382 locales y 21.000 metros cuadrados, inaugurado en 2018 bajo el nombre de\u00a0Neos Moda, planteado como un nuevo hub del sector, siendo inaugurado por Paulina Vega.\" \/>\n<meta property=\"og:url\" content=\"https:\/\/adtacustica.com\/?project=57-edificio-neos-moda\" \/>\n<meta property=\"og:site_name\" content=\"ADT Ac\u00fastica Dise\u00f1o Tecnolog\u00eda\" \/>\n<meta property=\"article:modified_time\" content=\"2024-08-06T15:39:13+00:00\" \/>\n<meta property=\"og:image\" content=\"https:\/\/iconods.com\/adt\/wp-content\/uploads\/2024\/06\/57.Edificio-Neos-Moda.jpg\" \/>\n\t<meta property=\"og:image:width\" content=\"1366\" \/>\n\t<meta property=\"og:image:height\" content=\"768\" \/>\n\t<meta property=\"og:image:type\" content=\"image\/jpeg\" \/>\n<meta name=\"twitter:card\" content=\"summary_large_image\" \/>\n<meta name=\"twitter:label1\" content=\"Tiempo de lectura\" \/>\n\t<meta name=\"twitter:data1\" content=\"1 minuto\" \/>\n<script type=\"application\/ld+json\" class=\"yoast-schema-graph\">{\"@context\":\"https:\/\/schema.org\",\"@graph\":[{\"@type\":\"WebPage\",\"@id\":\"https:\/\/adtacustica.com\/?project=57-edificio-neos-moda\",\"url\":\"https:\/\/adtacustica.com\/?project=57-edificio-neos-moda\",\"name\":\"Edificio Neos Moda - ADT Ac\u00fastica Dise\u00f1o Tecnolog\u00eda\",\"isPartOf\":{\"@id\":\"https:\/\/adtacustica.com\/#website\"},\"primaryImageOfPage\":{\"@id\":\"https:\/\/adtacustica.com\/?project=57-edificio-neos-moda#primaryimage\"},\"image\":{\"@id\":\"https:\/\/adtacustica.com\/?project=57-edificio-neos-moda#primaryimage\"},\"thumbnailUrl\":\"https:\/\/iconods.com\/adt\/wp-content\/uploads\/2024\/06\/57.Edificio-Neos-Moda.jpg\",\"datePublished\":\"2024-06-21T03:35:51+00:00\",\"dateModified\":\"2024-08-06T15:39:13+00:00\",\"breadcrumb\":{\"@id\":\"https:\/\/adtacustica.com\/?project=57-edificio-neos-moda#breadcrumb\"},\"inLanguage\":\"es-CO\",\"potentialAction\":[{\"@type\":\"ReadAction\",\"target\":[\"https:\/\/adtacustica.com\/?project=57-edificio-neos-moda\"]}]},{\"@type\":\"ImageObject\",\"inLanguage\":\"es-CO\",\"@id\":\"https:\/\/adtacustica.com\/?project=57-edificio-neos-moda#primaryimage\",\"url\":\"https:\/\/iconods.com\/adt\/wp-content\/uploads\/2024\/06\/57.Edificio-Neos-Moda.jpg\",\"contentUrl\":\"https:\/\/iconods.com\/adt\/wp-content\/uploads\/2024\/06\/57.Edificio-Neos-Moda.jpg\",\"width\":1366,\"height\":768},{\"@type\":\"BreadcrumbList\",\"@id\":\"https:\/\/adtacustica.com\/?project=57-edificio-neos-moda#breadcrumb\",\"itemListElement\":[{\"@type\":\"ListItem\",\"position\":1,\"name\":\"Inicio\",\"item\":\"https:\/\/adtacustica.com\/\"},{\"@type\":\"ListItem\",\"position\":2,\"name\":\"Projects\",\"item\":\"https:\/\/adtacustica.com\/?post_type=project\"},{\"@type\":\"ListItem\",\"position\":3,\"name\":\"Edificio Neos Moda\"}]},{\"@type\":\"WebSite\",\"@id\":\"https:\/\/adtacustica.com\/#website\",\"url\":\"https:\/\/adtacustica.com\/\",\"name\":\"ADT Ac\u00fastica\",\"description\":\"Ac\u00fastica Dise\u00f1o Tecnolog\u00eda\",\"publisher\":{\"@id\":\"https:\/\/adtacustica.com\/#organization\"},\"potentialAction\":[{\"@type\":\"SearchAction\",\"target\":{\"@type\":\"EntryPoint\",\"urlTemplate\":\"https:\/\/adtacustica.com\/?s={search_term_string}\"},\"query-input\":{\"@type\":\"PropertyValueSpecification\",\"valueRequired\":true,\"valueName\":\"search_term_string\"}}],\"inLanguage\":\"es-CO\"},{\"@type\":\"Organization\",\"@id\":\"https:\/\/adtacustica.com\/#organization\",\"name\":\"ADT Ac\u00fastica Dise\u00f1o Tecnolog\u00eda\",\"alternateName\":\"ADT\",\"url\":\"https:\/\/adtacustica.com\/\",\"logo\":{\"@type\":\"ImageObject\",\"inLanguage\":\"es-CO\",\"@id\":\"https:\/\/adtacustica.com\/#\/schema\/logo\/image\/\",\"url\":\"https:\/\/iconods.com\/adt\/wp-content\/uploads\/2024\/06\/LogoQuienes.png\",\"contentUrl\":\"https:\/\/iconods.com\/adt\/wp-content\/uploads\/2024\/06\/LogoQuienes.png\",\"width\":574,\"height\":329,\"caption\":\"ADT Ac\u00fastica Dise\u00f1o Tecnolog\u00eda\"},\"image\":{\"@id\":\"https:\/\/adtacustica.com\/#\/schema\/logo\/image\/\"}}]}<\/script>\n<!-- \/ Yoast SEO plugin. -->","yoast_head_json":{"title":"Edificio Neos Moda - ADT Ac\u00fastica Dise\u00f1o Tecnolog\u00eda","robots":{"index":"index","follow":"follow","max-snippet":"max-snippet:-1","max-image-preview":"max-image-preview:large","max-video-preview":"max-video-preview:-1"},"canonical":"https:\/\/adtacustica.com\/?project=57-edificio-neos-moda","og_locale":"es_ES","og_type":"article","og_title":"Edificio Neos Moda - ADT Ac\u00fastica Dise\u00f1o Tecnolog\u00eda","og_description":"CorporativoEl\u00a0Centro comercial Neos Centro\u00a0es un centro comercial de\u00a0Bogot\u00e1, localizado en el centro de la ciudad, concretamente en la zona de\u00a0San Victorino\u00a0en la\u00a0Avenida Jim\u00e9nez\u00a0con\u00a0Carrera D\u00e9cima. El centro comercial es el m\u00e1s grande en tama\u00f1o del centro hist\u00f3rico de Bogot\u00e1 con 382 locales y 21.000 metros cuadrados, inaugurado en 2018 bajo el nombre de\u00a0Neos Moda, planteado como un nuevo hub del sector, siendo inaugurado por Paulina Vega.","og_url":"https:\/\/adtacustica.com\/?project=57-edificio-neos-moda","og_site_name":"ADT Ac\u00fastica Dise\u00f1o Tecnolog\u00eda","article_modified_time":"2024-08-06T15:39:13+00:00","og_image":[{"width":1366,"height":768,"url":"https:\/\/iconods.com\/adt\/wp-content\/uploads\/2024\/06\/57.Edificio-Neos-Moda.jpg","type":"image\/jpeg"}],"twitter_card":"summary_large_image","twitter_misc":{"Tiempo de lectura":"1 minuto"},"schema":{"@context":"https:\/\/schema.org","@graph":[{"@type":"WebPage","@id":"https:\/\/adtacustica.com\/?project=57-edificio-neos-moda","url":"https:\/\/adtacustica.com\/?project=57-edificio-neos-moda","name":"Edificio Neos Moda - ADT Ac\u00fastica Dise\u00f1o Tecnolog\u00eda","isPartOf":{"@id":"https:\/\/adtacustica.com\/#website"},"primaryImageOfPage":{"@id":"https:\/\/adtacustica.com\/?project=57-edificio-neos-moda#primaryimage"},"image":{"@id":"https:\/\/adtacustica.com\/?project=57-edificio-neos-moda#primaryimage"},"thumbnailUrl":"https:\/\/iconods.com\/adt\/wp-content\/uploads\/2024\/06\/57.Edificio-Neos-Moda.jpg","datePublished":"2024-06-21T03:35:51+00:00","dateModified":"2024-08-06T15:39:13+00:00","breadcrumb":{"@id":"https:\/\/adtacustica.com\/?project=57-edificio-neos-moda#breadcrumb"},"inLanguage":"es-CO","potentialAction":[{"@type":"ReadAction","target":["https:\/\/adtacustica.com\/?project=57-edificio-neos-moda"]}]},{"@type":"ImageObject","inLanguage":"es-CO","@id":"https:\/\/adtacustica.com\/?project=57-edificio-neos-moda#primaryimage","url":"https:\/\/iconods.com\/adt\/wp-content\/uploads\/2024\/06\/57.Edificio-Neos-Moda.jpg","contentUrl":"https:\/\/iconods.com\/adt\/wp-content\/uploads\/2024\/06\/57.Edificio-Neos-Moda.jpg","width":1366,"height":768},{"@type":"BreadcrumbList","@id":"https:\/\/adtacustica.com\/?project=57-edificio-neos-moda#breadcrumb","itemListElement":[{"@type":"ListItem","position":1,"name":"Inicio","item":"https:\/\/adtacustica.com\/"},{"@type":"ListItem","position":2,"name":"Projects","item":"https:\/\/adtacustica.com\/?post_type=project"},{"@type":"ListItem","position":3,"name":"Edificio Neos Moda"}]},{"@type":"WebSite","@id":"https:\/\/adtacustica.com\/#website","url":"https:\/\/adtacustica.com\/","name":"ADT Ac\u00fastica","description":"Ac\u00fastica Dise\u00f1o Tecnolog\u00eda","publisher":{"@id":"https:\/\/adtacustica.com\/#organization"},"potentialAction":[{"@type":"SearchAction","target":{"@type":"EntryPoint","urlTemplate":"https:\/\/adtacustica.com\/?s={search_term_string}"},"query-input":{"@type":"PropertyValueSpecification","valueRequired":true,"valueName":"search_term_string"}}],"inLanguage":"es-CO"},{"@type":"Organization","@id":"https:\/\/adtacustica.com\/#organization","name":"ADT Ac\u00fastica Dise\u00f1o Tecnolog\u00eda","alternateName":"ADT","url":"https:\/\/adtacustica.com\/","logo":{"@type":"ImageObject","inLanguage":"es-CO","@id":"https:\/\/adtacustica.com\/#\/schema\/logo\/image\/","url":"https:\/\/iconods.com\/adt\/wp-content\/uploads\/2024\/06\/LogoQuienes.png","contentUrl":"https:\/\/iconods.com\/adt\/wp-content\/uploads\/2024\/06\/LogoQuienes.png","width":574,"height":329,"caption":"ADT Ac\u00fastica Dise\u00f1o Tecnolog\u00eda"},"image":{"@id":"https:\/\/adtacustica.com\/#\/schema\/logo\/image\/"}}]}},"_links":{"self":[{"href":"https:\/\/adtacustica.com\/index.php?rest_route=\/wp\/v2\/project\/801","targetHints":{"allow":["GET"]}}],"collection":[{"href":"https:\/\/adtacustica.com\/index.php?rest_route=\/wp\/v2\/project"}],"about":[{"href":"https:\/\/adtacustica.com\/index.php?rest_route=\/wp\/v2\/types\/project"}],"author":[{"embeddable":true,"href":"https:\/\/adtacustica.com\/index.php?rest_route=\/wp\/v2\/users\/1"}],"replies":[{"embeddable":true,"href":"https:\/\/adtacustica.com\/index.php?rest_route=%2Fwp%2Fv2%2Fcomments&post=801"}],"version-history":[{"count":7,"href":"https:\/\/adtacustica.com\/index.php?rest_route=\/wp\/v2\/project\/801\/revisions"}],"predecessor-version":[{"id":2459,"href":"https:\/\/adtacustica.com\/index.php?rest_route=\/wp\/v2\/project\/801\/revisions\/2459"}],"wp:featuredmedia":[{"embeddable":true,"href":"https:\/\/adtacustica.com\/index.php?rest_route=\/wp\/v2\/media\/802"}],"wp:attachment":[{"href":"https:\/\/adtacustica.com\/index.php?rest_route=%2Fwp%2Fv2%2Fmedia&parent=801"}],"wp:term":[{"taxonomy":"project_category","embeddable":true,"href":"https:\/\/adtacustica.com\/index.php?rest_route=%2Fwp%2Fv2%2Fproject_category&post=801"},{"taxonomy":"project_tag","embeddable":true,"href":"https:\/\/adtacustica.com\/index.php?rest_route=%2Fwp%2Fv2%2Fproject_tag&post=801"}],"curies":[{"name":"wp","href":"https:\/\/api.w.org\/{rel}","templated":true}]}}