{"id":788,"date":"2024-06-20T22:31:06","date_gmt":"2024-06-21T03:31:06","guid":{"rendered":"https:\/\/iconods.com\/adt\/?post_type=project&#038;p=788"},"modified":"2024-08-06T10:39:33","modified_gmt":"2024-08-06T15:39:33","slug":"55-edificio-de-oficinas-banco-de-la-republica","status":"publish","type":"project","link":"https:\/\/adtacustica.com\/?project=55-edificio-de-oficinas-banco-de-la-republica","title":{"rendered":"Edificio de Oficinas Banco de la Rep\u00fablica"},"content":{"rendered":"<p>[et_pb_section fb_built=&#8221;1&#8243; _builder_version=&#8221;4.25.2&#8243; _module_preset=&#8221;default&#8221; global_colors_info=&#8221;{}&#8221;][et_pb_row column_structure=&#8221;1_2,1_2&#8243; _builder_version=&#8221;4.25.2&#8243; _module_preset=&#8221;default&#8221; global_colors_info=&#8221;{}&#8221;][et_pb_column type=&#8221;1_2&#8243; _builder_version=&#8221;4.25.2&#8243; _module_preset=&#8221;default&#8221; global_colors_info=&#8221;{}&#8221;][et_pb_text _builder_version=&#8221;4.25.2&#8243; _module_preset=&#8221;default&#8221; global_colors_info=&#8221;{}&#8221;]<\/p>\n<p>Empresarial<\/p>\n<p>[\/et_pb_text][et_pb_heading title=&#8221;Edificio de Oficinas Banco de la Rep\u00fablica&#8221; _builder_version=&#8221;4.25.2&#8243; _module_preset=&#8221;default&#8221; title_text_color=&#8221;#000000&#8243; hover_enabled=&#8221;0&#8243; global_colors_info=&#8221;{}&#8221; sticky_enabled=&#8221;0&#8243;][\/et_pb_heading][et_pb_text _builder_version=&#8221;4.25.2&#8243; _module_preset=&#8221;default&#8221; hover_enabled=&#8221;0&#8243; sticky_enabled=&#8221;0&#8243;]El\u00a0Edificio del Banco de la Rep\u00fablica\u00a0est\u00e1 ubicado en\u00a0Bogot\u00e1, la capital de\u00a0Colombia. Se encuentra en el centro de la ciudad sobre la esquina nororiental de la\u00a0carrera s\u00e9ptima\u00a0con\u00a0Avenida Jim\u00e9nez de Quesada, en el ala sur de\u00a0Parque Santander. Es la sede nacional y el edificio principal del\u00a0Banco de la Rep\u00fablica de Colombia.[\/et_pb_text][\/et_pb_column][et_pb_column type=&#8221;1_2&#8243; _builder_version=&#8221;4.25.2&#8243; _module_preset=&#8221;default&#8221; global_colors_info=&#8221;{}&#8221;][et_pb_image src=&#8221;https:\/\/iconods.com\/adt\/wp-content\/uploads\/2024\/06\/55.Edificio-de-Oficinas-Banco-de-la-republica.jpg&#8221; alt=&#8221;Hospital Centro de Tratamiento e Investigaci\u00f3n de C\u00e1ncer&#8221; title_text=&#8221;55.Edificio de Oficinas Banco de la republica&#8221; _builder_version=&#8221;4.25.2&#8243; _module_preset=&#8221;default&#8221; global_colors_info=&#8221;{}&#8221;][\/et_pb_image][\/et_pb_column][\/et_pb_row][\/et_pb_section][et_pb_section fb_built=&#8221;1&#8243; _builder_version=&#8221;4.25.2&#8243; _module_preset=&#8221;default&#8221; global_colors_info=&#8221;{}&#8221;][et_pb_row _builder_version=&#8221;4.25.2&#8243; _module_preset=&#8221;default&#8221; global_colors_info=&#8221;{}&#8221;][et_pb_column type=&#8221;4_4&#8243; _builder_version=&#8221;4.25.2&#8243; _module_preset=&#8221;default&#8221; global_colors_info=&#8221;{}&#8221;][et_pb_gallery gallery_ids=&#8221;789&#8243; gallery_orderby=&#8221;rand&#8221; fullwidth=&#8221;on&#8221; _builder_version=&#8221;4.25.2&#8243; _module_preset=&#8221;default&#8221; global_colors_info=&#8221;{}&#8221;][\/et_pb_gallery][\/et_pb_column][\/et_pb_row][\/et_pb_section]<\/p>\n","protected":false},"excerpt":{"rendered":"<p>EmpresarialEl\u00a0Edificio del Banco de la Rep\u00fablica\u00a0est\u00e1 ubicado en\u00a0Bogot\u00e1, la capital de\u00a0Colombia. Se encuentra en el centro de la ciudad sobre la esquina nororiental de la\u00a0carrera s\u00e9ptima\u00a0con\u00a0Avenida Jim\u00e9nez de Quesada, en el ala sur de\u00a0Parque Santander. Es la sede nacional y el edificio principal del\u00a0Banco de la Rep\u00fablica de Colombia.<\/p>\n","protected":false},"author":1,"featured_media":790,"comment_status":"open","ping_status":"closed","template":"","meta":{"_et_pb_use_builder":"on","_et_pb_old_content":"","_et_gb_content_width":"","footnotes":""},"project_category":[24,30],"project_tag":[142],"class_list":["post-788","project","type-project","status-publish","has-post-thumbnail","hentry","project_category-corporativo-proyectos","project_category-disenos-acusticos","project_tag-edificio-de-oficinas-banco-de-la-republica"],"yoast_head":"<!-- This site is optimized with the Yoast SEO plugin v23.4 - https:\/\/yoast.com\/wordpress\/plugins\/seo\/ -->\n<title>Edificio de Oficinas Banco de la Rep\u00fablica - ADT Ac\u00fastica Dise\u00f1o Tecnolog\u00eda<\/title>\n<meta name=\"robots\" content=\"index, follow, max-snippet:-1, max-image-preview:large, max-video-preview:-1\" \/>\n<link rel=\"canonical\" href=\"https:\/\/adtacustica.com\/?project=55-edificio-de-oficinas-banco-de-la-republica\" \/>\n<meta property=\"og:locale\" content=\"es_ES\" \/>\n<meta property=\"og:type\" content=\"article\" \/>\n<meta property=\"og:title\" content=\"Edificio de Oficinas Banco de la Rep\u00fablica - ADT Ac\u00fastica Dise\u00f1o Tecnolog\u00eda\" \/>\n<meta property=\"og:description\" content=\"EmpresarialEl\u00a0Edificio del Banco de la Rep\u00fablica\u00a0est\u00e1 ubicado en\u00a0Bogot\u00e1, la capital de\u00a0Colombia. Se encuentra en el centro de la ciudad sobre la esquina nororiental de la\u00a0carrera s\u00e9ptima\u00a0con\u00a0Avenida Jim\u00e9nez de Quesada, en el ala sur de\u00a0Parque Santander. Es la sede nacional y el edificio principal del\u00a0Banco de la Rep\u00fablica de Colombia.\" \/>\n<meta property=\"og:url\" content=\"https:\/\/adtacustica.com\/?project=55-edificio-de-oficinas-banco-de-la-republica\" \/>\n<meta property=\"og:site_name\" content=\"ADT Ac\u00fastica Dise\u00f1o Tecnolog\u00eda\" \/>\n<meta property=\"article:modified_time\" content=\"2024-08-06T15:39:33+00:00\" \/>\n<meta property=\"og:image\" content=\"https:\/\/iconods.com\/adt\/wp-content\/uploads\/2024\/07\/web.jpg\" \/>\n\t<meta property=\"og:image:width\" content=\"1200\" \/>\n\t<meta property=\"og:image:height\" content=\"594\" \/>\n\t<meta property=\"og:image:type\" content=\"image\/jpeg\" \/>\n<meta name=\"twitter:card\" content=\"summary_large_image\" \/>\n<meta name=\"twitter:label1\" content=\"Tiempo de lectura\" \/>\n\t<meta name=\"twitter:data1\" content=\"1 minuto\" \/>\n<script type=\"application\/ld+json\" class=\"yoast-schema-graph\">{\"@context\":\"https:\/\/schema.org\",\"@graph\":[{\"@type\":\"WebPage\",\"@id\":\"https:\/\/adtacustica.com\/?project=55-edificio-de-oficinas-banco-de-la-republica\",\"url\":\"https:\/\/adtacustica.com\/?project=55-edificio-de-oficinas-banco-de-la-republica\",\"name\":\"Edificio de Oficinas Banco de la Rep\u00fablica - ADT Ac\u00fastica Dise\u00f1o Tecnolog\u00eda\",\"isPartOf\":{\"@id\":\"https:\/\/adtacustica.com\/#website\"},\"primaryImageOfPage\":{\"@id\":\"https:\/\/adtacustica.com\/?project=55-edificio-de-oficinas-banco-de-la-republica#primaryimage\"},\"image\":{\"@id\":\"https:\/\/adtacustica.com\/?project=55-edificio-de-oficinas-banco-de-la-republica#primaryimage\"},\"thumbnailUrl\":\"\",\"datePublished\":\"2024-06-21T03:31:06+00:00\",\"dateModified\":\"2024-08-06T15:39:33+00:00\",\"breadcrumb\":{\"@id\":\"https:\/\/adtacustica.com\/?project=55-edificio-de-oficinas-banco-de-la-republica#breadcrumb\"},\"inLanguage\":\"es-CO\",\"potentialAction\":[{\"@type\":\"ReadAction\",\"target\":[\"https:\/\/adtacustica.com\/?project=55-edificio-de-oficinas-banco-de-la-republica\"]}]},{\"@type\":\"ImageObject\",\"inLanguage\":\"es-CO\",\"@id\":\"https:\/\/adtacustica.com\/?project=55-edificio-de-oficinas-banco-de-la-republica#primaryimage\",\"url\":\"\",\"contentUrl\":\"\"},{\"@type\":\"BreadcrumbList\",\"@id\":\"https:\/\/adtacustica.com\/?project=55-edificio-de-oficinas-banco-de-la-republica#breadcrumb\",\"itemListElement\":[{\"@type\":\"ListItem\",\"position\":1,\"name\":\"Inicio\",\"item\":\"https:\/\/adtacustica.com\/\"},{\"@type\":\"ListItem\",\"position\":2,\"name\":\"Projects\",\"item\":\"https:\/\/adtacustica.com\/?post_type=project\"},{\"@type\":\"ListItem\",\"position\":3,\"name\":\"Edificio de Oficinas Banco de la Rep\u00fablica\"}]},{\"@type\":\"WebSite\",\"@id\":\"https:\/\/adtacustica.com\/#website\",\"url\":\"https:\/\/adtacustica.com\/\",\"name\":\"ADT Ac\u00fastica\",\"description\":\"Ac\u00fastica Dise\u00f1o Tecnolog\u00eda\",\"publisher\":{\"@id\":\"https:\/\/adtacustica.com\/#organization\"},\"potentialAction\":[{\"@type\":\"SearchAction\",\"target\":{\"@type\":\"EntryPoint\",\"urlTemplate\":\"https:\/\/adtacustica.com\/?s={search_term_string}\"},\"query-input\":{\"@type\":\"PropertyValueSpecification\",\"valueRequired\":true,\"valueName\":\"search_term_string\"}}],\"inLanguage\":\"es-CO\"},{\"@type\":\"Organization\",\"@id\":\"https:\/\/adtacustica.com\/#organization\",\"name\":\"ADT Ac\u00fastica Dise\u00f1o Tecnolog\u00eda\",\"alternateName\":\"ADT\",\"url\":\"https:\/\/adtacustica.com\/\",\"logo\":{\"@type\":\"ImageObject\",\"inLanguage\":\"es-CO\",\"@id\":\"https:\/\/adtacustica.com\/#\/schema\/logo\/image\/\",\"url\":\"https:\/\/iconods.com\/adt\/wp-content\/uploads\/2024\/06\/LogoQuienes.png\",\"contentUrl\":\"https:\/\/iconods.com\/adt\/wp-content\/uploads\/2024\/06\/LogoQuienes.png\",\"width\":574,\"height\":329,\"caption\":\"ADT Ac\u00fastica Dise\u00f1o Tecnolog\u00eda\"},\"image\":{\"@id\":\"https:\/\/adtacustica.com\/#\/schema\/logo\/image\/\"}}]}<\/script>\n<!-- \/ Yoast SEO plugin. -->","yoast_head_json":{"title":"Edificio de Oficinas Banco de la Rep\u00fablica - ADT Ac\u00fastica Dise\u00f1o Tecnolog\u00eda","robots":{"index":"index","follow":"follow","max-snippet":"max-snippet:-1","max-image-preview":"max-image-preview:large","max-video-preview":"max-video-preview:-1"},"canonical":"https:\/\/adtacustica.com\/?project=55-edificio-de-oficinas-banco-de-la-republica","og_locale":"es_ES","og_type":"article","og_title":"Edificio de Oficinas Banco de la Rep\u00fablica - ADT Ac\u00fastica Dise\u00f1o Tecnolog\u00eda","og_description":"EmpresarialEl\u00a0Edificio del Banco de la Rep\u00fablica\u00a0est\u00e1 ubicado en\u00a0Bogot\u00e1, la capital de\u00a0Colombia. Se encuentra en el centro de la ciudad sobre la esquina nororiental de la\u00a0carrera s\u00e9ptima\u00a0con\u00a0Avenida Jim\u00e9nez de Quesada, en el ala sur de\u00a0Parque Santander. Es la sede nacional y el edificio principal del\u00a0Banco de la Rep\u00fablica de Colombia.","og_url":"https:\/\/adtacustica.com\/?project=55-edificio-de-oficinas-banco-de-la-republica","og_site_name":"ADT Ac\u00fastica Dise\u00f1o Tecnolog\u00eda","article_modified_time":"2024-08-06T15:39:33+00:00","og_image":[{"width":1200,"height":594,"url":"https:\/\/iconods.com\/adt\/wp-content\/uploads\/2024\/07\/web.jpg","type":"image\/jpeg"}],"twitter_card":"summary_large_image","twitter_misc":{"Tiempo de lectura":"1 minuto"},"schema":{"@context":"https:\/\/schema.org","@graph":[{"@type":"WebPage","@id":"https:\/\/adtacustica.com\/?project=55-edificio-de-oficinas-banco-de-la-republica","url":"https:\/\/adtacustica.com\/?project=55-edificio-de-oficinas-banco-de-la-republica","name":"Edificio de Oficinas Banco de la Rep\u00fablica - ADT Ac\u00fastica Dise\u00f1o Tecnolog\u00eda","isPartOf":{"@id":"https:\/\/adtacustica.com\/#website"},"primaryImageOfPage":{"@id":"https:\/\/adtacustica.com\/?project=55-edificio-de-oficinas-banco-de-la-republica#primaryimage"},"image":{"@id":"https:\/\/adtacustica.com\/?project=55-edificio-de-oficinas-banco-de-la-republica#primaryimage"},"thumbnailUrl":"","datePublished":"2024-06-21T03:31:06+00:00","dateModified":"2024-08-06T15:39:33+00:00","breadcrumb":{"@id":"https:\/\/adtacustica.com\/?project=55-edificio-de-oficinas-banco-de-la-republica#breadcrumb"},"inLanguage":"es-CO","potentialAction":[{"@type":"ReadAction","target":["https:\/\/adtacustica.com\/?project=55-edificio-de-oficinas-banco-de-la-republica"]}]},{"@type":"ImageObject","inLanguage":"es-CO","@id":"https:\/\/adtacustica.com\/?project=55-edificio-de-oficinas-banco-de-la-republica#primaryimage","url":"","contentUrl":""},{"@type":"BreadcrumbList","@id":"https:\/\/adtacustica.com\/?project=55-edificio-de-oficinas-banco-de-la-republica#breadcrumb","itemListElement":[{"@type":"ListItem","position":1,"name":"Inicio","item":"https:\/\/adtacustica.com\/"},{"@type":"ListItem","position":2,"name":"Projects","item":"https:\/\/adtacustica.com\/?post_type=project"},{"@type":"ListItem","position":3,"name":"Edificio de Oficinas Banco de la Rep\u00fablica"}]},{"@type":"WebSite","@id":"https:\/\/adtacustica.com\/#website","url":"https:\/\/adtacustica.com\/","name":"ADT Ac\u00fastica","description":"Ac\u00fastica Dise\u00f1o Tecnolog\u00eda","publisher":{"@id":"https:\/\/adtacustica.com\/#organization"},"potentialAction":[{"@type":"SearchAction","target":{"@type":"EntryPoint","urlTemplate":"https:\/\/adtacustica.com\/?s={search_term_string}"},"query-input":{"@type":"PropertyValueSpecification","valueRequired":true,"valueName":"search_term_string"}}],"inLanguage":"es-CO"},{"@type":"Organization","@id":"https:\/\/adtacustica.com\/#organization","name":"ADT Ac\u00fastica Dise\u00f1o Tecnolog\u00eda","alternateName":"ADT","url":"https:\/\/adtacustica.com\/","logo":{"@type":"ImageObject","inLanguage":"es-CO","@id":"https:\/\/adtacustica.com\/#\/schema\/logo\/image\/","url":"https:\/\/iconods.com\/adt\/wp-content\/uploads\/2024\/06\/LogoQuienes.png","contentUrl":"https:\/\/iconods.com\/adt\/wp-content\/uploads\/2024\/06\/LogoQuienes.png","width":574,"height":329,"caption":"ADT Ac\u00fastica Dise\u00f1o Tecnolog\u00eda"},"image":{"@id":"https:\/\/adtacustica.com\/#\/schema\/logo\/image\/"}}]}},"_links":{"self":[{"href":"https:\/\/adtacustica.com\/index.php?rest_route=\/wp\/v2\/project\/788","targetHints":{"allow":["GET"]}}],"collection":[{"href":"https:\/\/adtacustica.com\/index.php?rest_route=\/wp\/v2\/project"}],"about":[{"href":"https:\/\/adtacustica.com\/index.php?rest_route=\/wp\/v2\/types\/project"}],"author":[{"embeddable":true,"href":"https:\/\/adtacustica.com\/index.php?rest_route=\/wp\/v2\/users\/1"}],"replies":[{"embeddable":true,"href":"https:\/\/adtacustica.com\/index.php?rest_route=%2Fwp%2Fv2%2Fcomments&post=788"}],"version-history":[{"count":6,"href":"https:\/\/adtacustica.com\/index.php?rest_route=\/wp\/v2\/project\/788\/revisions"}],"predecessor-version":[{"id":2462,"href":"https:\/\/adtacustica.com\/index.php?rest_route=\/wp\/v2\/project\/788\/revisions\/2462"}],"wp:featuredmedia":[{"embeddable":true,"href":"https:\/\/adtacustica.com\/index.php?rest_route=\/"}],"wp:attachment":[{"href":"https:\/\/adtacustica.com\/index.php?rest_route=%2Fwp%2Fv2%2Fmedia&parent=788"}],"wp:term":[{"taxonomy":"project_category","embeddable":true,"href":"https:\/\/adtacustica.com\/index.php?rest_route=%2Fwp%2Fv2%2Fproject_category&post=788"},{"taxonomy":"project_tag","embeddable":true,"href":"https:\/\/adtacustica.com\/index.php?rest_route=%2Fwp%2Fv2%2Fproject_tag&post=788"}],"curies":[{"name":"wp","href":"https:\/\/api.w.org\/{rel}","templated":true}]}}