{"id":726,"date":"2024-06-20T22:03:12","date_gmt":"2024-06-21T03:03:12","guid":{"rendered":"https:\/\/iconods.com\/adt\/?post_type=project&#038;p=726"},"modified":"2024-08-06T10:40:58","modified_gmt":"2024-08-06T15:40:58","slug":"42-edificio-universidad-ciudad-u-javeriana","status":"publish","type":"project","link":"https:\/\/adtacustica.com\/?project=42-edificio-universidad-ciudad-u-javeriana","title":{"rendered":"Edificio Universidad Ciudad U. Javeriana"},"content":{"rendered":"\n[et_pb_section fb_built=&#8221;1&#8243; _builder_version=&#8221;4.25.2&#8243; _module_preset=&#8221;default&#8221; global_colors_info=&#8221;{}&#8221;][et_pb_row column_structure=&#8221;1_2,1_2&#8243; _builder_version=&#8221;4.25.2&#8243; _module_preset=&#8221;default&#8221; global_colors_info=&#8221;{}&#8221;][et_pb_column type=&#8221;1_2&#8243; _builder_version=&#8221;4.25.2&#8243; _module_preset=&#8221;default&#8221; global_colors_info=&#8221;{}&#8221;][et_pb_text _builder_version=&#8221;4.25.2&#8243; _module_preset=&#8221;default&#8221; global_colors_info=&#8221;{}&#8221;]<p>Educaci\u00f3n<\/p>[\/et_pb_text][et_pb_heading title=&#8221;Edificio Universidad Ciudad U. Javeriana&#8221; _builder_version=&#8221;4.25.2&#8243; _module_preset=&#8221;default&#8221; title_text_color=&#8221;#000000&#8243; global_colors_info=&#8221;{}&#8221;][\/et_pb_heading][et_pb_text _builder_version=&#8221;4.25.2&#8243; _module_preset=&#8221;default&#8221; global_colors_info=&#8221;{}&#8221;]<p><span style=\"color: #000000;\">La\u00a0Pontificia Universidad Javeriana (PUJ), establecida en 1623, es una\u00a0<a href=\"https:\/\/es.wikipedia.org\/wiki\/Universidad_privada\" title=\"Universidad privada\" style=\"color: #000000;\">universidad privada<\/a>\u00a0ubicada en\u00a0<a href=\"https:\/\/es.wikipedia.org\/wiki\/Bogot%C3%A1\" title=\"Bogot\u00e1\" style=\"color: #000000;\">Bogot\u00e1<\/a>\u00a0y\u00a0<a href=\"https:\/\/es.wikipedia.org\/wiki\/Cali\" title=\"Cali\" style=\"color: #000000;\">Cali<\/a>,\u00a0<a href=\"https:\/\/es.wikipedia.org\/wiki\/Colombia\" title=\"Colombia\" style=\"color: #000000;\">Colombia<\/a>. A lo largo de su historia, la PUJ ha mantenido un compromiso constante con la excelencia acad\u00e9mica, obteniendo reconocimientos en clasificaciones nacionales e internacionales. Durante cinco a\u00f1os seguidos (2018-2022), la revista Times Higher Education la clasific\u00f3 como la universidad n\u00famero uno en Colombia, y se coloc\u00f3 en la posici\u00f3n 13 en Am\u00e9rica Latina en la clasificaci\u00f3n\u00a0<a href=\"https:\/\/es.wikipedia.org\/wiki\/QS_World_University_Rankings\" title=\"QS World University Rankings\" style=\"color: #000000;\">QS<\/a>\u00a0de universidades de 2023<a href=\"https:\/\/es.wikipedia.org\/wiki\/Pontificia_Universidad_Javeriana#cite_note-1\" style=\"color: #000000;\">1<\/a>\u200b.<\/span><\/p>[\/et_pb_text][\/et_pb_column][et_pb_column type=&#8221;1_2&#8243; _builder_version=&#8221;4.25.2&#8243; _module_preset=&#8221;default&#8221; global_colors_info=&#8221;{}&#8221;][et_pb_image src=&#8221;https:\/\/iconods.com\/adt\/wp-content\/uploads\/2024\/06\/42.Edificio-Universidad-Ciudad-U.-Javeriana.jpg&#8221; alt=&#8221;Hospital Centro de Tratamiento e Investigaci\u00f3n de C\u00e1ncer&#8221; title_text=&#8221;42.Edificio Universidad Ciudad U. Javeriana&#8221; _builder_version=&#8221;4.25.2&#8243; _module_preset=&#8221;default&#8221; global_colors_info=&#8221;{}&#8221;][\/et_pb_image][\/et_pb_column][\/et_pb_row][\/et_pb_section][et_pb_section fb_built=&#8221;1&#8243; theme_builder_area=&#8221;post_content&#8221; _builder_version=&#8221;4.27.0&#8243; _module_preset=&#8221;default&#8221;][et_pb_row _builder_version=&#8221;4.27.0&#8243; _module_preset=&#8221;default&#8221; theme_builder_area=&#8221;post_content&#8221;][et_pb_column _builder_version=&#8221;4.27.0&#8243; _module_preset=&#8221;default&#8221; type=&#8221;4_4&#8243; theme_builder_area=&#8221;post_content&#8221;][et_pb_gallery _builder_version=&#8221;4.27.0&#8243; _module_preset=&#8221;default&#8221; theme_builder_area=&#8221;post_content&#8221; gallery_ids=&#8221;1732,1733,1734,1735,1736,1737,1738,1739&#8243; show_pagination=&#8221;off&#8221; show_title_and_caption=&#8221;off&#8221; hover_enabled=&#8221;0&#8243; sticky_enabled=&#8221;0&#8243;][\/et_pb_gallery][\/et_pb_column][\/et_pb_row][\/et_pb_section][et_pb_section fb_built=&#8221;1&#8243; _builder_version=&#8221;4.25.2&#8243; _module_preset=&#8221;default&#8221; global_colors_info=&#8221;{}&#8221;][et_pb_row _builder_version=&#8221;4.25.2&#8243; _module_preset=&#8221;default&#8221; global_colors_info=&#8221;{}&#8221;][et_pb_column type=&#8221;4_4&#8243; _builder_version=&#8221;4.25.2&#8243; _module_preset=&#8221;default&#8221; global_colors_info=&#8221;{}&#8221;][et_pb_gallery gallery_ids=&#8221;729,1739,1738,1737,1736,1735,1734,1733,1732&#8243; gallery_orderby=&#8221;rand&#8221; fullwidth=&#8221;on&#8221; _builder_version=&#8221;4.27.0&#8243; _module_preset=&#8221;default&#8221; hover_enabled=&#8221;0&#8243; global_colors_info=&#8221;{}&#8221; sticky_enabled=&#8221;0&#8243;][\/et_pb_gallery][\/et_pb_column][\/et_pb_row][\/et_pb_section]\n","protected":false},"excerpt":{"rendered":"<p>Educaci\u00f3nLa\u00a0Pontificia Universidad Javeriana (PUJ), establecida en 1623, es una\u00a0universidad privada\u00a0ubicada en\u00a0Bogot\u00e1\u00a0y\u00a0Cali,\u00a0Colombia. A lo largo de su historia, la PUJ ha mantenido un compromiso constante con la excelencia acad\u00e9mica, obteniendo reconocimientos en clasificaciones nacionales e internacionales. Durante cinco a\u00f1os seguidos (2018-2022), la revista Times Higher Education la clasific\u00f3 como la universidad n\u00famero uno en Colombia, y se coloc\u00f3 en la posici\u00f3n 13 en Am\u00e9rica Latina en la clasificaci\u00f3n\u00a0QS\u00a0de universidades de 20231\u200b.<\/p>\n","protected":false},"author":1,"featured_media":729,"comment_status":"open","ping_status":"closed","template":"","meta":{"_et_pb_use_builder":"on","_et_pb_old_content":"","_et_gb_content_width":"","footnotes":""},"project_category":[31,30,27],"project_tag":[157],"class_list":["post-726","project","type-project","status-publish","has-post-thumbnail","hentry","project_category-disenos-de-audio-video-e-iluminacion-artistica","project_category-disenos-acusticos","project_category-educativo-proyectos","project_tag-edificio-universidad-ciudad-u-javeriana"],"yoast_head":"<!-- This site is optimized with the Yoast SEO plugin v23.4 - https:\/\/yoast.com\/wordpress\/plugins\/seo\/ -->\n<title>Edificio Universidad Ciudad U. Javeriana - ADT Ac\u00fastica Dise\u00f1o Tecnolog\u00eda<\/title>\n<meta name=\"robots\" content=\"index, follow, max-snippet:-1, max-image-preview:large, max-video-preview:-1\" \/>\n<link rel=\"canonical\" href=\"https:\/\/adtacustica.com\/?project=42-edificio-universidad-ciudad-u-javeriana\" \/>\n<meta property=\"og:locale\" content=\"es_ES\" \/>\n<meta property=\"og:type\" content=\"article\" \/>\n<meta property=\"og:title\" content=\"Edificio Universidad Ciudad U. Javeriana - ADT Ac\u00fastica Dise\u00f1o Tecnolog\u00eda\" \/>\n<meta property=\"og:description\" content=\"Educaci\u00f3nLa\u00a0Pontificia Universidad Javeriana (PUJ), establecida en 1623, es una\u00a0universidad privada\u00a0ubicada en\u00a0Bogot\u00e1\u00a0y\u00a0Cali,\u00a0Colombia. A lo largo de su historia, la PUJ ha mantenido un compromiso constante con la excelencia acad\u00e9mica, obteniendo reconocimientos en clasificaciones nacionales e internacionales. Durante cinco a\u00f1os seguidos (2018-2022), la revista Times Higher Education la clasific\u00f3 como la universidad n\u00famero uno en Colombia, y se coloc\u00f3 en la posici\u00f3n 13 en Am\u00e9rica Latina en la clasificaci\u00f3n\u00a0QS\u00a0de universidades de 20231\u200b.\" \/>\n<meta property=\"og:url\" content=\"https:\/\/adtacustica.com\/?project=42-edificio-universidad-ciudad-u-javeriana\" \/>\n<meta property=\"og:site_name\" content=\"ADT Ac\u00fastica Dise\u00f1o Tecnolog\u00eda\" \/>\n<meta property=\"article:modified_time\" content=\"2024-08-06T15:40:58+00:00\" \/>\n<meta property=\"og:image\" content=\"https:\/\/iconods.com\/adt\/wp-content\/uploads\/2024\/06\/42.Edificio-Universidad-Ciudad-U.-Javeriana.jpg\" \/>\n\t<meta property=\"og:image:width\" content=\"1366\" \/>\n\t<meta property=\"og:image:height\" content=\"768\" \/>\n\t<meta property=\"og:image:type\" content=\"image\/jpeg\" \/>\n<meta name=\"twitter:card\" content=\"summary_large_image\" \/>\n<meta name=\"twitter:label1\" content=\"Tiempo de lectura\" \/>\n\t<meta name=\"twitter:data1\" content=\"2 minutos\" \/>\n<script type=\"application\/ld+json\" class=\"yoast-schema-graph\">{\"@context\":\"https:\/\/schema.org\",\"@graph\":[{\"@type\":\"WebPage\",\"@id\":\"https:\/\/adtacustica.com\/?project=42-edificio-universidad-ciudad-u-javeriana\",\"url\":\"https:\/\/adtacustica.com\/?project=42-edificio-universidad-ciudad-u-javeriana\",\"name\":\"Edificio Universidad Ciudad U. Javeriana - ADT Ac\u00fastica Dise\u00f1o Tecnolog\u00eda\",\"isPartOf\":{\"@id\":\"https:\/\/adtacustica.com\/#website\"},\"primaryImageOfPage\":{\"@id\":\"https:\/\/adtacustica.com\/?project=42-edificio-universidad-ciudad-u-javeriana#primaryimage\"},\"image\":{\"@id\":\"https:\/\/adtacustica.com\/?project=42-edificio-universidad-ciudad-u-javeriana#primaryimage\"},\"thumbnailUrl\":\"https:\/\/iconods.com\/adt\/wp-content\/uploads\/2024\/06\/42.Edificio-Universidad-Ciudad-U.-Javeriana.jpg\",\"datePublished\":\"2024-06-21T03:03:12+00:00\",\"dateModified\":\"2024-08-06T15:40:58+00:00\",\"breadcrumb\":{\"@id\":\"https:\/\/adtacustica.com\/?project=42-edificio-universidad-ciudad-u-javeriana#breadcrumb\"},\"inLanguage\":\"es-CO\",\"potentialAction\":[{\"@type\":\"ReadAction\",\"target\":[\"https:\/\/adtacustica.com\/?project=42-edificio-universidad-ciudad-u-javeriana\"]}]},{\"@type\":\"ImageObject\",\"inLanguage\":\"es-CO\",\"@id\":\"https:\/\/adtacustica.com\/?project=42-edificio-universidad-ciudad-u-javeriana#primaryimage\",\"url\":\"https:\/\/iconods.com\/adt\/wp-content\/uploads\/2024\/06\/42.Edificio-Universidad-Ciudad-U.-Javeriana.jpg\",\"contentUrl\":\"https:\/\/iconods.com\/adt\/wp-content\/uploads\/2024\/06\/42.Edificio-Universidad-Ciudad-U.-Javeriana.jpg\",\"width\":1366,\"height\":768},{\"@type\":\"BreadcrumbList\",\"@id\":\"https:\/\/adtacustica.com\/?project=42-edificio-universidad-ciudad-u-javeriana#breadcrumb\",\"itemListElement\":[{\"@type\":\"ListItem\",\"position\":1,\"name\":\"Inicio\",\"item\":\"https:\/\/adtacustica.com\/\"},{\"@type\":\"ListItem\",\"position\":2,\"name\":\"Projects\",\"item\":\"https:\/\/adtacustica.com\/?post_type=project\"},{\"@type\":\"ListItem\",\"position\":3,\"name\":\"Edificio Universidad Ciudad U. Javeriana\"}]},{\"@type\":\"WebSite\",\"@id\":\"https:\/\/adtacustica.com\/#website\",\"url\":\"https:\/\/adtacustica.com\/\",\"name\":\"ADT Ac\u00fastica\",\"description\":\"Ac\u00fastica Dise\u00f1o Tecnolog\u00eda\",\"publisher\":{\"@id\":\"https:\/\/adtacustica.com\/#organization\"},\"potentialAction\":[{\"@type\":\"SearchAction\",\"target\":{\"@type\":\"EntryPoint\",\"urlTemplate\":\"https:\/\/adtacustica.com\/?s={search_term_string}\"},\"query-input\":{\"@type\":\"PropertyValueSpecification\",\"valueRequired\":true,\"valueName\":\"search_term_string\"}}],\"inLanguage\":\"es-CO\"},{\"@type\":\"Organization\",\"@id\":\"https:\/\/adtacustica.com\/#organization\",\"name\":\"ADT Ac\u00fastica Dise\u00f1o Tecnolog\u00eda\",\"alternateName\":\"ADT\",\"url\":\"https:\/\/adtacustica.com\/\",\"logo\":{\"@type\":\"ImageObject\",\"inLanguage\":\"es-CO\",\"@id\":\"https:\/\/adtacustica.com\/#\/schema\/logo\/image\/\",\"url\":\"https:\/\/iconods.com\/adt\/wp-content\/uploads\/2024\/06\/LogoQuienes.png\",\"contentUrl\":\"https:\/\/iconods.com\/adt\/wp-content\/uploads\/2024\/06\/LogoQuienes.png\",\"width\":574,\"height\":329,\"caption\":\"ADT Ac\u00fastica Dise\u00f1o Tecnolog\u00eda\"},\"image\":{\"@id\":\"https:\/\/adtacustica.com\/#\/schema\/logo\/image\/\"}}]}<\/script>\n<!-- \/ Yoast SEO plugin. -->","yoast_head_json":{"title":"Edificio Universidad Ciudad U. Javeriana - ADT Ac\u00fastica Dise\u00f1o Tecnolog\u00eda","robots":{"index":"index","follow":"follow","max-snippet":"max-snippet:-1","max-image-preview":"max-image-preview:large","max-video-preview":"max-video-preview:-1"},"canonical":"https:\/\/adtacustica.com\/?project=42-edificio-universidad-ciudad-u-javeriana","og_locale":"es_ES","og_type":"article","og_title":"Edificio Universidad Ciudad U. Javeriana - ADT Ac\u00fastica Dise\u00f1o Tecnolog\u00eda","og_description":"Educaci\u00f3nLa\u00a0Pontificia Universidad Javeriana (PUJ), establecida en 1623, es una\u00a0universidad privada\u00a0ubicada en\u00a0Bogot\u00e1\u00a0y\u00a0Cali,\u00a0Colombia. A lo largo de su historia, la PUJ ha mantenido un compromiso constante con la excelencia acad\u00e9mica, obteniendo reconocimientos en clasificaciones nacionales e internacionales. Durante cinco a\u00f1os seguidos (2018-2022), la revista Times Higher Education la clasific\u00f3 como la universidad n\u00famero uno en Colombia, y se coloc\u00f3 en la posici\u00f3n 13 en Am\u00e9rica Latina en la clasificaci\u00f3n\u00a0QS\u00a0de universidades de 20231\u200b.","og_url":"https:\/\/adtacustica.com\/?project=42-edificio-universidad-ciudad-u-javeriana","og_site_name":"ADT Ac\u00fastica Dise\u00f1o Tecnolog\u00eda","article_modified_time":"2024-08-06T15:40:58+00:00","og_image":[{"width":1366,"height":768,"url":"https:\/\/iconods.com\/adt\/wp-content\/uploads\/2024\/06\/42.Edificio-Universidad-Ciudad-U.-Javeriana.jpg","type":"image\/jpeg"}],"twitter_card":"summary_large_image","twitter_misc":{"Tiempo de lectura":"2 minutos"},"schema":{"@context":"https:\/\/schema.org","@graph":[{"@type":"WebPage","@id":"https:\/\/adtacustica.com\/?project=42-edificio-universidad-ciudad-u-javeriana","url":"https:\/\/adtacustica.com\/?project=42-edificio-universidad-ciudad-u-javeriana","name":"Edificio Universidad Ciudad U. Javeriana - ADT Ac\u00fastica Dise\u00f1o Tecnolog\u00eda","isPartOf":{"@id":"https:\/\/adtacustica.com\/#website"},"primaryImageOfPage":{"@id":"https:\/\/adtacustica.com\/?project=42-edificio-universidad-ciudad-u-javeriana#primaryimage"},"image":{"@id":"https:\/\/adtacustica.com\/?project=42-edificio-universidad-ciudad-u-javeriana#primaryimage"},"thumbnailUrl":"https:\/\/iconods.com\/adt\/wp-content\/uploads\/2024\/06\/42.Edificio-Universidad-Ciudad-U.-Javeriana.jpg","datePublished":"2024-06-21T03:03:12+00:00","dateModified":"2024-08-06T15:40:58+00:00","breadcrumb":{"@id":"https:\/\/adtacustica.com\/?project=42-edificio-universidad-ciudad-u-javeriana#breadcrumb"},"inLanguage":"es-CO","potentialAction":[{"@type":"ReadAction","target":["https:\/\/adtacustica.com\/?project=42-edificio-universidad-ciudad-u-javeriana"]}]},{"@type":"ImageObject","inLanguage":"es-CO","@id":"https:\/\/adtacustica.com\/?project=42-edificio-universidad-ciudad-u-javeriana#primaryimage","url":"https:\/\/iconods.com\/adt\/wp-content\/uploads\/2024\/06\/42.Edificio-Universidad-Ciudad-U.-Javeriana.jpg","contentUrl":"https:\/\/iconods.com\/adt\/wp-content\/uploads\/2024\/06\/42.Edificio-Universidad-Ciudad-U.-Javeriana.jpg","width":1366,"height":768},{"@type":"BreadcrumbList","@id":"https:\/\/adtacustica.com\/?project=42-edificio-universidad-ciudad-u-javeriana#breadcrumb","itemListElement":[{"@type":"ListItem","position":1,"name":"Inicio","item":"https:\/\/adtacustica.com\/"},{"@type":"ListItem","position":2,"name":"Projects","item":"https:\/\/adtacustica.com\/?post_type=project"},{"@type":"ListItem","position":3,"name":"Edificio Universidad Ciudad U. Javeriana"}]},{"@type":"WebSite","@id":"https:\/\/adtacustica.com\/#website","url":"https:\/\/adtacustica.com\/","name":"ADT Ac\u00fastica","description":"Ac\u00fastica Dise\u00f1o Tecnolog\u00eda","publisher":{"@id":"https:\/\/adtacustica.com\/#organization"},"potentialAction":[{"@type":"SearchAction","target":{"@type":"EntryPoint","urlTemplate":"https:\/\/adtacustica.com\/?s={search_term_string}"},"query-input":{"@type":"PropertyValueSpecification","valueRequired":true,"valueName":"search_term_string"}}],"inLanguage":"es-CO"},{"@type":"Organization","@id":"https:\/\/adtacustica.com\/#organization","name":"ADT Ac\u00fastica Dise\u00f1o Tecnolog\u00eda","alternateName":"ADT","url":"https:\/\/adtacustica.com\/","logo":{"@type":"ImageObject","inLanguage":"es-CO","@id":"https:\/\/adtacustica.com\/#\/schema\/logo\/image\/","url":"https:\/\/iconods.com\/adt\/wp-content\/uploads\/2024\/06\/LogoQuienes.png","contentUrl":"https:\/\/iconods.com\/adt\/wp-content\/uploads\/2024\/06\/LogoQuienes.png","width":574,"height":329,"caption":"ADT Ac\u00fastica Dise\u00f1o Tecnolog\u00eda"},"image":{"@id":"https:\/\/adtacustica.com\/#\/schema\/logo\/image\/"}}]}},"_links":{"self":[{"href":"https:\/\/adtacustica.com\/index.php?rest_route=\/wp\/v2\/project\/726","targetHints":{"allow":["GET"]}}],"collection":[{"href":"https:\/\/adtacustica.com\/index.php?rest_route=\/wp\/v2\/project"}],"about":[{"href":"https:\/\/adtacustica.com\/index.php?rest_route=\/wp\/v2\/types\/project"}],"author":[{"embeddable":true,"href":"https:\/\/adtacustica.com\/index.php?rest_route=\/wp\/v2\/users\/1"}],"replies":[{"embeddable":true,"href":"https:\/\/adtacustica.com\/index.php?rest_route=%2Fwp%2Fv2%2Fcomments&post=726"}],"version-history":[{"count":7,"href":"https:\/\/adtacustica.com\/index.php?rest_route=\/wp\/v2\/project\/726\/revisions"}],"predecessor-version":[{"id":2475,"href":"https:\/\/adtacustica.com\/index.php?rest_route=\/wp\/v2\/project\/726\/revisions\/2475"}],"wp:featuredmedia":[{"embeddable":true,"href":"https:\/\/adtacustica.com\/index.php?rest_route=\/wp\/v2\/media\/729"}],"wp:attachment":[{"href":"https:\/\/adtacustica.com\/index.php?rest_route=%2Fwp%2Fv2%2Fmedia&parent=726"}],"wp:term":[{"taxonomy":"project_category","embeddable":true,"href":"https:\/\/adtacustica.com\/index.php?rest_route=%2Fwp%2Fv2%2Fproject_category&post=726"},{"taxonomy":"project_tag","embeddable":true,"href":"https:\/\/adtacustica.com\/index.php?rest_route=%2Fwp%2Fv2%2Fproject_tag&post=726"}],"curies":[{"name":"wp","href":"https:\/\/api.w.org\/{rel}","templated":true}]}}