{"id":710,"date":"2024-06-20T21:45:20","date_gmt":"2024-06-21T02:45:20","guid":{"rendered":"https:\/\/iconods.com\/adt\/?post_type=project&#038;p=710"},"modified":"2024-08-06T10:41:28","modified_gmt":"2024-08-06T15:41:28","slug":"38-cafeteria-colegio-los-nogales-1","status":"publish","type":"project","link":"https:\/\/adtacustica.com\/?project=38-cafeteria-colegio-los-nogales-1","title":{"rendered":"Cafeter\u00eda Colegio Los Nogales"},"content":{"rendered":"<p>[et_pb_section fb_built=&#8221;1&#8243; _builder_version=&#8221;4.25.2&#8243; _module_preset=&#8221;default&#8221; global_colors_info=&#8221;{}&#8221;][et_pb_row column_structure=&#8221;1_2,1_2&#8243; _builder_version=&#8221;4.25.2&#8243; _module_preset=&#8221;default&#8221; global_colors_info=&#8221;{}&#8221;][et_pb_column type=&#8221;1_2&#8243; _builder_version=&#8221;4.25.2&#8243; _module_preset=&#8221;default&#8221; global_colors_info=&#8221;{}&#8221;][et_pb_text _builder_version=&#8221;4.25.2&#8243; _module_preset=&#8221;default&#8221; global_colors_info=&#8221;{}&#8221;]<\/p>\n<p>Educaci\u00f3n<\/p>\n<p>[\/et_pb_text][et_pb_heading title=&#8221;Cafeter\u00eda Colegio Los Nogales&#8221; _builder_version=&#8221;4.25.2&#8243; _module_preset=&#8221;default&#8221; title_text_color=&#8221;#000000&#8243; hover_enabled=&#8221;0&#8243; global_colors_info=&#8221;{}&#8221; sticky_enabled=&#8221;0&#8243;][\/et_pb_heading][et_pb_text _builder_version=&#8221;4.25.2&#8243; _module_preset=&#8221;default&#8221; hover_enabled=&#8221;0&#8243; sticky_enabled=&#8221;0&#8243;]<\/p>\n<p>Hoy el\u00a0Colegio Los Nogales\u00a0es una Corporaci\u00f3n de educaci\u00f3n privada, sin \u00e1nimo de lucro, Calendario B, mixto, biling\u00fce espa\u00f1ol-ingl\u00e9s, con tercera lengua (franc\u00e9s o portugu\u00e9s), abierto a la diversidad y colombiano con perspectiva global que ofrece los cursos desde prejard\u00edn hasta\u00a0<span jsaction=\"click:sKUsF\" role=\"tooltip\" tabindex=\"0\"><g-bubble jscontroller=\"QVaUhf\" data-ci=\"\" data-du=\"200\" data-tp=\"5\" jsaction=\"R9S7w:VqIRre;\" jsshadow=\"\"><span jsname=\"d6wfac\" data-enable-toggle-animation=\"true\" data-extra-container-classes=\"ZLo7Eb\" data-hover-hide-delay=\"1000\" data-hover-open-delay=\"500\" data-send-open-event=\"true\" data-theme=\"0\" data-width=\"250\" role=\"button\" jsaction=\"vQLyHf\" jsslot=\"\" data-ved=\"2ahUKEwj6gbHJm4yHAxWfSjABHWUzAakQmpgGegQIHBAD\" tabindex=\"0\"><span jsname=\"ukx3I\" data-bubble-link=\"\" data-segment-text=\"grado 11\">grado 11<\/span><\/span><\/g-bubble><\/span>.<\/p>\n<p>[\/et_pb_text][\/et_pb_column][et_pb_column type=&#8221;1_2&#8243; _builder_version=&#8221;4.25.2&#8243; _module_preset=&#8221;default&#8221; global_colors_info=&#8221;{}&#8221;][et_pb_image src=&#8221;https:\/\/iconods.com\/adt\/wp-content\/uploads\/2024\/06\/38.-Cafeteria-Colegio-los-nogales.jpg&#8221; alt=&#8221;Hospital Centro de Tratamiento e Investigaci\u00f3n de C\u00e1ncer&#8221; title_text=&#8221;38. Cafeteria Colegio los nogales&#8221; _builder_version=&#8221;4.25.2&#8243; _module_preset=&#8221;default&#8221; global_colors_info=&#8221;{}&#8221;][\/et_pb_image][\/et_pb_column][\/et_pb_row][\/et_pb_section][et_pb_section fb_built=&#8221;1&#8243; _builder_version=&#8221;4.25.2&#8243; _module_preset=&#8221;default&#8221; global_colors_info=&#8221;{}&#8221;][et_pb_row _builder_version=&#8221;4.25.2&#8243; _module_preset=&#8221;default&#8221; global_colors_info=&#8221;{}&#8221;][et_pb_column type=&#8221;4_4&#8243; _builder_version=&#8221;4.25.2&#8243; _module_preset=&#8221;default&#8221; global_colors_info=&#8221;{}&#8221;][et_pb_gallery gallery_ids=&#8221;711&#8243; gallery_orderby=&#8221;rand&#8221; fullwidth=&#8221;on&#8221; _builder_version=&#8221;4.25.2&#8243; _module_preset=&#8221;default&#8221; global_colors_info=&#8221;{}&#8221;][\/et_pb_gallery][\/et_pb_column][\/et_pb_row][\/et_pb_section]<\/p>\n","protected":false},"excerpt":{"rendered":"<p>Educaci\u00f3nHoy el\u00a0Colegio Los Nogales\u00a0es una Corporaci\u00f3n de educaci\u00f3n privada, sin \u00e1nimo de lucro, Calendario B, mixto, biling\u00fce espa\u00f1ol-ingl\u00e9s, con tercera lengua (franc\u00e9s o portugu\u00e9s), abierto a la diversidad y colombiano con perspectiva global que ofrece los cursos desde prejard\u00edn hasta\u00a0grado 11.<\/p>\n","protected":false},"author":1,"featured_media":711,"comment_status":"open","ping_status":"closed","template":"","meta":{"_et_pb_use_builder":"on","_et_pb_old_content":"","_et_gb_content_width":"","footnotes":""},"project_category":[31,30,27],"project_tag":[159],"class_list":["post-710","project","type-project","status-publish","has-post-thumbnail","hentry","project_category-disenos-de-audio-video-e-iluminacion-artistica","project_category-disenos-acusticos","project_category-educativo-proyectos","project_tag-universidad-lasalle-college"],"yoast_head":"<!-- This site is optimized with the Yoast SEO plugin v23.4 - https:\/\/yoast.com\/wordpress\/plugins\/seo\/ -->\n<title>Cafeter\u00eda Colegio Los Nogales - ADT Ac\u00fastica Dise\u00f1o Tecnolog\u00eda<\/title>\n<meta name=\"robots\" content=\"index, follow, max-snippet:-1, max-image-preview:large, max-video-preview:-1\" \/>\n<link rel=\"canonical\" href=\"https:\/\/adtacustica.com\/?project=38-cafeteria-colegio-los-nogales-1\" \/>\n<meta property=\"og:locale\" content=\"es_ES\" \/>\n<meta property=\"og:type\" content=\"article\" \/>\n<meta property=\"og:title\" content=\"Cafeter\u00eda Colegio Los Nogales - ADT Ac\u00fastica Dise\u00f1o Tecnolog\u00eda\" \/>\n<meta property=\"og:description\" content=\"Educaci\u00f3nHoy el\u00a0Colegio Los Nogales\u00a0es una Corporaci\u00f3n de educaci\u00f3n privada, sin \u00e1nimo de lucro, Calendario B, mixto, biling\u00fce espa\u00f1ol-ingl\u00e9s, con tercera lengua (franc\u00e9s o portugu\u00e9s), abierto a la diversidad y colombiano con perspectiva global que ofrece los cursos desde prejard\u00edn hasta\u00a0grado 11.\" \/>\n<meta property=\"og:url\" content=\"https:\/\/adtacustica.com\/?project=38-cafeteria-colegio-los-nogales-1\" \/>\n<meta property=\"og:site_name\" content=\"ADT Ac\u00fastica Dise\u00f1o Tecnolog\u00eda\" \/>\n<meta property=\"article:modified_time\" content=\"2024-08-06T15:41:28+00:00\" \/>\n<meta property=\"og:image\" content=\"https:\/\/iconods.com\/adt\/wp-content\/uploads\/2024\/06\/38.-Cafeteria-Colegio-los-nogales-1.jpg\" \/>\n\t<meta property=\"og:image:width\" content=\"1366\" \/>\n\t<meta property=\"og:image:height\" content=\"768\" \/>\n\t<meta property=\"og:image:type\" content=\"image\/jpeg\" \/>\n<meta name=\"twitter:card\" content=\"summary_large_image\" \/>\n<meta name=\"twitter:label1\" content=\"Tiempo de lectura\" \/>\n\t<meta name=\"twitter:data1\" content=\"1 minuto\" \/>\n<script type=\"application\/ld+json\" class=\"yoast-schema-graph\">{\"@context\":\"https:\/\/schema.org\",\"@graph\":[{\"@type\":\"WebPage\",\"@id\":\"https:\/\/adtacustica.com\/?project=38-cafeteria-colegio-los-nogales-1\",\"url\":\"https:\/\/adtacustica.com\/?project=38-cafeteria-colegio-los-nogales-1\",\"name\":\"Cafeter\u00eda Colegio Los Nogales - ADT Ac\u00fastica Dise\u00f1o Tecnolog\u00eda\",\"isPartOf\":{\"@id\":\"https:\/\/adtacustica.com\/#website\"},\"primaryImageOfPage\":{\"@id\":\"https:\/\/adtacustica.com\/?project=38-cafeteria-colegio-los-nogales-1#primaryimage\"},\"image\":{\"@id\":\"https:\/\/adtacustica.com\/?project=38-cafeteria-colegio-los-nogales-1#primaryimage\"},\"thumbnailUrl\":\"https:\/\/iconods.com\/adt\/wp-content\/uploads\/2024\/06\/38.-Cafeteria-Colegio-los-nogales-1.jpg\",\"datePublished\":\"2024-06-21T02:45:20+00:00\",\"dateModified\":\"2024-08-06T15:41:28+00:00\",\"breadcrumb\":{\"@id\":\"https:\/\/adtacustica.com\/?project=38-cafeteria-colegio-los-nogales-1#breadcrumb\"},\"inLanguage\":\"es-CO\",\"potentialAction\":[{\"@type\":\"ReadAction\",\"target\":[\"https:\/\/adtacustica.com\/?project=38-cafeteria-colegio-los-nogales-1\"]}]},{\"@type\":\"ImageObject\",\"inLanguage\":\"es-CO\",\"@id\":\"https:\/\/adtacustica.com\/?project=38-cafeteria-colegio-los-nogales-1#primaryimage\",\"url\":\"https:\/\/iconods.com\/adt\/wp-content\/uploads\/2024\/06\/38.-Cafeteria-Colegio-los-nogales-1.jpg\",\"contentUrl\":\"https:\/\/iconods.com\/adt\/wp-content\/uploads\/2024\/06\/38.-Cafeteria-Colegio-los-nogales-1.jpg\",\"width\":1366,\"height\":768},{\"@type\":\"BreadcrumbList\",\"@id\":\"https:\/\/adtacustica.com\/?project=38-cafeteria-colegio-los-nogales-1#breadcrumb\",\"itemListElement\":[{\"@type\":\"ListItem\",\"position\":1,\"name\":\"Inicio\",\"item\":\"https:\/\/adtacustica.com\/\"},{\"@type\":\"ListItem\",\"position\":2,\"name\":\"Projects\",\"item\":\"https:\/\/adtacustica.com\/?post_type=project\"},{\"@type\":\"ListItem\",\"position\":3,\"name\":\"Cafeter\u00eda Colegio Los Nogales\"}]},{\"@type\":\"WebSite\",\"@id\":\"https:\/\/adtacustica.com\/#website\",\"url\":\"https:\/\/adtacustica.com\/\",\"name\":\"ADT Ac\u00fastica\",\"description\":\"Ac\u00fastica Dise\u00f1o Tecnolog\u00eda\",\"publisher\":{\"@id\":\"https:\/\/adtacustica.com\/#organization\"},\"potentialAction\":[{\"@type\":\"SearchAction\",\"target\":{\"@type\":\"EntryPoint\",\"urlTemplate\":\"https:\/\/adtacustica.com\/?s={search_term_string}\"},\"query-input\":{\"@type\":\"PropertyValueSpecification\",\"valueRequired\":true,\"valueName\":\"search_term_string\"}}],\"inLanguage\":\"es-CO\"},{\"@type\":\"Organization\",\"@id\":\"https:\/\/adtacustica.com\/#organization\",\"name\":\"ADT Ac\u00fastica Dise\u00f1o Tecnolog\u00eda\",\"alternateName\":\"ADT\",\"url\":\"https:\/\/adtacustica.com\/\",\"logo\":{\"@type\":\"ImageObject\",\"inLanguage\":\"es-CO\",\"@id\":\"https:\/\/adtacustica.com\/#\/schema\/logo\/image\/\",\"url\":\"https:\/\/iconods.com\/adt\/wp-content\/uploads\/2024\/06\/LogoQuienes.png\",\"contentUrl\":\"https:\/\/iconods.com\/adt\/wp-content\/uploads\/2024\/06\/LogoQuienes.png\",\"width\":574,\"height\":329,\"caption\":\"ADT Ac\u00fastica Dise\u00f1o Tecnolog\u00eda\"},\"image\":{\"@id\":\"https:\/\/adtacustica.com\/#\/schema\/logo\/image\/\"}}]}<\/script>\n<!-- \/ Yoast SEO plugin. -->","yoast_head_json":{"title":"Cafeter\u00eda Colegio Los Nogales - ADT Ac\u00fastica Dise\u00f1o Tecnolog\u00eda","robots":{"index":"index","follow":"follow","max-snippet":"max-snippet:-1","max-image-preview":"max-image-preview:large","max-video-preview":"max-video-preview:-1"},"canonical":"https:\/\/adtacustica.com\/?project=38-cafeteria-colegio-los-nogales-1","og_locale":"es_ES","og_type":"article","og_title":"Cafeter\u00eda Colegio Los Nogales - ADT Ac\u00fastica Dise\u00f1o Tecnolog\u00eda","og_description":"Educaci\u00f3nHoy el\u00a0Colegio Los Nogales\u00a0es una Corporaci\u00f3n de educaci\u00f3n privada, sin \u00e1nimo de lucro, Calendario B, mixto, biling\u00fce espa\u00f1ol-ingl\u00e9s, con tercera lengua (franc\u00e9s o portugu\u00e9s), abierto a la diversidad y colombiano con perspectiva global que ofrece los cursos desde prejard\u00edn hasta\u00a0grado 11.","og_url":"https:\/\/adtacustica.com\/?project=38-cafeteria-colegio-los-nogales-1","og_site_name":"ADT Ac\u00fastica Dise\u00f1o Tecnolog\u00eda","article_modified_time":"2024-08-06T15:41:28+00:00","og_image":[{"width":1366,"height":768,"url":"https:\/\/iconods.com\/adt\/wp-content\/uploads\/2024\/06\/38.-Cafeteria-Colegio-los-nogales-1.jpg","type":"image\/jpeg"}],"twitter_card":"summary_large_image","twitter_misc":{"Tiempo de lectura":"1 minuto"},"schema":{"@context":"https:\/\/schema.org","@graph":[{"@type":"WebPage","@id":"https:\/\/adtacustica.com\/?project=38-cafeteria-colegio-los-nogales-1","url":"https:\/\/adtacustica.com\/?project=38-cafeteria-colegio-los-nogales-1","name":"Cafeter\u00eda Colegio Los Nogales - ADT Ac\u00fastica Dise\u00f1o Tecnolog\u00eda","isPartOf":{"@id":"https:\/\/adtacustica.com\/#website"},"primaryImageOfPage":{"@id":"https:\/\/adtacustica.com\/?project=38-cafeteria-colegio-los-nogales-1#primaryimage"},"image":{"@id":"https:\/\/adtacustica.com\/?project=38-cafeteria-colegio-los-nogales-1#primaryimage"},"thumbnailUrl":"https:\/\/iconods.com\/adt\/wp-content\/uploads\/2024\/06\/38.-Cafeteria-Colegio-los-nogales-1.jpg","datePublished":"2024-06-21T02:45:20+00:00","dateModified":"2024-08-06T15:41:28+00:00","breadcrumb":{"@id":"https:\/\/adtacustica.com\/?project=38-cafeteria-colegio-los-nogales-1#breadcrumb"},"inLanguage":"es-CO","potentialAction":[{"@type":"ReadAction","target":["https:\/\/adtacustica.com\/?project=38-cafeteria-colegio-los-nogales-1"]}]},{"@type":"ImageObject","inLanguage":"es-CO","@id":"https:\/\/adtacustica.com\/?project=38-cafeteria-colegio-los-nogales-1#primaryimage","url":"https:\/\/iconods.com\/adt\/wp-content\/uploads\/2024\/06\/38.-Cafeteria-Colegio-los-nogales-1.jpg","contentUrl":"https:\/\/iconods.com\/adt\/wp-content\/uploads\/2024\/06\/38.-Cafeteria-Colegio-los-nogales-1.jpg","width":1366,"height":768},{"@type":"BreadcrumbList","@id":"https:\/\/adtacustica.com\/?project=38-cafeteria-colegio-los-nogales-1#breadcrumb","itemListElement":[{"@type":"ListItem","position":1,"name":"Inicio","item":"https:\/\/adtacustica.com\/"},{"@type":"ListItem","position":2,"name":"Projects","item":"https:\/\/adtacustica.com\/?post_type=project"},{"@type":"ListItem","position":3,"name":"Cafeter\u00eda Colegio Los Nogales"}]},{"@type":"WebSite","@id":"https:\/\/adtacustica.com\/#website","url":"https:\/\/adtacustica.com\/","name":"ADT Ac\u00fastica","description":"Ac\u00fastica Dise\u00f1o Tecnolog\u00eda","publisher":{"@id":"https:\/\/adtacustica.com\/#organization"},"potentialAction":[{"@type":"SearchAction","target":{"@type":"EntryPoint","urlTemplate":"https:\/\/adtacustica.com\/?s={search_term_string}"},"query-input":{"@type":"PropertyValueSpecification","valueRequired":true,"valueName":"search_term_string"}}],"inLanguage":"es-CO"},{"@type":"Organization","@id":"https:\/\/adtacustica.com\/#organization","name":"ADT Ac\u00fastica Dise\u00f1o Tecnolog\u00eda","alternateName":"ADT","url":"https:\/\/adtacustica.com\/","logo":{"@type":"ImageObject","inLanguage":"es-CO","@id":"https:\/\/adtacustica.com\/#\/schema\/logo\/image\/","url":"https:\/\/iconods.com\/adt\/wp-content\/uploads\/2024\/06\/LogoQuienes.png","contentUrl":"https:\/\/iconods.com\/adt\/wp-content\/uploads\/2024\/06\/LogoQuienes.png","width":574,"height":329,"caption":"ADT Ac\u00fastica Dise\u00f1o Tecnolog\u00eda"},"image":{"@id":"https:\/\/adtacustica.com\/#\/schema\/logo\/image\/"}}]}},"_links":{"self":[{"href":"https:\/\/adtacustica.com\/index.php?rest_route=\/wp\/v2\/project\/710","targetHints":{"allow":["GET"]}}],"collection":[{"href":"https:\/\/adtacustica.com\/index.php?rest_route=\/wp\/v2\/project"}],"about":[{"href":"https:\/\/adtacustica.com\/index.php?rest_route=\/wp\/v2\/types\/project"}],"author":[{"embeddable":true,"href":"https:\/\/adtacustica.com\/index.php?rest_route=\/wp\/v2\/users\/1"}],"replies":[{"embeddable":true,"href":"https:\/\/adtacustica.com\/index.php?rest_route=%2Fwp%2Fv2%2Fcomments&post=710"}],"version-history":[{"count":8,"href":"https:\/\/adtacustica.com\/index.php?rest_route=\/wp\/v2\/project\/710\/revisions"}],"predecessor-version":[{"id":2479,"href":"https:\/\/adtacustica.com\/index.php?rest_route=\/wp\/v2\/project\/710\/revisions\/2479"}],"wp:featuredmedia":[{"embeddable":true,"href":"https:\/\/adtacustica.com\/index.php?rest_route=\/wp\/v2\/media\/711"}],"wp:attachment":[{"href":"https:\/\/adtacustica.com\/index.php?rest_route=%2Fwp%2Fv2%2Fmedia&parent=710"}],"wp:term":[{"taxonomy":"project_category","embeddable":true,"href":"https:\/\/adtacustica.com\/index.php?rest_route=%2Fwp%2Fv2%2Fproject_category&post=710"},{"taxonomy":"project_tag","embeddable":true,"href":"https:\/\/adtacustica.com\/index.php?rest_route=%2Fwp%2Fv2%2Fproject_tag&post=710"}],"curies":[{"name":"wp","href":"https:\/\/api.w.org\/{rel}","templated":true}]}}