{"id":475,"date":"2024-06-18T21:22:20","date_gmt":"2024-06-19T02:22:20","guid":{"rendered":"https:\/\/iconods.com\/adt\/?post_type=project&#038;p=475"},"modified":"2024-08-06T10:45:44","modified_gmt":"2024-08-06T15:45:44","slug":"475","status":"publish","type":"project","link":"https:\/\/adtacustica.com\/?project=475","title":{"rendered":"Parque Biblioteca San Antonio \u2013 Teatro, escuela de m\u00fasica y Biblioteca"},"content":{"rendered":"<p>[et_pb_section fb_built=&#8221;1&#8243; _builder_version=&#8221;4.25.2&#8243; _module_preset=&#8221;default&#8221; global_colors_info=&#8221;{}&#8221;][et_pb_row column_structure=&#8221;1_2,1_2&#8243; _builder_version=&#8221;4.25.2&#8243; _module_preset=&#8221;default&#8221; global_colors_info=&#8221;{}&#8221;][et_pb_column type=&#8221;1_2&#8243; _builder_version=&#8221;4.25.2&#8243; _module_preset=&#8221;default&#8221; global_colors_info=&#8221;{}&#8221;][et_pb_text _builder_version=&#8221;4.25.2&#8243; _module_preset=&#8221;default&#8221; hover_enabled=&#8221;0&#8243; global_colors_info=&#8221;{}&#8221; sticky_enabled=&#8221;0&#8243;]<\/p>\n<p>Cultural y Teatro<\/p>\n<p>[\/et_pb_text][et_pb_heading title=&#8221;Parque Biblioteca Jos\u00e9 Horacio Betancur, San Antonio de prado&#8221; _builder_version=&#8221;4.25.2&#8243; _module_preset=&#8221;default&#8221; title_text_color=&#8221;#000000&#8243; global_colors_info=&#8221;{}&#8221;][\/et_pb_heading][et_pb_text _builder_version=&#8221;4.25.2&#8243; _module_preset=&#8221;default&#8221; hover_enabled=&#8221;0&#8243; global_colors_info=&#8221;{}&#8221; sticky_enabled=&#8221;0&#8243;]<\/p>\n<p><span>El Sistema de Bibliotecas P\u00fablicas de Medell\u00edn, tiene entre sus prop\u00f3sitos\u00a0 garantizar el libre acceso a la informaci\u00f3n, a la lectura, a la escritura, al conocimiento, al pensamiento y al disfrute de la cultura, de todos los ciudadanos, propiciando una participaci\u00f3n activa en las diferentes etapas de la vida para aportar\u00a0 a la consolidaci\u00f3n de una sociedad que reconoce sus condiciones socioculturales, interact\u00faa con otras culturas, capaz de usar y generar informaci\u00f3n y conocimiento para transformar su vida y su entorno\u00a0 con esp\u00edritu\u00a0 participativo y\u00a0 democr\u00e1tico.<\/span><\/p>\n<p>[\/et_pb_text][\/et_pb_column][et_pb_column type=&#8221;1_2&#8243; _builder_version=&#8221;4.25.2&#8243; _module_preset=&#8221;default&#8221; global_colors_info=&#8221;{}&#8221;][et_pb_image src=&#8221;https:\/\/iconods.com\/adt\/wp-content\/uploads\/2024\/06\/6.Parque-Biblioteca-San-Antonio-\u2013-Teatro-escuela-de-musica-y-Biblioteca.jpg&#8221; alt=&#8221;Hospital Centro de Tratamiento e Investigaci\u00f3n de C\u00e1ncer&#8221; title_text=&#8221;6.Parque Biblioteca San Antonio \u2013 Teatro, escuela de m\u00fasica y Biblioteca&#8221; _builder_version=&#8221;4.25.2&#8243; _module_preset=&#8221;default&#8221; global_colors_info=&#8221;{}&#8221;][\/et_pb_image][\/et_pb_column][\/et_pb_row][\/et_pb_section][et_pb_section fb_built=&#8221;1&#8243; admin_label=&#8221;Section&#8221; _builder_version=&#8221;4.25.2&#8243; _module_preset=&#8221;default&#8221; global_colors_info=&#8221;{}&#8221;][et_pb_row _builder_version=&#8221;4.25.2&#8243; _module_preset=&#8221;default&#8221; global_colors_info=&#8221;{}&#8221;][et_pb_column type=&#8221;4_4&#8243; admin_label=&#8221;Column&#8221; _builder_version=&#8221;4.25.2&#8243; _module_preset=&#8221;default&#8221; global_colors_info=&#8221;{}&#8221;][et_pb_gallery gallery_ids=&#8221;480,479,478&#8243; gallery_orderby=&#8221;rand&#8221; show_title_and_caption=&#8221;off&#8221; show_pagination=&#8221;off&#8221; admin_label=&#8221;Gallery&#8221; _builder_version=&#8221;4.25.2&#8243; _module_preset=&#8221;default&#8221; global_colors_info=&#8221;{}&#8221;][\/et_pb_gallery][\/et_pb_column][\/et_pb_row][\/et_pb_section][et_pb_section fb_built=&#8221;1&#8243; _builder_version=&#8221;4.25.2&#8243; _module_preset=&#8221;default&#8221; global_colors_info=&#8221;{}&#8221;][et_pb_row _builder_version=&#8221;4.25.2&#8243; _module_preset=&#8221;default&#8221; global_colors_info=&#8221;{}&#8221;][et_pb_column type=&#8221;4_4&#8243; _builder_version=&#8221;4.25.2&#8243; _module_preset=&#8221;default&#8221; global_colors_info=&#8221;{}&#8221;][dsm_masonry_gallery gallery_ids=&#8221;480,479,478&#8243; dsm_sort_images=&#8221;off&#8221; columns=&#8221;2&#8243; use_horizontal_order=&#8221;off&#8221; use_zoom_on_hover=&#8221;on&#8221; _builder_version=&#8221;4.25.2&#8243; _module_preset=&#8221;default&#8221; global_colors_info=&#8221;{}&#8221;][\/dsm_masonry_gallery][\/et_pb_column][\/et_pb_row][\/et_pb_section][et_pb_section fb_built=&#8221;1&#8243; _builder_version=&#8221;4.25.2&#8243; _module_preset=&#8221;default&#8221; global_colors_info=&#8221;{}&#8221;][et_pb_row _builder_version=&#8221;4.25.2&#8243; _module_preset=&#8221;default&#8221; global_colors_info=&#8221;{}&#8221;][et_pb_column type=&#8221;4_4&#8243; _builder_version=&#8221;4.25.2&#8243; _module_preset=&#8221;default&#8221; global_colors_info=&#8221;{}&#8221;][et_pb_gallery gallery_ids=&#8221;480,479,478&#8243; gallery_orderby=&#8221;rand&#8221; fullwidth=&#8221;on&#8221; _builder_version=&#8221;4.25.2&#8243; _module_preset=&#8221;default&#8221; global_colors_info=&#8221;{}&#8221;][\/et_pb_gallery][\/et_pb_column][\/et_pb_row][\/et_pb_section]<\/p>\n","protected":false},"excerpt":{"rendered":"<p>Cultural y TeatroEl Sistema de Bibliotecas P\u00fablicas de Medell\u00edn, tiene entre sus prop\u00f3sitos\u00a0 garantizar el libre acceso a la informaci\u00f3n, a la lectura, a la escritura, al conocimiento, al pensamiento y al disfrute de la cultura, de todos los ciudadanos, propiciando una participaci\u00f3n activa en las diferentes etapas de la vida para aportar\u00a0 a la consolidaci\u00f3n de una sociedad que reconoce sus condiciones socioculturales, interact\u00faa con otras culturas, capaz de usar y generar informaci\u00f3n y conocimiento para transformar su vida y su entorno\u00a0 con esp\u00edritu\u00a0 participativo y\u00a0 democr\u00e1tico.<div class=\"et_pb_module dsm_masonry_gallery dsm_masonry_gallery_0\">\n\t\t\t\t\n\t\t\t\t\n\t\t\t\t\n\t\t\t\t\n\t\t\t\t\n\t\t\t\t\n\t\t\t\t<div class=\"et_pb_module_inner\">\n\t\t\t\t\t<div class=\"dsm-gallery grid dsm_masonry_zoom_hover\" data-lightbox=\"false\" data-horizontalorder=\"false\">\n                <div class=\"grid-sizer\"><\/div><div class=\"gutter-sizer\"><\/div><div class=\"grid-item\">\n                    <div class=\"et_pb_image_wrap\">\n                        <img loading=\"lazy\" decoding=\"async\" src=\"https:\/\/iconods.com\/adt\/wp-content\/uploads\/2024\/06\/6.Parque-Biblioteca-San-Antonio-Biblioteca.jpg\" title=\"6.Parque Biblioteca San Antonio Biblioteca\" alt=\"\" class=\"dsm-skip-lazyload\" srcset=\"https:\/\/iconods.com\/adt\/wp-content\/uploads\/2024\/06\/6.Parque-Biblioteca-San-Antonio-Biblioteca.jpg 620w, https:\/\/iconods.com\/adt\/wp-content\/uploads\/2024\/06\/6.Parque-Biblioteca-San-Antonio-Biblioteca-480x194.jpg 480w\" sizes=\"(min-width: 0px) and (max-width: 480px) 480px, (min-width: 481px) 620px, 100vw\" width=\"620\" height=\"250\" \/>\n                        \n                    <\/div>\n                <\/div><div class=\"grid-item\">\n                    <div class=\"et_pb_image_wrap\">\n                        <img loading=\"lazy\" decoding=\"async\" src=\"https:\/\/iconods.com\/adt\/wp-content\/uploads\/2024\/06\/6.Parque-Biblioteca-San-Antonio-\u2013-Teatro.jpg\" title=\"6.Parque Biblioteca San Antonio \u2013 Teatro\" alt=\"\" class=\"dsm-skip-lazyload\" srcset=\"https:\/\/iconods.com\/adt\/wp-content\/uploads\/2024\/06\/6.Parque-Biblioteca-San-Antonio-\u2013-Teatro.jpg 1200w, https:\/\/iconods.com\/adt\/wp-content\/uploads\/2024\/06\/6.Parque-Biblioteca-San-Antonio-\u2013-Teatro-300x200.jpg 300w, https:\/\/iconods.com\/adt\/wp-content\/uploads\/2024\/06\/6.Parque-Biblioteca-San-Antonio-\u2013-Teatro-1024x684.jpg 1024w, https:\/\/iconods.com\/adt\/wp-content\/uploads\/2024\/06\/6.Parque-Biblioteca-San-Antonio-\u2013-Teatro-768x513.jpg 768w, https:\/\/iconods.com\/adt\/wp-content\/uploads\/2024\/06\/6.Parque-Biblioteca-San-Antonio-\u2013-Teatro-1080x721.jpg 1080w, https:\/\/iconods.com\/adt\/wp-content\/uploads\/2024\/06\/6.Parque-Biblioteca-San-Antonio-\u2013-Teatro-980x654.jpg 980w, https:\/\/iconods.com\/adt\/wp-content\/uploads\/2024\/06\/6.Parque-Biblioteca-San-Antonio-\u2013-Teatro-480x320.jpg 480w\" sizes=\"(max-width: 1200px) 100vw, 1200px\" width=\"1200\" height=\"801\" \/>\n                        \n                    <\/div>\n                <\/div><div class=\"grid-item\">\n                    <div class=\"et_pb_image_wrap\">\n                        <img loading=\"lazy\" decoding=\"async\" src=\"https:\/\/iconods.com\/adt\/wp-content\/uploads\/2024\/06\/6.Parque-Biblioteca-San-Antonio-\u2013-Teatro-escuela-de-musica-y-Biblioteca.jpg\" title=\"6.Parque Biblioteca San Antonio \u2013 Teatro, escuela de m\u00fasica y Biblioteca\" alt=\"\" class=\"dsm-skip-lazyload\" srcset=\"https:\/\/iconods.com\/adt\/wp-content\/uploads\/2024\/06\/6.Parque-Biblioteca-San-Antonio-\u2013-Teatro-escuela-de-musica-y-Biblioteca.jpg 600w, https:\/\/iconods.com\/adt\/wp-content\/uploads\/2024\/06\/6.Parque-Biblioteca-San-Antonio-\u2013-Teatro-escuela-de-musica-y-Biblioteca-300x185.jpg 300w, https:\/\/iconods.com\/adt\/wp-content\/uploads\/2024\/06\/6.Parque-Biblioteca-San-Antonio-\u2013-Teatro-escuela-de-musica-y-Biblioteca-480x296.jpg 480w\" sizes=\"(max-width: 600px) 100vw, 600px\" width=\"600\" height=\"370\" \/>\n                        \n                    <\/div>\n                <\/div>\n             <\/div>\n\t\t\t\t<\/div>\n\t\t\t<\/div><\/p>\n","protected":false},"author":1,"featured_media":478,"comment_status":"open","ping_status":"closed","template":"","meta":{"_et_pb_use_builder":"on","_et_pb_old_content":"","_et_gb_content_width":"","footnotes":""},"project_category":[31,21,30,32],"project_tag":[188,187],"class_list":["post-475","project","type-project","status-publish","has-post-thumbnail","hentry","project_category-disenos-de-audio-video-e-iluminacion-artistica","project_category-cultural-proyectos","project_category-disenos-acusticos","project_category-diseno-de-mecanica-teatral","project_tag-escuela-de-musica-y-biblioteca","project_tag-parque-biblioteca-san-antonio-teatro"],"yoast_head":"<!-- This site is optimized with the Yoast SEO plugin v23.4 - https:\/\/yoast.com\/wordpress\/plugins\/seo\/ -->\n<title>Parque Biblioteca San Antonio \u2013 Teatro, escuela de m\u00fasica y Biblioteca - ADT Ac\u00fastica Dise\u00f1o Tecnolog\u00eda<\/title>\n<meta name=\"robots\" content=\"index, follow, max-snippet:-1, max-image-preview:large, max-video-preview:-1\" \/>\n<link rel=\"canonical\" href=\"https:\/\/adtacustica.com\/?project=475\" \/>\n<meta property=\"og:locale\" content=\"es_ES\" \/>\n<meta property=\"og:type\" content=\"article\" \/>\n<meta property=\"og:title\" content=\"Parque Biblioteca San Antonio \u2013 Teatro, escuela de m\u00fasica y Biblioteca - ADT Ac\u00fastica Dise\u00f1o Tecnolog\u00eda\" \/>\n<meta property=\"og:description\" content=\"Cultural y TeatroEl Sistema de Bibliotecas P\u00fablicas de Medell\u00edn, tiene entre sus prop\u00f3sitos\u00a0 garantizar el libre acceso a la informaci\u00f3n, a la lectura, a la escritura, al conocimiento, al pensamiento y al disfrute de la cultura, de todos los ciudadanos, propiciando una participaci\u00f3n activa en las diferentes etapas de la vida para aportar\u00a0 a la consolidaci\u00f3n de una sociedad que reconoce sus condiciones socioculturales, interact\u00faa con otras culturas, capaz de usar y generar informaci\u00f3n y conocimiento para transformar su vida y su entorno\u00a0 con esp\u00edritu\u00a0 participativo y\u00a0 democr\u00e1tico.\" \/>\n<meta property=\"og:url\" content=\"https:\/\/adtacustica.com\/?project=475\" \/>\n<meta property=\"og:site_name\" content=\"ADT Ac\u00fastica Dise\u00f1o Tecnolog\u00eda\" \/>\n<meta property=\"article:modified_time\" content=\"2024-08-06T15:45:44+00:00\" \/>\n<meta property=\"og:image\" content=\"https:\/\/iconods.com\/adt\/wp-content\/uploads\/2024\/06\/6.Parque-Biblioteca-San-Antonio-\u2013-Teatro-escuela-de-musica-y-Biblioteca.jpg\" \/>\n\t<meta property=\"og:image:width\" content=\"600\" \/>\n\t<meta property=\"og:image:height\" content=\"370\" \/>\n\t<meta property=\"og:image:type\" content=\"image\/jpeg\" \/>\n<meta name=\"twitter:card\" content=\"summary_large_image\" \/>\n<meta name=\"twitter:label1\" content=\"Tiempo de lectura\" \/>\n\t<meta name=\"twitter:data1\" content=\"2 minutos\" \/>\n<script type=\"application\/ld+json\" class=\"yoast-schema-graph\">{\"@context\":\"https:\/\/schema.org\",\"@graph\":[{\"@type\":\"WebPage\",\"@id\":\"https:\/\/adtacustica.com\/?project=475\",\"url\":\"https:\/\/adtacustica.com\/?project=475\",\"name\":\"Parque Biblioteca San Antonio \u2013 Teatro, escuela de m\u00fasica y Biblioteca - ADT Ac\u00fastica Dise\u00f1o Tecnolog\u00eda\",\"isPartOf\":{\"@id\":\"https:\/\/adtacustica.com\/#website\"},\"primaryImageOfPage\":{\"@id\":\"https:\/\/adtacustica.com\/?project=475#primaryimage\"},\"image\":{\"@id\":\"https:\/\/adtacustica.com\/?project=475#primaryimage\"},\"thumbnailUrl\":\"https:\/\/iconods.com\/adt\/wp-content\/uploads\/2024\/06\/6.Parque-Biblioteca-San-Antonio-\u2013-Teatro-escuela-de-musica-y-Biblioteca.jpg\",\"datePublished\":\"2024-06-19T02:22:20+00:00\",\"dateModified\":\"2024-08-06T15:45:44+00:00\",\"breadcrumb\":{\"@id\":\"https:\/\/adtacustica.com\/?project=475#breadcrumb\"},\"inLanguage\":\"es-CO\",\"potentialAction\":[{\"@type\":\"ReadAction\",\"target\":[\"https:\/\/adtacustica.com\/?project=475\"]}]},{\"@type\":\"ImageObject\",\"inLanguage\":\"es-CO\",\"@id\":\"https:\/\/adtacustica.com\/?project=475#primaryimage\",\"url\":\"https:\/\/iconods.com\/adt\/wp-content\/uploads\/2024\/06\/6.Parque-Biblioteca-San-Antonio-\u2013-Teatro-escuela-de-musica-y-Biblioteca.jpg\",\"contentUrl\":\"https:\/\/iconods.com\/adt\/wp-content\/uploads\/2024\/06\/6.Parque-Biblioteca-San-Antonio-\u2013-Teatro-escuela-de-musica-y-Biblioteca.jpg\",\"width\":600,\"height\":370},{\"@type\":\"BreadcrumbList\",\"@id\":\"https:\/\/adtacustica.com\/?project=475#breadcrumb\",\"itemListElement\":[{\"@type\":\"ListItem\",\"position\":1,\"name\":\"Inicio\",\"item\":\"https:\/\/adtacustica.com\/\"},{\"@type\":\"ListItem\",\"position\":2,\"name\":\"Projects\",\"item\":\"https:\/\/adtacustica.com\/?post_type=project\"},{\"@type\":\"ListItem\",\"position\":3,\"name\":\"Parque Biblioteca San Antonio \u2013 Teatro, escuela de m\u00fasica y Biblioteca\"}]},{\"@type\":\"WebSite\",\"@id\":\"https:\/\/adtacustica.com\/#website\",\"url\":\"https:\/\/adtacustica.com\/\",\"name\":\"ADT Ac\u00fastica\",\"description\":\"Ac\u00fastica Dise\u00f1o Tecnolog\u00eda\",\"publisher\":{\"@id\":\"https:\/\/adtacustica.com\/#organization\"},\"potentialAction\":[{\"@type\":\"SearchAction\",\"target\":{\"@type\":\"EntryPoint\",\"urlTemplate\":\"https:\/\/adtacustica.com\/?s={search_term_string}\"},\"query-input\":{\"@type\":\"PropertyValueSpecification\",\"valueRequired\":true,\"valueName\":\"search_term_string\"}}],\"inLanguage\":\"es-CO\"},{\"@type\":\"Organization\",\"@id\":\"https:\/\/adtacustica.com\/#organization\",\"name\":\"ADT Ac\u00fastica Dise\u00f1o Tecnolog\u00eda\",\"alternateName\":\"ADT\",\"url\":\"https:\/\/adtacustica.com\/\",\"logo\":{\"@type\":\"ImageObject\",\"inLanguage\":\"es-CO\",\"@id\":\"https:\/\/adtacustica.com\/#\/schema\/logo\/image\/\",\"url\":\"https:\/\/iconods.com\/adt\/wp-content\/uploads\/2024\/06\/LogoQuienes.png\",\"contentUrl\":\"https:\/\/iconods.com\/adt\/wp-content\/uploads\/2024\/06\/LogoQuienes.png\",\"width\":574,\"height\":329,\"caption\":\"ADT Ac\u00fastica Dise\u00f1o Tecnolog\u00eda\"},\"image\":{\"@id\":\"https:\/\/adtacustica.com\/#\/schema\/logo\/image\/\"}}]}<\/script>\n<!-- \/ Yoast SEO plugin. -->","yoast_head_json":{"title":"Parque Biblioteca San Antonio \u2013 Teatro, escuela de m\u00fasica y Biblioteca - ADT Ac\u00fastica Dise\u00f1o Tecnolog\u00eda","robots":{"index":"index","follow":"follow","max-snippet":"max-snippet:-1","max-image-preview":"max-image-preview:large","max-video-preview":"max-video-preview:-1"},"canonical":"https:\/\/adtacustica.com\/?project=475","og_locale":"es_ES","og_type":"article","og_title":"Parque Biblioteca San Antonio \u2013 Teatro, escuela de m\u00fasica y Biblioteca - ADT Ac\u00fastica Dise\u00f1o Tecnolog\u00eda","og_description":"Cultural y TeatroEl Sistema de Bibliotecas P\u00fablicas de Medell\u00edn, tiene entre sus prop\u00f3sitos\u00a0 garantizar el libre acceso a la informaci\u00f3n, a la lectura, a la escritura, al conocimiento, al pensamiento y al disfrute de la cultura, de todos los ciudadanos, propiciando una participaci\u00f3n activa en las diferentes etapas de la vida para aportar\u00a0 a la consolidaci\u00f3n de una sociedad que reconoce sus condiciones socioculturales, interact\u00faa con otras culturas, capaz de usar y generar informaci\u00f3n y conocimiento para transformar su vida y su entorno\u00a0 con esp\u00edritu\u00a0 participativo y\u00a0 democr\u00e1tico.","og_url":"https:\/\/adtacustica.com\/?project=475","og_site_name":"ADT Ac\u00fastica Dise\u00f1o Tecnolog\u00eda","article_modified_time":"2024-08-06T15:45:44+00:00","og_image":[{"width":600,"height":370,"url":"https:\/\/iconods.com\/adt\/wp-content\/uploads\/2024\/06\/6.Parque-Biblioteca-San-Antonio-\u2013-Teatro-escuela-de-musica-y-Biblioteca.jpg","type":"image\/jpeg"}],"twitter_card":"summary_large_image","twitter_misc":{"Tiempo de lectura":"2 minutos"},"schema":{"@context":"https:\/\/schema.org","@graph":[{"@type":"WebPage","@id":"https:\/\/adtacustica.com\/?project=475","url":"https:\/\/adtacustica.com\/?project=475","name":"Parque Biblioteca San Antonio \u2013 Teatro, escuela de m\u00fasica y Biblioteca - ADT Ac\u00fastica Dise\u00f1o Tecnolog\u00eda","isPartOf":{"@id":"https:\/\/adtacustica.com\/#website"},"primaryImageOfPage":{"@id":"https:\/\/adtacustica.com\/?project=475#primaryimage"},"image":{"@id":"https:\/\/adtacustica.com\/?project=475#primaryimage"},"thumbnailUrl":"https:\/\/iconods.com\/adt\/wp-content\/uploads\/2024\/06\/6.Parque-Biblioteca-San-Antonio-\u2013-Teatro-escuela-de-musica-y-Biblioteca.jpg","datePublished":"2024-06-19T02:22:20+00:00","dateModified":"2024-08-06T15:45:44+00:00","breadcrumb":{"@id":"https:\/\/adtacustica.com\/?project=475#breadcrumb"},"inLanguage":"es-CO","potentialAction":[{"@type":"ReadAction","target":["https:\/\/adtacustica.com\/?project=475"]}]},{"@type":"ImageObject","inLanguage":"es-CO","@id":"https:\/\/adtacustica.com\/?project=475#primaryimage","url":"https:\/\/iconods.com\/adt\/wp-content\/uploads\/2024\/06\/6.Parque-Biblioteca-San-Antonio-\u2013-Teatro-escuela-de-musica-y-Biblioteca.jpg","contentUrl":"https:\/\/iconods.com\/adt\/wp-content\/uploads\/2024\/06\/6.Parque-Biblioteca-San-Antonio-\u2013-Teatro-escuela-de-musica-y-Biblioteca.jpg","width":600,"height":370},{"@type":"BreadcrumbList","@id":"https:\/\/adtacustica.com\/?project=475#breadcrumb","itemListElement":[{"@type":"ListItem","position":1,"name":"Inicio","item":"https:\/\/adtacustica.com\/"},{"@type":"ListItem","position":2,"name":"Projects","item":"https:\/\/adtacustica.com\/?post_type=project"},{"@type":"ListItem","position":3,"name":"Parque Biblioteca San Antonio \u2013 Teatro, escuela de m\u00fasica y Biblioteca"}]},{"@type":"WebSite","@id":"https:\/\/adtacustica.com\/#website","url":"https:\/\/adtacustica.com\/","name":"ADT Ac\u00fastica","description":"Ac\u00fastica Dise\u00f1o Tecnolog\u00eda","publisher":{"@id":"https:\/\/adtacustica.com\/#organization"},"potentialAction":[{"@type":"SearchAction","target":{"@type":"EntryPoint","urlTemplate":"https:\/\/adtacustica.com\/?s={search_term_string}"},"query-input":{"@type":"PropertyValueSpecification","valueRequired":true,"valueName":"search_term_string"}}],"inLanguage":"es-CO"},{"@type":"Organization","@id":"https:\/\/adtacustica.com\/#organization","name":"ADT Ac\u00fastica Dise\u00f1o Tecnolog\u00eda","alternateName":"ADT","url":"https:\/\/adtacustica.com\/","logo":{"@type":"ImageObject","inLanguage":"es-CO","@id":"https:\/\/adtacustica.com\/#\/schema\/logo\/image\/","url":"https:\/\/iconods.com\/adt\/wp-content\/uploads\/2024\/06\/LogoQuienes.png","contentUrl":"https:\/\/iconods.com\/adt\/wp-content\/uploads\/2024\/06\/LogoQuienes.png","width":574,"height":329,"caption":"ADT Ac\u00fastica Dise\u00f1o Tecnolog\u00eda"},"image":{"@id":"https:\/\/adtacustica.com\/#\/schema\/logo\/image\/"}}]}},"_links":{"self":[{"href":"https:\/\/adtacustica.com\/index.php?rest_route=\/wp\/v2\/project\/475","targetHints":{"allow":["GET"]}}],"collection":[{"href":"https:\/\/adtacustica.com\/index.php?rest_route=\/wp\/v2\/project"}],"about":[{"href":"https:\/\/adtacustica.com\/index.php?rest_route=\/wp\/v2\/types\/project"}],"author":[{"embeddable":true,"href":"https:\/\/adtacustica.com\/index.php?rest_route=\/wp\/v2\/users\/1"}],"replies":[{"embeddable":true,"href":"https:\/\/adtacustica.com\/index.php?rest_route=%2Fwp%2Fv2%2Fcomments&post=475"}],"version-history":[{"count":8,"href":"https:\/\/adtacustica.com\/index.php?rest_route=\/wp\/v2\/project\/475\/revisions"}],"predecessor-version":[{"id":2510,"href":"https:\/\/adtacustica.com\/index.php?rest_route=\/wp\/v2\/project\/475\/revisions\/2510"}],"wp:featuredmedia":[{"embeddable":true,"href":"https:\/\/adtacustica.com\/index.php?rest_route=\/wp\/v2\/media\/478"}],"wp:attachment":[{"href":"https:\/\/adtacustica.com\/index.php?rest_route=%2Fwp%2Fv2%2Fmedia&parent=475"}],"wp:term":[{"taxonomy":"project_category","embeddable":true,"href":"https:\/\/adtacustica.com\/index.php?rest_route=%2Fwp%2Fv2%2Fproject_category&post=475"},{"taxonomy":"project_tag","embeddable":true,"href":"https:\/\/adtacustica.com\/index.php?rest_route=%2Fwp%2Fv2%2Fproject_tag&post=475"}],"curies":[{"name":"wp","href":"https:\/\/api.w.org\/{rel}","templated":true}]}}