{"id":466,"date":"2024-06-18T21:13:40","date_gmt":"2024-06-19T02:13:40","guid":{"rendered":"https:\/\/iconods.com\/adt\/?post_type=project&#038;p=466"},"modified":"2024-08-06T10:45:51","modified_gmt":"2024-08-06T15:45:51","slug":"6-centro-cultural-colegio-vermont","status":"publish","type":"project","link":"https:\/\/adtacustica.com\/?project=6-centro-cultural-colegio-vermont","title":{"rendered":"Centro Cultural Colegio Vermont"},"content":{"rendered":"<p>[et_pb_section fb_built=&#8221;1&#8243; _builder_version=&#8221;4.25.2&#8243; _module_preset=&#8221;default&#8221; global_colors_info=&#8221;{}&#8221;][et_pb_row column_structure=&#8221;1_2,1_2&#8243; _builder_version=&#8221;4.25.2&#8243; _module_preset=&#8221;default&#8221; global_colors_info=&#8221;{}&#8221;][et_pb_column type=&#8221;1_2&#8243; _builder_version=&#8221;4.25.2&#8243; _module_preset=&#8221;default&#8221; global_colors_info=&#8221;{}&#8221;][et_pb_text _builder_version=&#8221;4.25.2&#8243; _module_preset=&#8221;default&#8221; global_colors_info=&#8221;{}&#8221;]<\/p>\n<p>Educativo<\/p>\n<p>[\/et_pb_text][et_pb_heading title=&#8221;Centro Cultural Vermont&#8221; _builder_version=&#8221;4.25.2&#8243; _module_preset=&#8221;default&#8221; title_text_color=&#8221;#000000&#8243; global_colors_info=&#8221;{}&#8221;][\/et_pb_heading][et_pb_text _builder_version=&#8221;4.25.2&#8243; _module_preset=&#8221;default&#8221; global_colors_info=&#8221;{}&#8221;]<\/p>\n<p><span>El GIMNASIO VERMONT es una instituci\u00f3n educativa femenina, fundada el 19 de febrero de 1945, por las se\u00f1oritas Mar\u00eda Rojas S\u00e1nchez y Magdalena Gonz\u00e1lez Fern\u00e1ndez, con el nombre de Colegio Nuestra Se\u00f1ora de la Paz. El nombre respondi\u00f3 en su momento a la finalizaci\u00f3n de la Segunda Guerra Mundial; por esta raz\u00f3n, la advocaci\u00f3n a la Virgen.<\/span><\/p>\n<p>[\/et_pb_text][et_pb_text _builder_version=&#8221;4.25.2&#8243; _module_preset=&#8221;default&#8221; global_colors_info=&#8221;{}&#8221;][\/et_pb_text][\/et_pb_column][et_pb_column type=&#8221;1_2&#8243; _builder_version=&#8221;4.25.2&#8243; _module_preset=&#8221;default&#8221; global_colors_info=&#8221;{}&#8221;][et_pb_image src=&#8221;https:\/\/iconods.com\/adt\/wp-content\/uploads\/2024\/06\/6.Centro-cultural-colegio-vermont.jpg&#8221; alt=&#8221;Hospital Centro de Tratamiento e Investigaci\u00f3n de C\u00e1ncer&#8221; title_text=&#8221;6.Centro cultural colegio vermont&#8221; _builder_version=&#8221;4.25.2&#8243; _module_preset=&#8221;default&#8221; global_colors_info=&#8221;{}&#8221;][\/et_pb_image][\/et_pb_column][\/et_pb_row][\/et_pb_section][et_pb_section fb_built=&#8221;1&#8243; admin_label=&#8221;Section&#8221; _builder_version=&#8221;4.25.2&#8243; _module_preset=&#8221;default&#8221; global_colors_info=&#8221;{}&#8221;][et_pb_row _builder_version=&#8221;4.25.2&#8243; _module_preset=&#8221;default&#8221; global_colors_info=&#8221;{}&#8221;][et_pb_column type=&#8221;4_4&#8243; admin_label=&#8221;Column&#8221; _builder_version=&#8221;4.25.2&#8243; _module_preset=&#8221;default&#8221; global_colors_info=&#8221;{}&#8221;][et_pb_gallery gallery_ids=&#8221;470,469,1658,1659,1660,1661,1662,1663&#8243; gallery_orderby=&#8221;rand&#8221; show_title_and_caption=&#8221;off&#8221; show_pagination=&#8221;off&#8221; admin_label=&#8221;Gallery&#8221; _builder_version=&#8221;4.27.0&#8243; _module_preset=&#8221;default&#8221; hover_enabled=&#8221;0&#8243; global_colors_info=&#8221;{}&#8221; sticky_enabled=&#8221;0&#8243;][\/et_pb_gallery][\/et_pb_column][\/et_pb_row][\/et_pb_section][et_pb_section fb_built=&#8221;1&#8243; _builder_version=&#8221;4.25.2&#8243; _module_preset=&#8221;default&#8221; global_colors_info=&#8221;{}&#8221;][et_pb_row _builder_version=&#8221;4.25.2&#8243; _module_preset=&#8221;default&#8221; global_colors_info=&#8221;{}&#8221;][et_pb_column type=&#8221;4_4&#8243; _builder_version=&#8221;4.25.2&#8243; _module_preset=&#8221;default&#8221; global_colors_info=&#8221;{}&#8221;][dsm_masonry_gallery gallery_ids=&#8221;470,469&#8243; dsm_sort_images=&#8221;off&#8221; columns=&#8221;2&#8243; use_horizontal_order=&#8221;off&#8221; use_zoom_on_hover=&#8221;on&#8221; _builder_version=&#8221;4.25.2&#8243; _module_preset=&#8221;default&#8221; global_colors_info=&#8221;{}&#8221;][\/dsm_masonry_gallery][\/et_pb_column][\/et_pb_row][\/et_pb_section][et_pb_section fb_built=&#8221;1&#8243; _builder_version=&#8221;4.25.2&#8243; _module_preset=&#8221;default&#8221; global_colors_info=&#8221;{}&#8221;][et_pb_row _builder_version=&#8221;4.25.2&#8243; _module_preset=&#8221;default&#8221; global_colors_info=&#8221;{}&#8221;][et_pb_column type=&#8221;4_4&#8243; _builder_version=&#8221;4.25.2&#8243; _module_preset=&#8221;default&#8221; global_colors_info=&#8221;{}&#8221;][et_pb_gallery gallery_ids=&#8221;470,469,1663,1662,1661,1660,1659,1658&#8243; gallery_orderby=&#8221;rand&#8221; fullwidth=&#8221;on&#8221; _builder_version=&#8221;4.27.0&#8243; _module_preset=&#8221;default&#8221; hover_enabled=&#8221;0&#8243; global_colors_info=&#8221;{}&#8221; sticky_enabled=&#8221;0&#8243;][\/et_pb_gallery][\/et_pb_column][\/et_pb_row][\/et_pb_section]<\/p>\n","protected":false},"excerpt":{"rendered":"<p>EducativoEl GIMNASIO VERMONT es una instituci\u00f3n educativa femenina, fundada el 19 de febrero de 1945, por las se\u00f1oritas Mar\u00eda Rojas S\u00e1nchez y Magdalena Gonz\u00e1lez Fern\u00e1ndez, con el nombre de Colegio Nuestra Se\u00f1ora de la Paz. El nombre respondi\u00f3 en su momento a la finalizaci\u00f3n de la Segunda Guerra Mundial; por esta raz\u00f3n, la advocaci\u00f3n a la Virgen.<div class=\"et_pb_module dsm_masonry_gallery dsm_masonry_gallery_0\">\n\t\t\t\t\n\t\t\t\t\n\t\t\t\t\n\t\t\t\t\n\t\t\t\t\n\t\t\t\t\n\t\t\t\t<div class=\"et_pb_module_inner\">\n\t\t\t\t\t<div class=\"dsm-gallery grid dsm_masonry_zoom_hover\" data-lightbox=\"false\" data-horizontalorder=\"false\">\n                <div class=\"grid-sizer\"><\/div><div class=\"gutter-sizer\"><\/div><div class=\"grid-item\">\n                    <div class=\"et_pb_image_wrap\">\n                        <img loading=\"lazy\" decoding=\"async\" src=\"https:\/\/iconods.com\/adt\/wp-content\/uploads\/2024\/06\/6.Centro-cultural-colegio-vermont1.jpg\" title=\"6.Centro cultural colegio vermont1\" alt=\"\" class=\"dsm-skip-lazyload\" srcset=\"https:\/\/iconods.com\/adt\/wp-content\/uploads\/2024\/06\/6.Centro-cultural-colegio-vermont1.jpg 1603w, https:\/\/iconods.com\/adt\/wp-content\/uploads\/2024\/06\/6.Centro-cultural-colegio-vermont1-1280x639.jpg 1280w, https:\/\/iconods.com\/adt\/wp-content\/uploads\/2024\/06\/6.Centro-cultural-colegio-vermont1-980x489.jpg 980w, https:\/\/iconods.com\/adt\/wp-content\/uploads\/2024\/06\/6.Centro-cultural-colegio-vermont1-480x240.jpg 480w\" sizes=\"(min-width: 0px) and (max-width: 480px) 480px, (min-width: 481px) and (max-width: 980px) 980px, (min-width: 981px) and (max-width: 1280px) 1280px, (min-width: 1281px) 1603px, 100vw\" width=\"1603\" height=\"800\" \/>\n                        \n                    <\/div>\n                <\/div><div class=\"grid-item\">\n                    <div class=\"et_pb_image_wrap\">\n                        <img loading=\"lazy\" decoding=\"async\" src=\"https:\/\/iconods.com\/adt\/wp-content\/uploads\/2024\/06\/6.Centro-cultural-colegio-vermont.jpg\" title=\"6.Centro cultural colegio vermont\" alt=\"\" class=\"dsm-skip-lazyload\" srcset=\"https:\/\/iconods.com\/adt\/wp-content\/uploads\/2024\/06\/6.Centro-cultural-colegio-vermont.jpg 1024w, https:\/\/iconods.com\/adt\/wp-content\/uploads\/2024\/06\/6.Centro-cultural-colegio-vermont-980x551.jpg 980w, https:\/\/iconods.com\/adt\/wp-content\/uploads\/2024\/06\/6.Centro-cultural-colegio-vermont-480x270.jpg 480w\" sizes=\"(min-width: 0px) and (max-width: 480px) 480px, (min-width: 481px) and (max-width: 980px) 980px, (min-width: 981px) 1024px, 100vw\" width=\"1024\" height=\"576\" \/>\n                        \n                    <\/div>\n                <\/div>\n             <\/div>\n\t\t\t\t<\/div>\n\t\t\t<\/div><\/p>\n","protected":false},"author":1,"featured_media":469,"comment_status":"open","ping_status":"closed","template":"","meta":{"_et_pb_use_builder":"on","_et_pb_old_content":"","_et_gb_content_width":"","footnotes":""},"project_category":[31,21,30,27,32],"project_tag":[189],"class_list":["post-466","project","type-project","status-publish","has-post-thumbnail","hentry","project_category-disenos-de-audio-video-e-iluminacion-artistica","project_category-cultural-proyectos","project_category-disenos-acusticos","project_category-educativo-proyectos","project_category-diseno-de-mecanica-teatral","project_tag-centro-cultural-colegio-vermont"],"yoast_head":"<!-- This site is optimized with the Yoast SEO plugin v23.4 - https:\/\/yoast.com\/wordpress\/plugins\/seo\/ -->\n<title>Centro Cultural Colegio Vermont - ADT Ac\u00fastica Dise\u00f1o Tecnolog\u00eda<\/title>\n<meta name=\"robots\" content=\"index, follow, max-snippet:-1, max-image-preview:large, max-video-preview:-1\" \/>\n<link rel=\"canonical\" href=\"https:\/\/adtacustica.com\/?project=6-centro-cultural-colegio-vermont\" \/>\n<meta property=\"og:locale\" content=\"es_ES\" \/>\n<meta property=\"og:type\" content=\"article\" \/>\n<meta property=\"og:title\" content=\"Centro Cultural Colegio Vermont - ADT Ac\u00fastica Dise\u00f1o Tecnolog\u00eda\" \/>\n<meta property=\"og:description\" content=\"EducativoEl GIMNASIO VERMONT es una instituci\u00f3n educativa femenina, fundada el 19 de febrero de 1945, por las se\u00f1oritas Mar\u00eda Rojas S\u00e1nchez y Magdalena Gonz\u00e1lez Fern\u00e1ndez, con el nombre de Colegio Nuestra Se\u00f1ora de la Paz. El nombre respondi\u00f3 en su momento a la finalizaci\u00f3n de la Segunda Guerra Mundial; por esta raz\u00f3n, la advocaci\u00f3n a la Virgen.\" \/>\n<meta property=\"og:url\" content=\"https:\/\/adtacustica.com\/?project=6-centro-cultural-colegio-vermont\" \/>\n<meta property=\"og:site_name\" content=\"ADT Ac\u00fastica Dise\u00f1o Tecnolog\u00eda\" \/>\n<meta property=\"article:modified_time\" content=\"2024-08-06T15:45:51+00:00\" \/>\n<meta property=\"og:image\" content=\"https:\/\/iconods.com\/adt\/wp-content\/uploads\/2024\/06\/6.Centro-cultural-colegio-vermont.jpg\" \/>\n\t<meta property=\"og:image:width\" content=\"1024\" \/>\n\t<meta property=\"og:image:height\" content=\"576\" \/>\n\t<meta property=\"og:image:type\" content=\"image\/jpeg\" \/>\n<meta name=\"twitter:card\" content=\"summary_large_image\" \/>\n<meta name=\"twitter:label1\" content=\"Tiempo de lectura\" \/>\n\t<meta name=\"twitter:data1\" content=\"2 minutos\" \/>\n<script type=\"application\/ld+json\" class=\"yoast-schema-graph\">{\"@context\":\"https:\/\/schema.org\",\"@graph\":[{\"@type\":\"WebPage\",\"@id\":\"https:\/\/adtacustica.com\/?project=6-centro-cultural-colegio-vermont\",\"url\":\"https:\/\/adtacustica.com\/?project=6-centro-cultural-colegio-vermont\",\"name\":\"Centro Cultural Colegio Vermont - ADT Ac\u00fastica Dise\u00f1o Tecnolog\u00eda\",\"isPartOf\":{\"@id\":\"https:\/\/adtacustica.com\/#website\"},\"primaryImageOfPage\":{\"@id\":\"https:\/\/adtacustica.com\/?project=6-centro-cultural-colegio-vermont#primaryimage\"},\"image\":{\"@id\":\"https:\/\/adtacustica.com\/?project=6-centro-cultural-colegio-vermont#primaryimage\"},\"thumbnailUrl\":\"https:\/\/iconods.com\/adt\/wp-content\/uploads\/2024\/06\/6.Centro-cultural-colegio-vermont.jpg\",\"datePublished\":\"2024-06-19T02:13:40+00:00\",\"dateModified\":\"2024-08-06T15:45:51+00:00\",\"breadcrumb\":{\"@id\":\"https:\/\/adtacustica.com\/?project=6-centro-cultural-colegio-vermont#breadcrumb\"},\"inLanguage\":\"es-CO\",\"potentialAction\":[{\"@type\":\"ReadAction\",\"target\":[\"https:\/\/adtacustica.com\/?project=6-centro-cultural-colegio-vermont\"]}]},{\"@type\":\"ImageObject\",\"inLanguage\":\"es-CO\",\"@id\":\"https:\/\/adtacustica.com\/?project=6-centro-cultural-colegio-vermont#primaryimage\",\"url\":\"https:\/\/iconods.com\/adt\/wp-content\/uploads\/2024\/06\/6.Centro-cultural-colegio-vermont.jpg\",\"contentUrl\":\"https:\/\/iconods.com\/adt\/wp-content\/uploads\/2024\/06\/6.Centro-cultural-colegio-vermont.jpg\",\"width\":1024,\"height\":576},{\"@type\":\"BreadcrumbList\",\"@id\":\"https:\/\/adtacustica.com\/?project=6-centro-cultural-colegio-vermont#breadcrumb\",\"itemListElement\":[{\"@type\":\"ListItem\",\"position\":1,\"name\":\"Inicio\",\"item\":\"https:\/\/adtacustica.com\/\"},{\"@type\":\"ListItem\",\"position\":2,\"name\":\"Projects\",\"item\":\"https:\/\/adtacustica.com\/?post_type=project\"},{\"@type\":\"ListItem\",\"position\":3,\"name\":\"Centro Cultural Colegio Vermont\"}]},{\"@type\":\"WebSite\",\"@id\":\"https:\/\/adtacustica.com\/#website\",\"url\":\"https:\/\/adtacustica.com\/\",\"name\":\"ADT Ac\u00fastica\",\"description\":\"Ac\u00fastica Dise\u00f1o Tecnolog\u00eda\",\"publisher\":{\"@id\":\"https:\/\/adtacustica.com\/#organization\"},\"potentialAction\":[{\"@type\":\"SearchAction\",\"target\":{\"@type\":\"EntryPoint\",\"urlTemplate\":\"https:\/\/adtacustica.com\/?s={search_term_string}\"},\"query-input\":{\"@type\":\"PropertyValueSpecification\",\"valueRequired\":true,\"valueName\":\"search_term_string\"}}],\"inLanguage\":\"es-CO\"},{\"@type\":\"Organization\",\"@id\":\"https:\/\/adtacustica.com\/#organization\",\"name\":\"ADT Ac\u00fastica Dise\u00f1o Tecnolog\u00eda\",\"alternateName\":\"ADT\",\"url\":\"https:\/\/adtacustica.com\/\",\"logo\":{\"@type\":\"ImageObject\",\"inLanguage\":\"es-CO\",\"@id\":\"https:\/\/adtacustica.com\/#\/schema\/logo\/image\/\",\"url\":\"https:\/\/iconods.com\/adt\/wp-content\/uploads\/2024\/06\/LogoQuienes.png\",\"contentUrl\":\"https:\/\/iconods.com\/adt\/wp-content\/uploads\/2024\/06\/LogoQuienes.png\",\"width\":574,\"height\":329,\"caption\":\"ADT Ac\u00fastica Dise\u00f1o Tecnolog\u00eda\"},\"image\":{\"@id\":\"https:\/\/adtacustica.com\/#\/schema\/logo\/image\/\"}}]}<\/script>\n<!-- \/ Yoast SEO plugin. -->","yoast_head_json":{"title":"Centro Cultural Colegio Vermont - ADT Ac\u00fastica Dise\u00f1o Tecnolog\u00eda","robots":{"index":"index","follow":"follow","max-snippet":"max-snippet:-1","max-image-preview":"max-image-preview:large","max-video-preview":"max-video-preview:-1"},"canonical":"https:\/\/adtacustica.com\/?project=6-centro-cultural-colegio-vermont","og_locale":"es_ES","og_type":"article","og_title":"Centro Cultural Colegio Vermont - ADT Ac\u00fastica Dise\u00f1o Tecnolog\u00eda","og_description":"EducativoEl GIMNASIO VERMONT es una instituci\u00f3n educativa femenina, fundada el 19 de febrero de 1945, por las se\u00f1oritas Mar\u00eda Rojas S\u00e1nchez y Magdalena Gonz\u00e1lez Fern\u00e1ndez, con el nombre de Colegio Nuestra Se\u00f1ora de la Paz. El nombre respondi\u00f3 en su momento a la finalizaci\u00f3n de la Segunda Guerra Mundial; por esta raz\u00f3n, la advocaci\u00f3n a la Virgen.","og_url":"https:\/\/adtacustica.com\/?project=6-centro-cultural-colegio-vermont","og_site_name":"ADT Ac\u00fastica Dise\u00f1o Tecnolog\u00eda","article_modified_time":"2024-08-06T15:45:51+00:00","og_image":[{"width":1024,"height":576,"url":"https:\/\/iconods.com\/adt\/wp-content\/uploads\/2024\/06\/6.Centro-cultural-colegio-vermont.jpg","type":"image\/jpeg"}],"twitter_card":"summary_large_image","twitter_misc":{"Tiempo de lectura":"2 minutos"},"schema":{"@context":"https:\/\/schema.org","@graph":[{"@type":"WebPage","@id":"https:\/\/adtacustica.com\/?project=6-centro-cultural-colegio-vermont","url":"https:\/\/adtacustica.com\/?project=6-centro-cultural-colegio-vermont","name":"Centro Cultural Colegio Vermont - ADT Ac\u00fastica Dise\u00f1o Tecnolog\u00eda","isPartOf":{"@id":"https:\/\/adtacustica.com\/#website"},"primaryImageOfPage":{"@id":"https:\/\/adtacustica.com\/?project=6-centro-cultural-colegio-vermont#primaryimage"},"image":{"@id":"https:\/\/adtacustica.com\/?project=6-centro-cultural-colegio-vermont#primaryimage"},"thumbnailUrl":"https:\/\/iconods.com\/adt\/wp-content\/uploads\/2024\/06\/6.Centro-cultural-colegio-vermont.jpg","datePublished":"2024-06-19T02:13:40+00:00","dateModified":"2024-08-06T15:45:51+00:00","breadcrumb":{"@id":"https:\/\/adtacustica.com\/?project=6-centro-cultural-colegio-vermont#breadcrumb"},"inLanguage":"es-CO","potentialAction":[{"@type":"ReadAction","target":["https:\/\/adtacustica.com\/?project=6-centro-cultural-colegio-vermont"]}]},{"@type":"ImageObject","inLanguage":"es-CO","@id":"https:\/\/adtacustica.com\/?project=6-centro-cultural-colegio-vermont#primaryimage","url":"https:\/\/iconods.com\/adt\/wp-content\/uploads\/2024\/06\/6.Centro-cultural-colegio-vermont.jpg","contentUrl":"https:\/\/iconods.com\/adt\/wp-content\/uploads\/2024\/06\/6.Centro-cultural-colegio-vermont.jpg","width":1024,"height":576},{"@type":"BreadcrumbList","@id":"https:\/\/adtacustica.com\/?project=6-centro-cultural-colegio-vermont#breadcrumb","itemListElement":[{"@type":"ListItem","position":1,"name":"Inicio","item":"https:\/\/adtacustica.com\/"},{"@type":"ListItem","position":2,"name":"Projects","item":"https:\/\/adtacustica.com\/?post_type=project"},{"@type":"ListItem","position":3,"name":"Centro Cultural Colegio Vermont"}]},{"@type":"WebSite","@id":"https:\/\/adtacustica.com\/#website","url":"https:\/\/adtacustica.com\/","name":"ADT Ac\u00fastica","description":"Ac\u00fastica Dise\u00f1o Tecnolog\u00eda","publisher":{"@id":"https:\/\/adtacustica.com\/#organization"},"potentialAction":[{"@type":"SearchAction","target":{"@type":"EntryPoint","urlTemplate":"https:\/\/adtacustica.com\/?s={search_term_string}"},"query-input":{"@type":"PropertyValueSpecification","valueRequired":true,"valueName":"search_term_string"}}],"inLanguage":"es-CO"},{"@type":"Organization","@id":"https:\/\/adtacustica.com\/#organization","name":"ADT Ac\u00fastica Dise\u00f1o Tecnolog\u00eda","alternateName":"ADT","url":"https:\/\/adtacustica.com\/","logo":{"@type":"ImageObject","inLanguage":"es-CO","@id":"https:\/\/adtacustica.com\/#\/schema\/logo\/image\/","url":"https:\/\/iconods.com\/adt\/wp-content\/uploads\/2024\/06\/LogoQuienes.png","contentUrl":"https:\/\/iconods.com\/adt\/wp-content\/uploads\/2024\/06\/LogoQuienes.png","width":574,"height":329,"caption":"ADT Ac\u00fastica Dise\u00f1o Tecnolog\u00eda"},"image":{"@id":"https:\/\/adtacustica.com\/#\/schema\/logo\/image\/"}}]}},"_links":{"self":[{"href":"https:\/\/adtacustica.com\/index.php?rest_route=\/wp\/v2\/project\/466","targetHints":{"allow":["GET"]}}],"collection":[{"href":"https:\/\/adtacustica.com\/index.php?rest_route=\/wp\/v2\/project"}],"about":[{"href":"https:\/\/adtacustica.com\/index.php?rest_route=\/wp\/v2\/types\/project"}],"author":[{"embeddable":true,"href":"https:\/\/adtacustica.com\/index.php?rest_route=\/wp\/v2\/users\/1"}],"replies":[{"embeddable":true,"href":"https:\/\/adtacustica.com\/index.php?rest_route=%2Fwp%2Fv2%2Fcomments&post=466"}],"version-history":[{"count":12,"href":"https:\/\/adtacustica.com\/index.php?rest_route=\/wp\/v2\/project\/466\/revisions"}],"predecessor-version":[{"id":2511,"href":"https:\/\/adtacustica.com\/index.php?rest_route=\/wp\/v2\/project\/466\/revisions\/2511"}],"wp:featuredmedia":[{"embeddable":true,"href":"https:\/\/adtacustica.com\/index.php?rest_route=\/wp\/v2\/media\/469"}],"wp:attachment":[{"href":"https:\/\/adtacustica.com\/index.php?rest_route=%2Fwp%2Fv2%2Fmedia&parent=466"}],"wp:term":[{"taxonomy":"project_category","embeddable":true,"href":"https:\/\/adtacustica.com\/index.php?rest_route=%2Fwp%2Fv2%2Fproject_category&post=466"},{"taxonomy":"project_tag","embeddable":true,"href":"https:\/\/adtacustica.com\/index.php?rest_route=%2Fwp%2Fv2%2Fproject_tag&post=466"}],"curies":[{"name":"wp","href":"https:\/\/api.w.org\/{rel}","templated":true}]}}