{"id":438,"date":"2024-06-18T20:19:32","date_gmt":"2024-06-19T01:19:32","guid":{"rendered":"https:\/\/iconods.com\/adt\/?post_type=project&#038;p=438"},"modified":"2024-08-06T10:46:12","modified_gmt":"2024-08-06T15:46:12","slug":"438","status":"publish","type":"project","link":"https:\/\/adtacustica.com\/?project=438","title":{"rendered":"Fundaci\u00f3n El Bosque"},"content":{"rendered":"<p>[et_pb_section fb_built=&#8221;1&#8243; _builder_version=&#8221;4.25.2&#8243; _module_preset=&#8221;default&#8221; global_colors_info=&#8221;{}&#8221;][et_pb_row column_structure=&#8221;1_2,1_2&#8243; _builder_version=&#8221;4.25.2&#8243; _module_preset=&#8221;default&#8221; global_colors_info=&#8221;{}&#8221;][et_pb_column type=&#8221;1_2&#8243; _builder_version=&#8221;4.25.2&#8243; _module_preset=&#8221;default&#8221; global_colors_info=&#8221;{}&#8221;][et_pb_text _builder_version=&#8221;4.25.2&#8243; _module_preset=&#8221;default&#8221; hover_enabled=&#8221;0&#8243; global_colors_info=&#8221;{}&#8221; sticky_enabled=&#8221;0&#8243;]<\/p>\n<p>Educativo, Salud<\/p>\n<p>[\/et_pb_text][et_pb_heading title=&#8221;Fundaci\u00f3n El Bosque&#8221; _builder_version=&#8221;4.25.2&#8243; _module_preset=&#8221;default&#8221; title_text_color=&#8221;#000000&#8243; global_colors_info=&#8221;{}&#8221;][\/et_pb_heading][et_pb_text _builder_version=&#8221;4.25.2&#8243; _module_preset=&#8221;default&#8221; global_colors_info=&#8221;{}&#8221;]<\/p>\n<p><span>El Bosque se consolida como una Universidad de formaci\u00f3n, multidisciplinaria, con un foco que articula su desarrollo (en formaci\u00f3n, investigaci\u00f3n, transferencia y servicio) en la Salud y Calidad de Vida. Insertada en el entorno global, comprometida con las necesidades y oportunidades locales, regionales y nacionales.<\/span><\/p>\n<p>[\/et_pb_text][\/et_pb_column][et_pb_column type=&#8221;1_2&#8243; _builder_version=&#8221;4.25.2&#8243; _module_preset=&#8221;default&#8221; global_colors_info=&#8221;{}&#8221;][et_pb_image src=&#8221;https:\/\/iconods.com\/adt\/wp-content\/uploads\/2024\/06\/2.FundacionElbosque1.jpg&#8221; alt=&#8221;Hospital Centro de Tratamiento e Investigaci\u00f3n de C\u00e1ncer&#8221; title_text=&#8221;2.FundacionElbosque1&#8243; _builder_version=&#8221;4.25.2&#8243; _module_preset=&#8221;default&#8221; global_colors_info=&#8221;{}&#8221;][\/et_pb_image][\/et_pb_column][\/et_pb_row][\/et_pb_section][et_pb_section fb_built=&#8221;1&#8243; admin_label=&#8221;Section&#8221; _builder_version=&#8221;4.25.2&#8243; _module_preset=&#8221;default&#8221; global_colors_info=&#8221;{}&#8221;][et_pb_row _builder_version=&#8221;4.25.2&#8243; _module_preset=&#8221;default&#8221; global_colors_info=&#8221;{}&#8221;][et_pb_column type=&#8221;4_4&#8243; admin_label=&#8221;Column&#8221; _builder_version=&#8221;4.25.2&#8243; _module_preset=&#8221;default&#8221; global_colors_info=&#8221;{}&#8221;][et_pb_gallery gallery_ids=&#8221;441,440&#8243; gallery_orderby=&#8221;rand&#8221; show_title_and_caption=&#8221;off&#8221; show_pagination=&#8221;off&#8221; admin_label=&#8221;Gallery&#8221; _builder_version=&#8221;4.25.2&#8243; _module_preset=&#8221;default&#8221; global_colors_info=&#8221;{}&#8221;][\/et_pb_gallery][\/et_pb_column][\/et_pb_row][\/et_pb_section][et_pb_section fb_built=&#8221;1&#8243; _builder_version=&#8221;4.25.2&#8243; _module_preset=&#8221;default&#8221; global_colors_info=&#8221;{}&#8221;][et_pb_row _builder_version=&#8221;4.25.2&#8243; _module_preset=&#8221;default&#8221; global_colors_info=&#8221;{}&#8221;][et_pb_column type=&#8221;4_4&#8243; _builder_version=&#8221;4.25.2&#8243; _module_preset=&#8221;default&#8221; global_colors_info=&#8221;{}&#8221;][dsm_masonry_gallery gallery_ids=&#8221;441,440&#8243; dsm_sort_images=&#8221;off&#8221; columns=&#8221;2&#8243; use_horizontal_order=&#8221;off&#8221; use_zoom_on_hover=&#8221;on&#8221; _builder_version=&#8221;4.25.2&#8243; _module_preset=&#8221;default&#8221; global_colors_info=&#8221;{}&#8221;][\/dsm_masonry_gallery][\/et_pb_column][\/et_pb_row][\/et_pb_section][et_pb_section fb_built=&#8221;1&#8243; _builder_version=&#8221;4.25.2&#8243; _module_preset=&#8221;default&#8221; global_colors_info=&#8221;{}&#8221;][et_pb_row _builder_version=&#8221;4.25.2&#8243; _module_preset=&#8221;default&#8221; global_colors_info=&#8221;{}&#8221;][et_pb_column type=&#8221;4_4&#8243; _builder_version=&#8221;4.25.2&#8243; _module_preset=&#8221;default&#8221; global_colors_info=&#8221;{}&#8221;][et_pb_gallery gallery_ids=&#8221;441,440&#8243; gallery_orderby=&#8221;rand&#8221; fullwidth=&#8221;on&#8221; _builder_version=&#8221;4.25.2&#8243; _module_preset=&#8221;default&#8221; global_colors_info=&#8221;{}&#8221;][\/et_pb_gallery][\/et_pb_column][\/et_pb_row][\/et_pb_section]<\/p>\n","protected":false},"excerpt":{"rendered":"<p>Educativo, SaludEl Bosque se consolida como una Universidad de formaci\u00f3n, multidisciplinaria, con un foco que articula su desarrollo (en formaci\u00f3n, investigaci\u00f3n, transferencia y servicio) en la Salud y Calidad de Vida. Insertada en el entorno global, comprometida con las necesidades y oportunidades locales, regionales y nacionales.<div class=\"et_pb_module dsm_masonry_gallery dsm_masonry_gallery_0\">\n\t\t\t\t\n\t\t\t\t\n\t\t\t\t\n\t\t\t\t\n\t\t\t\t\n\t\t\t\t\n\t\t\t\t<div class=\"et_pb_module_inner\">\n\t\t\t\t\t<div class=\"dsm-gallery grid dsm_masonry_zoom_hover\" data-lightbox=\"false\" data-horizontalorder=\"false\">\n                <div class=\"grid-sizer\"><\/div><div class=\"gutter-sizer\"><\/div><div class=\"grid-item\">\n                    <div class=\"et_pb_image_wrap\">\n                        <img loading=\"lazy\" decoding=\"async\" src=\"https:\/\/iconods.com\/adt\/wp-content\/uploads\/2024\/06\/2.FundacionElbosque.jpg\" title=\"2.FundacionElbosque\" alt=\"\" class=\"dsm-skip-lazyload\" srcset=\"https:\/\/iconods.com\/adt\/wp-content\/uploads\/2024\/06\/2.FundacionElbosque.jpg 1366w, https:\/\/iconods.com\/adt\/wp-content\/uploads\/2024\/06\/2.FundacionElbosque-1280x720.jpg 1280w, https:\/\/iconods.com\/adt\/wp-content\/uploads\/2024\/06\/2.FundacionElbosque-980x551.jpg 980w, https:\/\/iconods.com\/adt\/wp-content\/uploads\/2024\/06\/2.FundacionElbosque-480x270.jpg 480w\" sizes=\"(min-width: 0px) and (max-width: 480px) 480px, (min-width: 481px) and (max-width: 980px) 980px, (min-width: 981px) and (max-width: 1280px) 1280px, (min-width: 1281px) 1366px, 100vw\" width=\"1366\" height=\"768\" \/>\n                        \n                    <\/div>\n                <\/div><div class=\"grid-item\">\n                    <div class=\"et_pb_image_wrap\">\n                        <img loading=\"lazy\" decoding=\"async\" src=\"https:\/\/iconods.com\/adt\/wp-content\/uploads\/2024\/06\/2.FundacionElbosque1.jpg\" title=\"2.FundacionElbosque1\" alt=\"\" class=\"dsm-skip-lazyload\" srcset=\"https:\/\/iconods.com\/adt\/wp-content\/uploads\/2024\/06\/2.FundacionElbosque1.jpg 1366w, https:\/\/iconods.com\/adt\/wp-content\/uploads\/2024\/06\/2.FundacionElbosque1-1280x720.jpg 1280w, https:\/\/iconods.com\/adt\/wp-content\/uploads\/2024\/06\/2.FundacionElbosque1-980x551.jpg 980w, https:\/\/iconods.com\/adt\/wp-content\/uploads\/2024\/06\/2.FundacionElbosque1-480x270.jpg 480w\" sizes=\"(min-width: 0px) and (max-width: 480px) 480px, (min-width: 481px) and (max-width: 980px) 980px, (min-width: 981px) and (max-width: 1280px) 1280px, (min-width: 1281px) 1366px, 100vw\" width=\"1366\" height=\"768\" \/>\n                        \n                    <\/div>\n                <\/div>\n             <\/div>\n\t\t\t\t<\/div>\n\t\t\t<\/div><\/p>\n","protected":false},"author":1,"featured_media":440,"comment_status":"open","ping_status":"closed","template":"","meta":{"_et_pb_use_builder":"on","_et_pb_old_content":"","_et_gb_content_width":"","footnotes":""},"project_category":[30,27,19],"project_tag":[192],"class_list":["post-438","project","type-project","status-publish","has-post-thumbnail","hentry","project_category-disenos-acusticos","project_category-educativo-proyectos","project_category-salud-proyectos","project_tag-fundacion-el-bosque"],"yoast_head":"<!-- This site is optimized with the Yoast SEO plugin v23.4 - https:\/\/yoast.com\/wordpress\/plugins\/seo\/ -->\n<title>Fundaci\u00f3n El Bosque - ADT Ac\u00fastica Dise\u00f1o Tecnolog\u00eda<\/title>\n<meta name=\"robots\" content=\"index, follow, max-snippet:-1, max-image-preview:large, max-video-preview:-1\" \/>\n<link rel=\"canonical\" href=\"https:\/\/adtacustica.com\/?project=438\" \/>\n<meta property=\"og:locale\" content=\"es_ES\" \/>\n<meta property=\"og:type\" content=\"article\" \/>\n<meta property=\"og:title\" content=\"Fundaci\u00f3n El Bosque - ADT Ac\u00fastica Dise\u00f1o Tecnolog\u00eda\" \/>\n<meta property=\"og:description\" content=\"Educativo, SaludEl Bosque se consolida como una Universidad de formaci\u00f3n, multidisciplinaria, con un foco que articula su desarrollo (en formaci\u00f3n, investigaci\u00f3n, transferencia y servicio) en la Salud y Calidad de Vida. Insertada en el entorno global, comprometida con las necesidades y oportunidades locales, regionales y nacionales.\" \/>\n<meta property=\"og:url\" content=\"https:\/\/adtacustica.com\/?project=438\" \/>\n<meta property=\"og:site_name\" content=\"ADT Ac\u00fastica Dise\u00f1o Tecnolog\u00eda\" \/>\n<meta property=\"article:modified_time\" content=\"2024-08-06T15:46:12+00:00\" \/>\n<meta property=\"og:image\" content=\"https:\/\/iconods.com\/adt\/wp-content\/uploads\/2024\/06\/2.FundacionElbosque1.jpg\" \/>\n\t<meta property=\"og:image:width\" content=\"1366\" \/>\n\t<meta property=\"og:image:height\" content=\"768\" \/>\n\t<meta property=\"og:image:type\" content=\"image\/jpeg\" \/>\n<meta name=\"twitter:card\" content=\"summary_large_image\" \/>\n<meta name=\"twitter:label1\" content=\"Tiempo de lectura\" \/>\n\t<meta name=\"twitter:data1\" content=\"2 minutos\" \/>\n<script type=\"application\/ld+json\" class=\"yoast-schema-graph\">{\"@context\":\"https:\/\/schema.org\",\"@graph\":[{\"@type\":\"WebPage\",\"@id\":\"https:\/\/adtacustica.com\/?project=438\",\"url\":\"https:\/\/adtacustica.com\/?project=438\",\"name\":\"Fundaci\u00f3n El Bosque - ADT Ac\u00fastica Dise\u00f1o Tecnolog\u00eda\",\"isPartOf\":{\"@id\":\"https:\/\/adtacustica.com\/#website\"},\"primaryImageOfPage\":{\"@id\":\"https:\/\/adtacustica.com\/?project=438#primaryimage\"},\"image\":{\"@id\":\"https:\/\/adtacustica.com\/?project=438#primaryimage\"},\"thumbnailUrl\":\"https:\/\/iconods.com\/adt\/wp-content\/uploads\/2024\/06\/2.FundacionElbosque1.jpg\",\"datePublished\":\"2024-06-19T01:19:32+00:00\",\"dateModified\":\"2024-08-06T15:46:12+00:00\",\"breadcrumb\":{\"@id\":\"https:\/\/adtacustica.com\/?project=438#breadcrumb\"},\"inLanguage\":\"es-CO\",\"potentialAction\":[{\"@type\":\"ReadAction\",\"target\":[\"https:\/\/adtacustica.com\/?project=438\"]}]},{\"@type\":\"ImageObject\",\"inLanguage\":\"es-CO\",\"@id\":\"https:\/\/adtacustica.com\/?project=438#primaryimage\",\"url\":\"https:\/\/iconods.com\/adt\/wp-content\/uploads\/2024\/06\/2.FundacionElbosque1.jpg\",\"contentUrl\":\"https:\/\/iconods.com\/adt\/wp-content\/uploads\/2024\/06\/2.FundacionElbosque1.jpg\",\"width\":1366,\"height\":768},{\"@type\":\"BreadcrumbList\",\"@id\":\"https:\/\/adtacustica.com\/?project=438#breadcrumb\",\"itemListElement\":[{\"@type\":\"ListItem\",\"position\":1,\"name\":\"Inicio\",\"item\":\"https:\/\/adtacustica.com\/\"},{\"@type\":\"ListItem\",\"position\":2,\"name\":\"Projects\",\"item\":\"https:\/\/adtacustica.com\/?post_type=project\"},{\"@type\":\"ListItem\",\"position\":3,\"name\":\"Fundaci\u00f3n El Bosque\"}]},{\"@type\":\"WebSite\",\"@id\":\"https:\/\/adtacustica.com\/#website\",\"url\":\"https:\/\/adtacustica.com\/\",\"name\":\"ADT Ac\u00fastica\",\"description\":\"Ac\u00fastica Dise\u00f1o Tecnolog\u00eda\",\"publisher\":{\"@id\":\"https:\/\/adtacustica.com\/#organization\"},\"potentialAction\":[{\"@type\":\"SearchAction\",\"target\":{\"@type\":\"EntryPoint\",\"urlTemplate\":\"https:\/\/adtacustica.com\/?s={search_term_string}\"},\"query-input\":{\"@type\":\"PropertyValueSpecification\",\"valueRequired\":true,\"valueName\":\"search_term_string\"}}],\"inLanguage\":\"es-CO\"},{\"@type\":\"Organization\",\"@id\":\"https:\/\/adtacustica.com\/#organization\",\"name\":\"ADT Ac\u00fastica Dise\u00f1o Tecnolog\u00eda\",\"alternateName\":\"ADT\",\"url\":\"https:\/\/adtacustica.com\/\",\"logo\":{\"@type\":\"ImageObject\",\"inLanguage\":\"es-CO\",\"@id\":\"https:\/\/adtacustica.com\/#\/schema\/logo\/image\/\",\"url\":\"https:\/\/iconods.com\/adt\/wp-content\/uploads\/2024\/06\/LogoQuienes.png\",\"contentUrl\":\"https:\/\/iconods.com\/adt\/wp-content\/uploads\/2024\/06\/LogoQuienes.png\",\"width\":574,\"height\":329,\"caption\":\"ADT Ac\u00fastica Dise\u00f1o Tecnolog\u00eda\"},\"image\":{\"@id\":\"https:\/\/adtacustica.com\/#\/schema\/logo\/image\/\"}}]}<\/script>\n<!-- \/ Yoast SEO plugin. -->","yoast_head_json":{"title":"Fundaci\u00f3n El Bosque - ADT Ac\u00fastica Dise\u00f1o Tecnolog\u00eda","robots":{"index":"index","follow":"follow","max-snippet":"max-snippet:-1","max-image-preview":"max-image-preview:large","max-video-preview":"max-video-preview:-1"},"canonical":"https:\/\/adtacustica.com\/?project=438","og_locale":"es_ES","og_type":"article","og_title":"Fundaci\u00f3n El Bosque - ADT Ac\u00fastica Dise\u00f1o Tecnolog\u00eda","og_description":"Educativo, SaludEl Bosque se consolida como una Universidad de formaci\u00f3n, multidisciplinaria, con un foco que articula su desarrollo (en formaci\u00f3n, investigaci\u00f3n, transferencia y servicio) en la Salud y Calidad de Vida. Insertada en el entorno global, comprometida con las necesidades y oportunidades locales, regionales y nacionales.","og_url":"https:\/\/adtacustica.com\/?project=438","og_site_name":"ADT Ac\u00fastica Dise\u00f1o Tecnolog\u00eda","article_modified_time":"2024-08-06T15:46:12+00:00","og_image":[{"width":1366,"height":768,"url":"https:\/\/iconods.com\/adt\/wp-content\/uploads\/2024\/06\/2.FundacionElbosque1.jpg","type":"image\/jpeg"}],"twitter_card":"summary_large_image","twitter_misc":{"Tiempo de lectura":"2 minutos"},"schema":{"@context":"https:\/\/schema.org","@graph":[{"@type":"WebPage","@id":"https:\/\/adtacustica.com\/?project=438","url":"https:\/\/adtacustica.com\/?project=438","name":"Fundaci\u00f3n El Bosque - ADT Ac\u00fastica Dise\u00f1o Tecnolog\u00eda","isPartOf":{"@id":"https:\/\/adtacustica.com\/#website"},"primaryImageOfPage":{"@id":"https:\/\/adtacustica.com\/?project=438#primaryimage"},"image":{"@id":"https:\/\/adtacustica.com\/?project=438#primaryimage"},"thumbnailUrl":"https:\/\/iconods.com\/adt\/wp-content\/uploads\/2024\/06\/2.FundacionElbosque1.jpg","datePublished":"2024-06-19T01:19:32+00:00","dateModified":"2024-08-06T15:46:12+00:00","breadcrumb":{"@id":"https:\/\/adtacustica.com\/?project=438#breadcrumb"},"inLanguage":"es-CO","potentialAction":[{"@type":"ReadAction","target":["https:\/\/adtacustica.com\/?project=438"]}]},{"@type":"ImageObject","inLanguage":"es-CO","@id":"https:\/\/adtacustica.com\/?project=438#primaryimage","url":"https:\/\/iconods.com\/adt\/wp-content\/uploads\/2024\/06\/2.FundacionElbosque1.jpg","contentUrl":"https:\/\/iconods.com\/adt\/wp-content\/uploads\/2024\/06\/2.FundacionElbosque1.jpg","width":1366,"height":768},{"@type":"BreadcrumbList","@id":"https:\/\/adtacustica.com\/?project=438#breadcrumb","itemListElement":[{"@type":"ListItem","position":1,"name":"Inicio","item":"https:\/\/adtacustica.com\/"},{"@type":"ListItem","position":2,"name":"Projects","item":"https:\/\/adtacustica.com\/?post_type=project"},{"@type":"ListItem","position":3,"name":"Fundaci\u00f3n El Bosque"}]},{"@type":"WebSite","@id":"https:\/\/adtacustica.com\/#website","url":"https:\/\/adtacustica.com\/","name":"ADT Ac\u00fastica","description":"Ac\u00fastica Dise\u00f1o Tecnolog\u00eda","publisher":{"@id":"https:\/\/adtacustica.com\/#organization"},"potentialAction":[{"@type":"SearchAction","target":{"@type":"EntryPoint","urlTemplate":"https:\/\/adtacustica.com\/?s={search_term_string}"},"query-input":{"@type":"PropertyValueSpecification","valueRequired":true,"valueName":"search_term_string"}}],"inLanguage":"es-CO"},{"@type":"Organization","@id":"https:\/\/adtacustica.com\/#organization","name":"ADT Ac\u00fastica Dise\u00f1o Tecnolog\u00eda","alternateName":"ADT","url":"https:\/\/adtacustica.com\/","logo":{"@type":"ImageObject","inLanguage":"es-CO","@id":"https:\/\/adtacustica.com\/#\/schema\/logo\/image\/","url":"https:\/\/iconods.com\/adt\/wp-content\/uploads\/2024\/06\/LogoQuienes.png","contentUrl":"https:\/\/iconods.com\/adt\/wp-content\/uploads\/2024\/06\/LogoQuienes.png","width":574,"height":329,"caption":"ADT Ac\u00fastica Dise\u00f1o Tecnolog\u00eda"},"image":{"@id":"https:\/\/adtacustica.com\/#\/schema\/logo\/image\/"}}]}},"_links":{"self":[{"href":"https:\/\/adtacustica.com\/index.php?rest_route=\/wp\/v2\/project\/438","targetHints":{"allow":["GET"]}}],"collection":[{"href":"https:\/\/adtacustica.com\/index.php?rest_route=\/wp\/v2\/project"}],"about":[{"href":"https:\/\/adtacustica.com\/index.php?rest_route=\/wp\/v2\/types\/project"}],"author":[{"embeddable":true,"href":"https:\/\/adtacustica.com\/index.php?rest_route=\/wp\/v2\/users\/1"}],"replies":[{"embeddable":true,"href":"https:\/\/adtacustica.com\/index.php?rest_route=%2Fwp%2Fv2%2Fcomments&post=438"}],"version-history":[{"count":10,"href":"https:\/\/adtacustica.com\/index.php?rest_route=\/wp\/v2\/project\/438\/revisions"}],"predecessor-version":[{"id":2514,"href":"https:\/\/adtacustica.com\/index.php?rest_route=\/wp\/v2\/project\/438\/revisions\/2514"}],"wp:featuredmedia":[{"embeddable":true,"href":"https:\/\/adtacustica.com\/index.php?rest_route=\/wp\/v2\/media\/440"}],"wp:attachment":[{"href":"https:\/\/adtacustica.com\/index.php?rest_route=%2Fwp%2Fv2%2Fmedia&parent=438"}],"wp:term":[{"taxonomy":"project_category","embeddable":true,"href":"https:\/\/adtacustica.com\/index.php?rest_route=%2Fwp%2Fv2%2Fproject_category&post=438"},{"taxonomy":"project_tag","embeddable":true,"href":"https:\/\/adtacustica.com\/index.php?rest_route=%2Fwp%2Fv2%2Fproject_tag&post=438"}],"curies":[{"name":"wp","href":"https:\/\/api.w.org\/{rel}","templated":true}]}}