{"id":2592,"date":"2024-12-04T19:11:38","date_gmt":"2024-12-05T00:11:38","guid":{"rendered":"https:\/\/iconods.com\/adt\/?post_type=project&#038;p=2592"},"modified":"2024-12-04T19:26:17","modified_gmt":"2024-12-05T00:26:17","slug":"2592","status":"publish","type":"project","link":"https:\/\/adtacustica.com\/?project=2592","title":{"rendered":"Oratorio Universidad de La Sabana"},"content":{"rendered":"<p>[et_pb_section fb_built=&#8221;1&#8243; _builder_version=&#8221;4.25.2&#8243; _module_preset=&#8221;default&#8221; global_colors_info=&#8221;{}&#8221;][et_pb_row column_structure=&#8221;1_2,1_2&#8243; _builder_version=&#8221;4.25.2&#8243; _module_preset=&#8221;default&#8221; global_colors_info=&#8221;{}&#8221;][et_pb_column type=&#8221;1_2&#8243; _builder_version=&#8221;4.25.2&#8243; _module_preset=&#8221;default&#8221; global_colors_info=&#8221;{}&#8221;][et_pb_text _builder_version=&#8221;4.27.4&#8243; _module_preset=&#8221;default&#8221; global_colors_info=&#8221;{}&#8221;]<\/p>\n<p>Religioso<\/p>\n<p>[\/et_pb_text][et_pb_heading title=&#8221;Oratorio Universiadad de La Sabana&#8221; _builder_version=&#8221;4.25.2&#8243; _module_preset=&#8221;default&#8221; title_text_color=&#8221;#000000&#8243; global_colors_info=&#8221;{}&#8221;][\/et_pb_heading][et_pb_text _builder_version=&#8221;4.25.2&#8243; _module_preset=&#8221;default&#8221; global_colors_info=&#8221;{}&#8221;]<\/p>\n<p>La Universidad de La Sabana es una universidad privada de Colombia, vigilada por el Ministerio de Educaci\u00f3n de Colombia. Fue fundada el 21 de septiembre de 1979 por la Asociaci\u00f3n para la Ense\u00f1anza &#8220;Aspaen&#8221;, siendo su antecedente el INSE &#8220;Instituto Superior de Educaci\u00f3n&#8221;, considerado uno de los primeros en educaci\u00f3n a distancia en el pa\u00eds y Am\u00e9rica Latina.<\/p>\n<p>[\/et_pb_text][\/et_pb_column][et_pb_column type=&#8221;1_2&#8243; _builder_version=&#8221;4.25.2&#8243; _module_preset=&#8221;default&#8221; global_colors_info=&#8221;{}&#8221;][et_pb_image src=&#8221;https:\/\/iconods.com\/adt\/wp-content\/uploads\/2024\/12\/WhatsApp-Image-2024-12-04-at-12.42.31-PM-1-scaled.jpeg&#8221; alt=&#8221;Hospital Centro de Tratamiento e Investigaci\u00f3n de C\u00e1ncer&#8221; title_text=&#8221;WhatsApp Image 2024-12-04 at 12.42.31 PM (1)&#8221; _builder_version=&#8221;4.27.4&#8243; _module_preset=&#8221;default&#8221; global_colors_info=&#8221;{}&#8221;][\/et_pb_image][\/et_pb_column][\/et_pb_row][\/et_pb_section][et_pb_section fb_built=&#8221;1&#8243; admin_label=&#8221;Section&#8221; _builder_version=&#8221;4.25.2&#8243; _module_preset=&#8221;default&#8221; global_colors_info=&#8221;{}&#8221;][et_pb_row _builder_version=&#8221;4.25.2&#8243; _module_preset=&#8221;default&#8221; global_colors_info=&#8221;{}&#8221;][et_pb_column type=&#8221;4_4&#8243; admin_label=&#8221;Column&#8221; _builder_version=&#8221;4.25.2&#8243; _module_preset=&#8221;default&#8221; global_colors_info=&#8221;{}&#8221;][et_pb_gallery gallery_ids=&#8221;2594,2595,2597&#8243; gallery_orderby=&#8221;rand&#8221; show_title_and_caption=&#8221;off&#8221; show_pagination=&#8221;off&#8221; admin_label=&#8221;Gallery&#8221; _builder_version=&#8221;4.27.4&#8243; _module_preset=&#8221;default&#8221; hover_enabled=&#8221;0&#8243; global_colors_info=&#8221;{}&#8221; sticky_enabled=&#8221;0&#8243;][\/et_pb_gallery][\/et_pb_column][\/et_pb_row][\/et_pb_section][et_pb_section fb_built=&#8221;1&#8243; _builder_version=&#8221;4.25.2&#8243; _module_preset=&#8221;default&#8221; global_colors_info=&#8221;{}&#8221;][et_pb_row _builder_version=&#8221;4.25.2&#8243; _module_preset=&#8221;default&#8221; global_colors_info=&#8221;{}&#8221;][et_pb_column type=&#8221;4_4&#8243; _builder_version=&#8221;4.25.2&#8243; _module_preset=&#8221;default&#8221; global_colors_info=&#8221;{}&#8221;][dsm_masonry_gallery gallery_ids=&#8221;2595,2594,2597&#8243; dsm_sort_images=&#8221;off&#8221; columns=&#8221;2&#8243; use_horizontal_order=&#8221;off&#8221; use_zoom_on_hover=&#8221;on&#8221; _builder_version=&#8221;4.27.4&#8243; _module_preset=&#8221;default&#8221; hover_enabled=&#8221;0&#8243; global_colors_info=&#8221;{}&#8221; sticky_enabled=&#8221;0&#8243;][\/dsm_masonry_gallery][\/et_pb_column][\/et_pb_row][\/et_pb_section][et_pb_section fb_built=&#8221;1&#8243; _builder_version=&#8221;4.25.2&#8243; _module_preset=&#8221;default&#8221; global_colors_info=&#8221;{}&#8221;][et_pb_row _builder_version=&#8221;4.25.2&#8243; _module_preset=&#8221;default&#8221; global_colors_info=&#8221;{}&#8221;][et_pb_column type=&#8221;4_4&#8243; _builder_version=&#8221;4.25.2&#8243; _module_preset=&#8221;default&#8221; global_colors_info=&#8221;{}&#8221;][et_pb_gallery gallery_ids=&#8221;2594,2595,2597&#8243; gallery_orderby=&#8221;rand&#8221; fullwidth=&#8221;on&#8221; _builder_version=&#8221;4.27.4&#8243; _module_preset=&#8221;default&#8221; hover_enabled=&#8221;0&#8243; global_colors_info=&#8221;{}&#8221; sticky_enabled=&#8221;0&#8243;][\/et_pb_gallery][\/et_pb_column][\/et_pb_row][\/et_pb_section]<\/p>\n","protected":false},"excerpt":{"rendered":"<p>ReligiosoLa Universidad de La Sabana es una universidad privada de Colombia, vigilada por el Ministerio de Educaci\u00f3n de Colombia. Fue fundada el 21 de septiembre de 1979 por la Asociaci\u00f3n para la Ense\u00f1anza &#8220;Aspaen&#8221;, siendo su antecedente el INSE &#8220;Instituto Superior de Educaci\u00f3n&#8221;, considerado uno de los primeros en educaci\u00f3n a distancia en el pa\u00eds y Am\u00e9rica Latina.<div class=\"et_pb_module dsm_masonry_gallery dsm_masonry_gallery_0\">\n\t\t\t\t\n\t\t\t\t\n\t\t\t\t\n\t\t\t\t\n\t\t\t\t\n\t\t\t\t\n\t\t\t\t<div class=\"et_pb_module_inner\">\n\t\t\t\t\t<div class=\"dsm-gallery grid dsm_masonry_zoom_hover\" data-lightbox=\"false\" data-horizontalorder=\"false\">\n                <div class=\"grid-sizer\"><\/div><div class=\"gutter-sizer\"><\/div><div class=\"grid-item\">\n                    <div class=\"et_pb_image_wrap\">\n                        <img loading=\"lazy\" decoding=\"async\" src=\"https:\/\/iconods.com\/adt\/wp-content\/uploads\/2024\/12\/WhatsApp-Image-2024-12-04-at-12.42.31-PM-1-scaled.jpeg\" title=\"WhatsApp Image 2024-12-04 at 12.42.31 PM (1)\" alt=\"\" class=\"dsm-skip-lazyload\" srcset=\"https:\/\/iconods.com\/adt\/wp-content\/uploads\/2024\/12\/WhatsApp-Image-2024-12-04-at-12.42.31-PM-1-scaled.jpeg 2560w, https:\/\/iconods.com\/adt\/wp-content\/uploads\/2024\/12\/WhatsApp-Image-2024-12-04-at-12.42.31-PM-1-300x225.jpeg 300w, https:\/\/iconods.com\/adt\/wp-content\/uploads\/2024\/12\/WhatsApp-Image-2024-12-04-at-12.42.31-PM-1-1024x768.jpeg 1024w, https:\/\/iconods.com\/adt\/wp-content\/uploads\/2024\/12\/WhatsApp-Image-2024-12-04-at-12.42.31-PM-1-768x576.jpeg 768w, https:\/\/iconods.com\/adt\/wp-content\/uploads\/2024\/12\/WhatsApp-Image-2024-12-04-at-12.42.31-PM-1-1536x1152.jpeg 1536w, https:\/\/iconods.com\/adt\/wp-content\/uploads\/2024\/12\/WhatsApp-Image-2024-12-04-at-12.42.31-PM-1-2048x1536.jpeg 2048w, https:\/\/iconods.com\/adt\/wp-content\/uploads\/2024\/12\/WhatsApp-Image-2024-12-04-at-12.42.31-PM-1-510x382.jpeg 510w, https:\/\/iconods.com\/adt\/wp-content\/uploads\/2024\/12\/WhatsApp-Image-2024-12-04-at-12.42.31-PM-1-1080x810.jpeg 1080w\" sizes=\"(max-width: 2560px) 100vw, 2560px\" width=\"2560\" height=\"1920\" \/>\n                        \n                    <\/div>\n                <\/div><div class=\"grid-item\">\n                    <div class=\"et_pb_image_wrap\">\n                        <img loading=\"lazy\" decoding=\"async\" src=\"https:\/\/iconods.com\/adt\/wp-content\/uploads\/2024\/12\/WhatsApp-Image-2024-12-04-at-12.42.32-PM-3-scaled.jpeg\" title=\"WhatsApp Image 2024-12-04 at 12.42.32 PM (3)\" alt=\"\" class=\"dsm-skip-lazyload\" srcset=\"https:\/\/iconods.com\/adt\/wp-content\/uploads\/2024\/12\/WhatsApp-Image-2024-12-04-at-12.42.32-PM-3-scaled.jpeg 2560w, https:\/\/iconods.com\/adt\/wp-content\/uploads\/2024\/12\/WhatsApp-Image-2024-12-04-at-12.42.32-PM-3-300x225.jpeg 300w, https:\/\/iconods.com\/adt\/wp-content\/uploads\/2024\/12\/WhatsApp-Image-2024-12-04-at-12.42.32-PM-3-1024x768.jpeg 1024w, https:\/\/iconods.com\/adt\/wp-content\/uploads\/2024\/12\/WhatsApp-Image-2024-12-04-at-12.42.32-PM-3-768x576.jpeg 768w, https:\/\/iconods.com\/adt\/wp-content\/uploads\/2024\/12\/WhatsApp-Image-2024-12-04-at-12.42.32-PM-3-1536x1152.jpeg 1536w, https:\/\/iconods.com\/adt\/wp-content\/uploads\/2024\/12\/WhatsApp-Image-2024-12-04-at-12.42.32-PM-3-2048x1536.jpeg 2048w, https:\/\/iconods.com\/adt\/wp-content\/uploads\/2024\/12\/WhatsApp-Image-2024-12-04-at-12.42.32-PM-3-510x382.jpeg 510w, https:\/\/iconods.com\/adt\/wp-content\/uploads\/2024\/12\/WhatsApp-Image-2024-12-04-at-12.42.32-PM-3-1080x810.jpeg 1080w\" sizes=\"(max-width: 2560px) 100vw, 2560px\" width=\"2560\" height=\"1920\" \/>\n                        \n                    <\/div>\n                <\/div><div class=\"grid-item\">\n                    <div class=\"et_pb_image_wrap\">\n                        <img loading=\"lazy\" decoding=\"async\" src=\"https:\/\/iconods.com\/adt\/wp-content\/uploads\/2024\/12\/WhatsApp-Image-2024-12-04-at-12.42.32-PM-1-scaled.jpeg\" title=\"WhatsApp Image 2024-12-04 at 12.42.32 PM (1)\" alt=\"\" class=\"dsm-skip-lazyload\" srcset=\"https:\/\/iconods.com\/adt\/wp-content\/uploads\/2024\/12\/WhatsApp-Image-2024-12-04-at-12.42.32-PM-1-scaled.jpeg 1920w, https:\/\/iconods.com\/adt\/wp-content\/uploads\/2024\/12\/WhatsApp-Image-2024-12-04-at-12.42.32-PM-1-225x300.jpeg 225w, https:\/\/iconods.com\/adt\/wp-content\/uploads\/2024\/12\/WhatsApp-Image-2024-12-04-at-12.42.32-PM-1-768x1024.jpeg 768w, https:\/\/iconods.com\/adt\/wp-content\/uploads\/2024\/12\/WhatsApp-Image-2024-12-04-at-12.42.32-PM-1-1152x1536.jpeg 1152w, https:\/\/iconods.com\/adt\/wp-content\/uploads\/2024\/12\/WhatsApp-Image-2024-12-04-at-12.42.32-PM-1-1536x2048.jpeg 1536w, https:\/\/iconods.com\/adt\/wp-content\/uploads\/2024\/12\/WhatsApp-Image-2024-12-04-at-12.42.32-PM-1-1080x1440.jpeg 1080w\" sizes=\"(max-width: 1920px) 100vw, 1920px\" width=\"1920\" height=\"2560\" \/>\n                        \n                    <\/div>\n                <\/div>\n             <\/div>\n\t\t\t\t<\/div>\n\t\t\t<\/div><\/p>\n","protected":false},"author":1,"featured_media":2595,"comment_status":"open","ping_status":"closed","template":"","meta":{"_et_pb_use_builder":"on","_et_pb_old_content":"","_et_gb_content_width":"","footnotes":""},"project_category":[31,30,27,25],"project_tag":[],"class_list":["post-2592","project","type-project","status-publish","has-post-thumbnail","hentry","project_category-disenos-de-audio-video-e-iluminacion-artistica","project_category-disenos-acusticos","project_category-educativo-proyectos","project_category-religioso-proyectos"],"yoast_head":"<!-- This site is optimized with the Yoast SEO plugin v23.4 - https:\/\/yoast.com\/wordpress\/plugins\/seo\/ -->\n<title>Oratorio Universidad de La Sabana - ADT Ac\u00fastica Dise\u00f1o Tecnolog\u00eda<\/title>\n<meta name=\"robots\" content=\"index, follow, max-snippet:-1, max-image-preview:large, max-video-preview:-1\" \/>\n<link rel=\"canonical\" href=\"https:\/\/adtacustica.com\/?project=2592\" \/>\n<meta property=\"og:locale\" content=\"es_ES\" \/>\n<meta property=\"og:type\" content=\"article\" \/>\n<meta property=\"og:title\" content=\"Oratorio Universidad de La Sabana - ADT Ac\u00fastica Dise\u00f1o Tecnolog\u00eda\" \/>\n<meta property=\"og:description\" content=\"ReligiosoLa Universidad de La Sabana es una universidad privada de Colombia, vigilada por el Ministerio de Educaci\u00f3n de Colombia. Fue fundada el 21 de septiembre de 1979 por la Asociaci\u00f3n para la Ense\u00f1anza &quot;Aspaen&quot;, siendo su antecedente el INSE &quot;Instituto Superior de Educaci\u00f3n&quot;, considerado uno de los primeros en educaci\u00f3n a distancia en el pa\u00eds y Am\u00e9rica Latina.\" \/>\n<meta property=\"og:url\" content=\"https:\/\/adtacustica.com\/?project=2592\" \/>\n<meta property=\"og:site_name\" content=\"ADT Ac\u00fastica Dise\u00f1o Tecnolog\u00eda\" \/>\n<meta property=\"article:modified_time\" content=\"2024-12-05T00:26:17+00:00\" \/>\n<meta property=\"og:image\" content=\"https:\/\/iconods.com\/adt\/wp-content\/uploads\/2024\/12\/WhatsApp-Image-2024-12-04-at-12.42.31-PM-1-scaled.jpeg\" \/>\n\t<meta property=\"og:image:width\" content=\"2560\" \/>\n\t<meta property=\"og:image:height\" content=\"1920\" \/>\n\t<meta property=\"og:image:type\" content=\"image\/jpeg\" \/>\n<meta name=\"twitter:card\" content=\"summary_large_image\" \/>\n<meta name=\"twitter:label1\" content=\"Tiempo de lectura\" \/>\n\t<meta name=\"twitter:data1\" content=\"4 minutos\" \/>\n<script type=\"application\/ld+json\" class=\"yoast-schema-graph\">{\"@context\":\"https:\/\/schema.org\",\"@graph\":[{\"@type\":\"WebPage\",\"@id\":\"https:\/\/adtacustica.com\/?project=2592\",\"url\":\"https:\/\/adtacustica.com\/?project=2592\",\"name\":\"Oratorio Universidad de La Sabana - ADT Ac\u00fastica Dise\u00f1o Tecnolog\u00eda\",\"isPartOf\":{\"@id\":\"https:\/\/adtacustica.com\/#website\"},\"primaryImageOfPage\":{\"@id\":\"https:\/\/adtacustica.com\/?project=2592#primaryimage\"},\"image\":{\"@id\":\"https:\/\/adtacustica.com\/?project=2592#primaryimage\"},\"thumbnailUrl\":\"https:\/\/iconods.com\/adt\/wp-content\/uploads\/2024\/12\/WhatsApp-Image-2024-12-04-at-12.42.31-PM-1-scaled.jpeg\",\"datePublished\":\"2024-12-05T00:11:38+00:00\",\"dateModified\":\"2024-12-05T00:26:17+00:00\",\"breadcrumb\":{\"@id\":\"https:\/\/adtacustica.com\/?project=2592#breadcrumb\"},\"inLanguage\":\"es-CO\",\"potentialAction\":[{\"@type\":\"ReadAction\",\"target\":[\"https:\/\/adtacustica.com\/?project=2592\"]}]},{\"@type\":\"ImageObject\",\"inLanguage\":\"es-CO\",\"@id\":\"https:\/\/adtacustica.com\/?project=2592#primaryimage\",\"url\":\"https:\/\/iconods.com\/adt\/wp-content\/uploads\/2024\/12\/WhatsApp-Image-2024-12-04-at-12.42.31-PM-1-scaled.jpeg\",\"contentUrl\":\"https:\/\/iconods.com\/adt\/wp-content\/uploads\/2024\/12\/WhatsApp-Image-2024-12-04-at-12.42.31-PM-1-scaled.jpeg\",\"width\":2560,\"height\":1920},{\"@type\":\"BreadcrumbList\",\"@id\":\"https:\/\/adtacustica.com\/?project=2592#breadcrumb\",\"itemListElement\":[{\"@type\":\"ListItem\",\"position\":1,\"name\":\"Inicio\",\"item\":\"https:\/\/adtacustica.com\/\"},{\"@type\":\"ListItem\",\"position\":2,\"name\":\"Projects\",\"item\":\"https:\/\/adtacustica.com\/?post_type=project\"},{\"@type\":\"ListItem\",\"position\":3,\"name\":\"Oratorio Universidad de La Sabana\"}]},{\"@type\":\"WebSite\",\"@id\":\"https:\/\/adtacustica.com\/#website\",\"url\":\"https:\/\/adtacustica.com\/\",\"name\":\"ADT Ac\u00fastica\",\"description\":\"Ac\u00fastica Dise\u00f1o Tecnolog\u00eda\",\"publisher\":{\"@id\":\"https:\/\/adtacustica.com\/#organization\"},\"potentialAction\":[{\"@type\":\"SearchAction\",\"target\":{\"@type\":\"EntryPoint\",\"urlTemplate\":\"https:\/\/adtacustica.com\/?s={search_term_string}\"},\"query-input\":{\"@type\":\"PropertyValueSpecification\",\"valueRequired\":true,\"valueName\":\"search_term_string\"}}],\"inLanguage\":\"es-CO\"},{\"@type\":\"Organization\",\"@id\":\"https:\/\/adtacustica.com\/#organization\",\"name\":\"ADT Ac\u00fastica Dise\u00f1o Tecnolog\u00eda\",\"alternateName\":\"ADT\",\"url\":\"https:\/\/adtacustica.com\/\",\"logo\":{\"@type\":\"ImageObject\",\"inLanguage\":\"es-CO\",\"@id\":\"https:\/\/adtacustica.com\/#\/schema\/logo\/image\/\",\"url\":\"https:\/\/iconods.com\/adt\/wp-content\/uploads\/2024\/06\/LogoQuienes.png\",\"contentUrl\":\"https:\/\/iconods.com\/adt\/wp-content\/uploads\/2024\/06\/LogoQuienes.png\",\"width\":574,\"height\":329,\"caption\":\"ADT Ac\u00fastica Dise\u00f1o Tecnolog\u00eda\"},\"image\":{\"@id\":\"https:\/\/adtacustica.com\/#\/schema\/logo\/image\/\"}}]}<\/script>\n<!-- \/ Yoast SEO plugin. -->","yoast_head_json":{"title":"Oratorio Universidad de La Sabana - ADT Ac\u00fastica Dise\u00f1o Tecnolog\u00eda","robots":{"index":"index","follow":"follow","max-snippet":"max-snippet:-1","max-image-preview":"max-image-preview:large","max-video-preview":"max-video-preview:-1"},"canonical":"https:\/\/adtacustica.com\/?project=2592","og_locale":"es_ES","og_type":"article","og_title":"Oratorio Universidad de La Sabana - ADT Ac\u00fastica Dise\u00f1o Tecnolog\u00eda","og_description":"ReligiosoLa Universidad de La Sabana es una universidad privada de Colombia, vigilada por el Ministerio de Educaci\u00f3n de Colombia. Fue fundada el 21 de septiembre de 1979 por la Asociaci\u00f3n para la Ense\u00f1anza \"Aspaen\", siendo su antecedente el INSE \"Instituto Superior de Educaci\u00f3n\", considerado uno de los primeros en educaci\u00f3n a distancia en el pa\u00eds y Am\u00e9rica Latina.","og_url":"https:\/\/adtacustica.com\/?project=2592","og_site_name":"ADT Ac\u00fastica Dise\u00f1o Tecnolog\u00eda","article_modified_time":"2024-12-05T00:26:17+00:00","og_image":[{"width":2560,"height":1920,"url":"https:\/\/iconods.com\/adt\/wp-content\/uploads\/2024\/12\/WhatsApp-Image-2024-12-04-at-12.42.31-PM-1-scaled.jpeg","type":"image\/jpeg"}],"twitter_card":"summary_large_image","twitter_misc":{"Tiempo de lectura":"4 minutos"},"schema":{"@context":"https:\/\/schema.org","@graph":[{"@type":"WebPage","@id":"https:\/\/adtacustica.com\/?project=2592","url":"https:\/\/adtacustica.com\/?project=2592","name":"Oratorio Universidad de La Sabana - ADT Ac\u00fastica Dise\u00f1o Tecnolog\u00eda","isPartOf":{"@id":"https:\/\/adtacustica.com\/#website"},"primaryImageOfPage":{"@id":"https:\/\/adtacustica.com\/?project=2592#primaryimage"},"image":{"@id":"https:\/\/adtacustica.com\/?project=2592#primaryimage"},"thumbnailUrl":"https:\/\/iconods.com\/adt\/wp-content\/uploads\/2024\/12\/WhatsApp-Image-2024-12-04-at-12.42.31-PM-1-scaled.jpeg","datePublished":"2024-12-05T00:11:38+00:00","dateModified":"2024-12-05T00:26:17+00:00","breadcrumb":{"@id":"https:\/\/adtacustica.com\/?project=2592#breadcrumb"},"inLanguage":"es-CO","potentialAction":[{"@type":"ReadAction","target":["https:\/\/adtacustica.com\/?project=2592"]}]},{"@type":"ImageObject","inLanguage":"es-CO","@id":"https:\/\/adtacustica.com\/?project=2592#primaryimage","url":"https:\/\/iconods.com\/adt\/wp-content\/uploads\/2024\/12\/WhatsApp-Image-2024-12-04-at-12.42.31-PM-1-scaled.jpeg","contentUrl":"https:\/\/iconods.com\/adt\/wp-content\/uploads\/2024\/12\/WhatsApp-Image-2024-12-04-at-12.42.31-PM-1-scaled.jpeg","width":2560,"height":1920},{"@type":"BreadcrumbList","@id":"https:\/\/adtacustica.com\/?project=2592#breadcrumb","itemListElement":[{"@type":"ListItem","position":1,"name":"Inicio","item":"https:\/\/adtacustica.com\/"},{"@type":"ListItem","position":2,"name":"Projects","item":"https:\/\/adtacustica.com\/?post_type=project"},{"@type":"ListItem","position":3,"name":"Oratorio Universidad de La Sabana"}]},{"@type":"WebSite","@id":"https:\/\/adtacustica.com\/#website","url":"https:\/\/adtacustica.com\/","name":"ADT Ac\u00fastica","description":"Ac\u00fastica Dise\u00f1o Tecnolog\u00eda","publisher":{"@id":"https:\/\/adtacustica.com\/#organization"},"potentialAction":[{"@type":"SearchAction","target":{"@type":"EntryPoint","urlTemplate":"https:\/\/adtacustica.com\/?s={search_term_string}"},"query-input":{"@type":"PropertyValueSpecification","valueRequired":true,"valueName":"search_term_string"}}],"inLanguage":"es-CO"},{"@type":"Organization","@id":"https:\/\/adtacustica.com\/#organization","name":"ADT Ac\u00fastica Dise\u00f1o Tecnolog\u00eda","alternateName":"ADT","url":"https:\/\/adtacustica.com\/","logo":{"@type":"ImageObject","inLanguage":"es-CO","@id":"https:\/\/adtacustica.com\/#\/schema\/logo\/image\/","url":"https:\/\/iconods.com\/adt\/wp-content\/uploads\/2024\/06\/LogoQuienes.png","contentUrl":"https:\/\/iconods.com\/adt\/wp-content\/uploads\/2024\/06\/LogoQuienes.png","width":574,"height":329,"caption":"ADT Ac\u00fastica Dise\u00f1o Tecnolog\u00eda"},"image":{"@id":"https:\/\/adtacustica.com\/#\/schema\/logo\/image\/"}}]}},"_links":{"self":[{"href":"https:\/\/adtacustica.com\/index.php?rest_route=\/wp\/v2\/project\/2592","targetHints":{"allow":["GET"]}}],"collection":[{"href":"https:\/\/adtacustica.com\/index.php?rest_route=\/wp\/v2\/project"}],"about":[{"href":"https:\/\/adtacustica.com\/index.php?rest_route=\/wp\/v2\/types\/project"}],"author":[{"embeddable":true,"href":"https:\/\/adtacustica.com\/index.php?rest_route=\/wp\/v2\/users\/1"}],"replies":[{"embeddable":true,"href":"https:\/\/adtacustica.com\/index.php?rest_route=%2Fwp%2Fv2%2Fcomments&post=2592"}],"version-history":[{"count":6,"href":"https:\/\/adtacustica.com\/index.php?rest_route=\/wp\/v2\/project\/2592\/revisions"}],"predecessor-version":[{"id":2603,"href":"https:\/\/adtacustica.com\/index.php?rest_route=\/wp\/v2\/project\/2592\/revisions\/2603"}],"wp:featuredmedia":[{"embeddable":true,"href":"https:\/\/adtacustica.com\/index.php?rest_route=\/wp\/v2\/media\/2595"}],"wp:attachment":[{"href":"https:\/\/adtacustica.com\/index.php?rest_route=%2Fwp%2Fv2%2Fmedia&parent=2592"}],"wp:term":[{"taxonomy":"project_category","embeddable":true,"href":"https:\/\/adtacustica.com\/index.php?rest_route=%2Fwp%2Fv2%2Fproject_category&post=2592"},{"taxonomy":"project_tag","embeddable":true,"href":"https:\/\/adtacustica.com\/index.php?rest_route=%2Fwp%2Fv2%2Fproject_tag&post=2592"}],"curies":[{"name":"wp","href":"https:\/\/api.w.org\/{rel}","templated":true}]}}