{"id":2222,"date":"2024-07-30T10:18:16","date_gmt":"2024-07-30T15:18:16","guid":{"rendered":"https:\/\/iconods.com\/adt\/?post_type=project&#038;p=2222"},"modified":"2024-08-06T10:23:44","modified_gmt":"2024-08-06T15:23:44","slug":"20-centro-de-convencines-neomundo","status":"publish","type":"project","link":"https:\/\/adtacustica.com\/?project=20-centro-de-convencines-neomundo","title":{"rendered":"Centro de Convencines Neomundo"},"content":{"rendered":"<p>[et_pb_section fb_built=&#8221;1&#8243; _builder_version=&#8221;4.25.2&#8243; _module_preset=&#8221;default&#8221; global_colors_info=&#8221;{}&#8221; theme_builder_area=&#8221;post_content&#8221;][et_pb_row column_structure=&#8221;1_2,1_2&#8243; _builder_version=&#8221;4.25.2&#8243; _module_preset=&#8221;default&#8221; global_colors_info=&#8221;{}&#8221; theme_builder_area=&#8221;post_content&#8221;][et_pb_column type=&#8221;1_2&#8243; _builder_version=&#8221;4.25.2&#8243; _module_preset=&#8221;default&#8221; global_colors_info=&#8221;{}&#8221; theme_builder_area=&#8221;post_content&#8221;][et_pb_text _builder_version=&#8221;4.27.0&#8243; _module_preset=&#8221;default&#8221; global_colors_info=&#8221;{}&#8221; theme_builder_area=&#8221;post_content&#8221;]<\/p>\n<p>Corporativo<\/p>\n<p>[\/et_pb_text][et_pb_heading title=&#8221;Centro de Convenciones Neomundo&#8221; _builder_version=&#8221;4.27.0&#8243; _module_preset=&#8221;default&#8221; title_text_color=&#8221;#000000&#8243; hover_enabled=&#8221;0&#8243; global_colors_info=&#8221;{}&#8221; theme_builder_area=&#8221;post_content&#8221; sticky_enabled=&#8221;0&#8243;][\/et_pb_heading][et_pb_text _builder_version=&#8221;4.25.2&#8243; _module_preset=&#8221;default&#8221; global_colors_info=&#8221;{}&#8221; theme_builder_area=&#8221;post_content&#8221;]<\/p>\n<p><span>Neomundo es un Centro de Eventos y Convenciones, el cual cuenta con varios salones de reuniones de diferentes tama\u00f1os y espacios de exposiciones al aire libre. Las instalaciones son muy bonitas y la iluminaci\u00f3n es espectacular en la noche. Se encuentra en un lugar muy central de la ciudad de Bucaramanga, cerca del Centro Comercial Cacique.<\/span><\/p>\n<p>[\/et_pb_text][\/et_pb_column][et_pb_column type=&#8221;1_2&#8243; _builder_version=&#8221;4.25.2&#8243; _module_preset=&#8221;default&#8221; global_colors_info=&#8221;{}&#8221; theme_builder_area=&#8221;post_content&#8221;][et_pb_image src=&#8221;https:\/\/iconods.com\/adt\/wp-content\/uploads\/2024\/07\/IMG_20180618_163842.jpg&#8221; alt=&#8221;Hospital Centro de Tratamiento e Investigaci\u00f3n de C\u00e1ncer&#8221; title_text=&#8221;rpt&#8221; _builder_version=&#8221;4.27.0&#8243; _module_preset=&#8221;default&#8221; global_colors_info=&#8221;{}&#8221; theme_builder_area=&#8221;post_content&#8221;][\/et_pb_image][\/et_pb_column][\/et_pb_row][\/et_pb_section][et_pb_section fb_built=&#8221;1&#8243; admin_label=&#8221;Section&#8221; _builder_version=&#8221;4.25.2&#8243; _module_preset=&#8221;default&#8221; global_colors_info=&#8221;{}&#8221; theme_builder_area=&#8221;post_content&#8221;][et_pb_row _builder_version=&#8221;4.25.2&#8243; _module_preset=&#8221;default&#8221; global_colors_info=&#8221;{}&#8221; theme_builder_area=&#8221;post_content&#8221;][et_pb_column type=&#8221;4_4&#8243; admin_label=&#8221;Column&#8221; _builder_version=&#8221;4.25.2&#8243; _module_preset=&#8221;default&#8221; global_colors_info=&#8221;{}&#8221; theme_builder_area=&#8221;post_content&#8221;][et_pb_gallery gallery_ids=&#8221;2223,2224,2225,2226,2227,2228&#8243; gallery_orderby=&#8221;rand&#8221; show_title_and_caption=&#8221;off&#8221; show_pagination=&#8221;off&#8221; admin_label=&#8221;Gallery&#8221; _builder_version=&#8221;4.27.0&#8243; _module_preset=&#8221;default&#8221; global_colors_info=&#8221;{}&#8221; theme_builder_area=&#8221;post_content&#8221;][\/et_pb_gallery][\/et_pb_column][\/et_pb_row][\/et_pb_section][et_pb_section fb_built=&#8221;1&#8243; _builder_version=&#8221;4.25.2&#8243; _module_preset=&#8221;default&#8221; global_colors_info=&#8221;{}&#8221; theme_builder_area=&#8221;post_content&#8221;][et_pb_row _builder_version=&#8221;4.25.2&#8243; _module_preset=&#8221;default&#8221; global_colors_info=&#8221;{}&#8221; theme_builder_area=&#8221;post_content&#8221;][et_pb_column type=&#8221;4_4&#8243; _builder_version=&#8221;4.25.2&#8243; _module_preset=&#8221;default&#8221; global_colors_info=&#8221;{}&#8221; theme_builder_area=&#8221;post_content&#8221;][dsm_masonry_gallery gallery_ids=&#8221;401,402,403,404&#8243; dsm_sort_images=&#8221;off&#8221; columns=&#8221;2&#8243; use_horizontal_order=&#8221;off&#8221; use_zoom_on_hover=&#8221;on&#8221; _builder_version=&#8221;4.25.2&#8243; _module_preset=&#8221;default&#8221; global_colors_info=&#8221;{}&#8221; theme_builder_area=&#8221;post_content&#8221;][\/dsm_masonry_gallery][\/et_pb_column][\/et_pb_row][\/et_pb_section][et_pb_section fb_built=&#8221;1&#8243; _builder_version=&#8221;4.25.2&#8243; _module_preset=&#8221;default&#8221; global_colors_info=&#8221;{}&#8221; theme_builder_area=&#8221;post_content&#8221;][et_pb_row _builder_version=&#8221;4.25.2&#8243; _module_preset=&#8221;default&#8221; global_colors_info=&#8221;{}&#8221; theme_builder_area=&#8221;post_content&#8221;][et_pb_column type=&#8221;4_4&#8243; _builder_version=&#8221;4.25.2&#8243; _module_preset=&#8221;default&#8221; global_colors_info=&#8221;{}&#8221; theme_builder_area=&#8221;post_content&#8221;][et_pb_gallery gallery_ids=&#8221;2224,2225,2223,2226,2227,2228&#8243; gallery_orderby=&#8221;rand&#8221; fullwidth=&#8221;on&#8221; _builder_version=&#8221;4.27.0&#8243; _module_preset=&#8221;default&#8221; hover_enabled=&#8221;0&#8243; global_colors_info=&#8221;{}&#8221; theme_builder_area=&#8221;post_content&#8221; sticky_enabled=&#8221;0&#8243;][\/et_pb_gallery][\/et_pb_column][\/et_pb_row][\/et_pb_section]<\/p>\n","protected":false},"excerpt":{"rendered":"<p>CorporativoNeomundo es un Centro de Eventos y Convenciones, el cual cuenta con varios salones de reuniones de diferentes tama\u00f1os y espacios de exposiciones al aire libre. Las instalaciones son muy bonitas y la iluminaci\u00f3n es espectacular en la noche. Se encuentra en un lugar muy central de la ciudad de Bucaramanga, cerca del Centro Comercial Cacique.<div class=\"et_pb_module dsm_masonry_gallery dsm_masonry_gallery_0\">\n\t\t\t\t\n\t\t\t\t\n\t\t\t\t\n\t\t\t\t\n\t\t\t\t\n\t\t\t\t\n\t\t\t\t<div class=\"et_pb_module_inner\">\n\t\t\t\t\t<div class=\"dsm-gallery grid dsm_masonry_zoom_hover\" data-lightbox=\"false\" data-horizontalorder=\"false\">\n                <div class=\"grid-sizer\"><\/div><div class=\"gutter-sizer\"><\/div><div class=\"grid-item\">\n                    <div class=\"et_pb_image_wrap\">\n                        <img loading=\"lazy\" decoding=\"async\" src=\"https:\/\/iconods.com\/adt\/wp-content\/uploads\/2024\/06\/1.Hospital-Centro-de-Tratamiento-e-Investigacion-de-Cancer.jpg\" title=\"Centro de Tratamiento e Investigaci\u00f3n de C\u00e1ncer\" alt=\"Hospital Centro de Tratamiento e Investigaci\u00f3n de C\u00e1ncer\" class=\"dsm-skip-lazyload\" srcset=\"https:\/\/iconods.com\/adt\/wp-content\/uploads\/2024\/06\/1.Hospital-Centro-de-Tratamiento-e-Investigacion-de-Cancer.jpg 1366w, https:\/\/iconods.com\/adt\/wp-content\/uploads\/2024\/06\/1.Hospital-Centro-de-Tratamiento-e-Investigacion-de-Cancer-1280x720.jpg 1280w, https:\/\/iconods.com\/adt\/wp-content\/uploads\/2024\/06\/1.Hospital-Centro-de-Tratamiento-e-Investigacion-de-Cancer-980x551.jpg 980w, https:\/\/iconods.com\/adt\/wp-content\/uploads\/2024\/06\/1.Hospital-Centro-de-Tratamiento-e-Investigacion-de-Cancer-480x270.jpg 480w\" sizes=\"(min-width: 0px) and (max-width: 480px) 480px, (min-width: 481px) and (max-width: 980px) 980px, (min-width: 981px) and (max-width: 1280px) 1280px, (min-width: 1281px) 1366px, 100vw\" width=\"1366\" height=\"768\" \/>\n                        \n                    <\/div>\n                <\/div><div class=\"grid-item\">\n                    <div class=\"et_pb_image_wrap\">\n                        <img loading=\"lazy\" decoding=\"async\" src=\"https:\/\/iconods.com\/adt\/wp-content\/uploads\/2024\/06\/1.Hospital-Centro-de-Tratamiento-e-Investigacion-de-Cancer2.jpg\" title=\"1.Hospital Centro de Tratamiento e Investigaci\u00f3n de C\u00e1ncer2\" alt=\"Centro de Tratamiento e Investigaci\u00f3n de C\u00e1ncer\" class=\"dsm-skip-lazyload\" srcset=\"https:\/\/iconods.com\/adt\/wp-content\/uploads\/2024\/06\/1.Hospital-Centro-de-Tratamiento-e-Investigacion-de-Cancer2.jpg 1366w, https:\/\/iconods.com\/adt\/wp-content\/uploads\/2024\/06\/1.Hospital-Centro-de-Tratamiento-e-Investigacion-de-Cancer2-1280x720.jpg 1280w, https:\/\/iconods.com\/adt\/wp-content\/uploads\/2024\/06\/1.Hospital-Centro-de-Tratamiento-e-Investigacion-de-Cancer2-980x551.jpg 980w, https:\/\/iconods.com\/adt\/wp-content\/uploads\/2024\/06\/1.Hospital-Centro-de-Tratamiento-e-Investigacion-de-Cancer2-480x270.jpg 480w\" sizes=\"(min-width: 0px) and (max-width: 480px) 480px, (min-width: 481px) and (max-width: 980px) 980px, (min-width: 981px) and (max-width: 1280px) 1280px, (min-width: 1281px) 1366px, 100vw\" width=\"1366\" height=\"768\" \/>\n                        \n                    <\/div>\n                <\/div><div class=\"grid-item\">\n                    <div class=\"et_pb_image_wrap\">\n                        <img loading=\"lazy\" decoding=\"async\" src=\"https:\/\/iconods.com\/adt\/wp-content\/uploads\/2024\/06\/1.Hospital-Centro-de-Tratamiento-e-Investigacion-de-Cancer3.jpg\" title=\"1.Hospital Centro de Tratamiento e Investigaci\u00f3n de C\u00e1ncer3\" alt=\"Centro de Tratamiento e Investigaci\u00f3n de C\u00e1ncer\" class=\"dsm-skip-lazyload\" srcset=\"https:\/\/iconods.com\/adt\/wp-content\/uploads\/2024\/06\/1.Hospital-Centro-de-Tratamiento-e-Investigacion-de-Cancer3.jpg 1366w, https:\/\/iconods.com\/adt\/wp-content\/uploads\/2024\/06\/1.Hospital-Centro-de-Tratamiento-e-Investigacion-de-Cancer3-1280x720.jpg 1280w, https:\/\/iconods.com\/adt\/wp-content\/uploads\/2024\/06\/1.Hospital-Centro-de-Tratamiento-e-Investigacion-de-Cancer3-980x551.jpg 980w, https:\/\/iconods.com\/adt\/wp-content\/uploads\/2024\/06\/1.Hospital-Centro-de-Tratamiento-e-Investigacion-de-Cancer3-480x270.jpg 480w\" sizes=\"(min-width: 0px) and (max-width: 480px) 480px, (min-width: 481px) and (max-width: 980px) 980px, (min-width: 981px) and (max-width: 1280px) 1280px, (min-width: 1281px) 1366px, 100vw\" width=\"1366\" height=\"768\" \/>\n                        \n                    <\/div>\n                <\/div><div class=\"grid-item\">\n                    <div class=\"et_pb_image_wrap\">\n                        <img loading=\"lazy\" decoding=\"async\" src=\"https:\/\/iconods.com\/adt\/wp-content\/uploads\/2024\/06\/1.Hospital-Centro-de-Tratamiento-e-Investigacion-de-Cancer4.jpg\" title=\"1.Hospital Centro de Tratamiento e Investigaci\u00f3n de C\u00e1ncer4\" alt=\"Centro de Tratamiento e Investigaci\u00f3n de C\u00e1ncer\" class=\"dsm-skip-lazyload\" srcset=\"https:\/\/iconods.com\/adt\/wp-content\/uploads\/2024\/06\/1.Hospital-Centro-de-Tratamiento-e-Investigacion-de-Cancer4.jpg 1366w, https:\/\/iconods.com\/adt\/wp-content\/uploads\/2024\/06\/1.Hospital-Centro-de-Tratamiento-e-Investigacion-de-Cancer4-1280x720.jpg 1280w, https:\/\/iconods.com\/adt\/wp-content\/uploads\/2024\/06\/1.Hospital-Centro-de-Tratamiento-e-Investigacion-de-Cancer4-980x551.jpg 980w, https:\/\/iconods.com\/adt\/wp-content\/uploads\/2024\/06\/1.Hospital-Centro-de-Tratamiento-e-Investigacion-de-Cancer4-480x270.jpg 480w\" sizes=\"(min-width: 0px) and (max-width: 480px) 480px, (min-width: 481px) and (max-width: 980px) 980px, (min-width: 981px) and (max-width: 1280px) 1280px, (min-width: 1281px) 1366px, 100vw\" width=\"1366\" height=\"768\" \/>\n                        \n                    <\/div>\n                <\/div>\n             <\/div>\n\t\t\t\t<\/div>\n\t\t\t<\/div><\/p>\n","protected":false},"author":1,"featured_media":2224,"comment_status":"open","ping_status":"closed","template":"","meta":{"_et_pb_use_builder":"on","_et_pb_old_content":"","_et_gb_content_width":"","footnotes":""},"project_category":[31,24,30,47],"project_tag":[69],"class_list":["post-2222","project","type-project","status-publish","has-post-thumbnail","hentry","project_category-disenos-de-audio-video-e-iluminacion-artistica","project_category-corporativo-proyectos","project_category-disenos-acusticos","project_category-iluminacion-artistica","project_tag-centro-de-convencines-neomundo"],"yoast_head":"<!-- This site is optimized with the Yoast SEO plugin v23.4 - https:\/\/yoast.com\/wordpress\/plugins\/seo\/ -->\n<title>Centro de Convencines Neomundo - ADT Ac\u00fastica Dise\u00f1o Tecnolog\u00eda<\/title>\n<meta name=\"robots\" content=\"index, follow, max-snippet:-1, max-image-preview:large, max-video-preview:-1\" \/>\n<link rel=\"canonical\" href=\"https:\/\/adtacustica.com\/?project=20-centro-de-convencines-neomundo\" \/>\n<meta property=\"og:locale\" content=\"es_ES\" \/>\n<meta property=\"og:type\" content=\"article\" \/>\n<meta property=\"og:title\" content=\"Centro de Convencines Neomundo - ADT Ac\u00fastica Dise\u00f1o Tecnolog\u00eda\" \/>\n<meta property=\"og:description\" content=\"CorporativoNeomundo es un Centro de Eventos y Convenciones, el cual cuenta con varios salones de reuniones de diferentes tama\u00f1os y espacios de exposiciones al aire libre. Las instalaciones son muy bonitas y la iluminaci\u00f3n es espectacular en la noche. Se encuentra en un lugar muy central de la ciudad de Bucaramanga, cerca del Centro Comercial Cacique.\" \/>\n<meta property=\"og:url\" content=\"https:\/\/adtacustica.com\/?project=20-centro-de-convencines-neomundo\" \/>\n<meta property=\"og:site_name\" content=\"ADT Ac\u00fastica Dise\u00f1o Tecnolog\u00eda\" \/>\n<meta property=\"article:modified_time\" content=\"2024-08-06T15:23:44+00:00\" \/>\n<meta property=\"og:image\" content=\"https:\/\/iconods.com\/adt\/wp-content\/uploads\/2024\/07\/IMG_20180618_162923.jpg\" \/>\n\t<meta property=\"og:image:width\" content=\"1366\" \/>\n\t<meta property=\"og:image:height\" content=\"1025\" \/>\n\t<meta property=\"og:image:type\" content=\"image\/jpeg\" \/>\n<meta name=\"twitter:card\" content=\"summary_large_image\" \/>\n<meta name=\"twitter:label1\" content=\"Tiempo de lectura\" \/>\n\t<meta name=\"twitter:data1\" content=\"3 minutos\" \/>\n<script type=\"application\/ld+json\" class=\"yoast-schema-graph\">{\"@context\":\"https:\/\/schema.org\",\"@graph\":[{\"@type\":\"WebPage\",\"@id\":\"https:\/\/adtacustica.com\/?project=20-centro-de-convencines-neomundo\",\"url\":\"https:\/\/adtacustica.com\/?project=20-centro-de-convencines-neomundo\",\"name\":\"Centro de Convencines Neomundo - ADT Ac\u00fastica Dise\u00f1o Tecnolog\u00eda\",\"isPartOf\":{\"@id\":\"https:\/\/adtacustica.com\/#website\"},\"primaryImageOfPage\":{\"@id\":\"https:\/\/adtacustica.com\/?project=20-centro-de-convencines-neomundo#primaryimage\"},\"image\":{\"@id\":\"https:\/\/adtacustica.com\/?project=20-centro-de-convencines-neomundo#primaryimage\"},\"thumbnailUrl\":\"https:\/\/iconods.com\/adt\/wp-content\/uploads\/2024\/07\/IMG_20180618_162923.jpg\",\"datePublished\":\"2024-07-30T15:18:16+00:00\",\"dateModified\":\"2024-08-06T15:23:44+00:00\",\"breadcrumb\":{\"@id\":\"https:\/\/adtacustica.com\/?project=20-centro-de-convencines-neomundo#breadcrumb\"},\"inLanguage\":\"es-CO\",\"potentialAction\":[{\"@type\":\"ReadAction\",\"target\":[\"https:\/\/adtacustica.com\/?project=20-centro-de-convencines-neomundo\"]}]},{\"@type\":\"ImageObject\",\"inLanguage\":\"es-CO\",\"@id\":\"https:\/\/adtacustica.com\/?project=20-centro-de-convencines-neomundo#primaryimage\",\"url\":\"https:\/\/iconods.com\/adt\/wp-content\/uploads\/2024\/07\/IMG_20180618_162923.jpg\",\"contentUrl\":\"https:\/\/iconods.com\/adt\/wp-content\/uploads\/2024\/07\/IMG_20180618_162923.jpg\",\"width\":1366,\"height\":1025,\"caption\":\"rpt\"},{\"@type\":\"BreadcrumbList\",\"@id\":\"https:\/\/adtacustica.com\/?project=20-centro-de-convencines-neomundo#breadcrumb\",\"itemListElement\":[{\"@type\":\"ListItem\",\"position\":1,\"name\":\"Inicio\",\"item\":\"https:\/\/adtacustica.com\/\"},{\"@type\":\"ListItem\",\"position\":2,\"name\":\"Projects\",\"item\":\"https:\/\/adtacustica.com\/?post_type=project\"},{\"@type\":\"ListItem\",\"position\":3,\"name\":\"Centro de Convencines Neomundo\"}]},{\"@type\":\"WebSite\",\"@id\":\"https:\/\/adtacustica.com\/#website\",\"url\":\"https:\/\/adtacustica.com\/\",\"name\":\"ADT Ac\u00fastica\",\"description\":\"Ac\u00fastica Dise\u00f1o Tecnolog\u00eda\",\"publisher\":{\"@id\":\"https:\/\/adtacustica.com\/#organization\"},\"potentialAction\":[{\"@type\":\"SearchAction\",\"target\":{\"@type\":\"EntryPoint\",\"urlTemplate\":\"https:\/\/adtacustica.com\/?s={search_term_string}\"},\"query-input\":{\"@type\":\"PropertyValueSpecification\",\"valueRequired\":true,\"valueName\":\"search_term_string\"}}],\"inLanguage\":\"es-CO\"},{\"@type\":\"Organization\",\"@id\":\"https:\/\/adtacustica.com\/#organization\",\"name\":\"ADT Ac\u00fastica Dise\u00f1o Tecnolog\u00eda\",\"alternateName\":\"ADT\",\"url\":\"https:\/\/adtacustica.com\/\",\"logo\":{\"@type\":\"ImageObject\",\"inLanguage\":\"es-CO\",\"@id\":\"https:\/\/adtacustica.com\/#\/schema\/logo\/image\/\",\"url\":\"https:\/\/iconods.com\/adt\/wp-content\/uploads\/2024\/06\/LogoQuienes.png\",\"contentUrl\":\"https:\/\/iconods.com\/adt\/wp-content\/uploads\/2024\/06\/LogoQuienes.png\",\"width\":574,\"height\":329,\"caption\":\"ADT Ac\u00fastica Dise\u00f1o Tecnolog\u00eda\"},\"image\":{\"@id\":\"https:\/\/adtacustica.com\/#\/schema\/logo\/image\/\"}}]}<\/script>\n<!-- \/ Yoast SEO plugin. -->","yoast_head_json":{"title":"Centro de Convencines Neomundo - ADT Ac\u00fastica Dise\u00f1o Tecnolog\u00eda","robots":{"index":"index","follow":"follow","max-snippet":"max-snippet:-1","max-image-preview":"max-image-preview:large","max-video-preview":"max-video-preview:-1"},"canonical":"https:\/\/adtacustica.com\/?project=20-centro-de-convencines-neomundo","og_locale":"es_ES","og_type":"article","og_title":"Centro de Convencines Neomundo - ADT Ac\u00fastica Dise\u00f1o Tecnolog\u00eda","og_description":"CorporativoNeomundo es un Centro de Eventos y Convenciones, el cual cuenta con varios salones de reuniones de diferentes tama\u00f1os y espacios de exposiciones al aire libre. Las instalaciones son muy bonitas y la iluminaci\u00f3n es espectacular en la noche. Se encuentra en un lugar muy central de la ciudad de Bucaramanga, cerca del Centro Comercial Cacique.","og_url":"https:\/\/adtacustica.com\/?project=20-centro-de-convencines-neomundo","og_site_name":"ADT Ac\u00fastica Dise\u00f1o Tecnolog\u00eda","article_modified_time":"2024-08-06T15:23:44+00:00","og_image":[{"width":1366,"height":1025,"url":"https:\/\/iconods.com\/adt\/wp-content\/uploads\/2024\/07\/IMG_20180618_162923.jpg","type":"image\/jpeg"}],"twitter_card":"summary_large_image","twitter_misc":{"Tiempo de lectura":"3 minutos"},"schema":{"@context":"https:\/\/schema.org","@graph":[{"@type":"WebPage","@id":"https:\/\/adtacustica.com\/?project=20-centro-de-convencines-neomundo","url":"https:\/\/adtacustica.com\/?project=20-centro-de-convencines-neomundo","name":"Centro de Convencines Neomundo - ADT Ac\u00fastica Dise\u00f1o Tecnolog\u00eda","isPartOf":{"@id":"https:\/\/adtacustica.com\/#website"},"primaryImageOfPage":{"@id":"https:\/\/adtacustica.com\/?project=20-centro-de-convencines-neomundo#primaryimage"},"image":{"@id":"https:\/\/adtacustica.com\/?project=20-centro-de-convencines-neomundo#primaryimage"},"thumbnailUrl":"https:\/\/iconods.com\/adt\/wp-content\/uploads\/2024\/07\/IMG_20180618_162923.jpg","datePublished":"2024-07-30T15:18:16+00:00","dateModified":"2024-08-06T15:23:44+00:00","breadcrumb":{"@id":"https:\/\/adtacustica.com\/?project=20-centro-de-convencines-neomundo#breadcrumb"},"inLanguage":"es-CO","potentialAction":[{"@type":"ReadAction","target":["https:\/\/adtacustica.com\/?project=20-centro-de-convencines-neomundo"]}]},{"@type":"ImageObject","inLanguage":"es-CO","@id":"https:\/\/adtacustica.com\/?project=20-centro-de-convencines-neomundo#primaryimage","url":"https:\/\/iconods.com\/adt\/wp-content\/uploads\/2024\/07\/IMG_20180618_162923.jpg","contentUrl":"https:\/\/iconods.com\/adt\/wp-content\/uploads\/2024\/07\/IMG_20180618_162923.jpg","width":1366,"height":1025,"caption":"rpt"},{"@type":"BreadcrumbList","@id":"https:\/\/adtacustica.com\/?project=20-centro-de-convencines-neomundo#breadcrumb","itemListElement":[{"@type":"ListItem","position":1,"name":"Inicio","item":"https:\/\/adtacustica.com\/"},{"@type":"ListItem","position":2,"name":"Projects","item":"https:\/\/adtacustica.com\/?post_type=project"},{"@type":"ListItem","position":3,"name":"Centro de Convencines Neomundo"}]},{"@type":"WebSite","@id":"https:\/\/adtacustica.com\/#website","url":"https:\/\/adtacustica.com\/","name":"ADT Ac\u00fastica","description":"Ac\u00fastica Dise\u00f1o Tecnolog\u00eda","publisher":{"@id":"https:\/\/adtacustica.com\/#organization"},"potentialAction":[{"@type":"SearchAction","target":{"@type":"EntryPoint","urlTemplate":"https:\/\/adtacustica.com\/?s={search_term_string}"},"query-input":{"@type":"PropertyValueSpecification","valueRequired":true,"valueName":"search_term_string"}}],"inLanguage":"es-CO"},{"@type":"Organization","@id":"https:\/\/adtacustica.com\/#organization","name":"ADT Ac\u00fastica Dise\u00f1o Tecnolog\u00eda","alternateName":"ADT","url":"https:\/\/adtacustica.com\/","logo":{"@type":"ImageObject","inLanguage":"es-CO","@id":"https:\/\/adtacustica.com\/#\/schema\/logo\/image\/","url":"https:\/\/iconods.com\/adt\/wp-content\/uploads\/2024\/06\/LogoQuienes.png","contentUrl":"https:\/\/iconods.com\/adt\/wp-content\/uploads\/2024\/06\/LogoQuienes.png","width":574,"height":329,"caption":"ADT Ac\u00fastica Dise\u00f1o Tecnolog\u00eda"},"image":{"@id":"https:\/\/adtacustica.com\/#\/schema\/logo\/image\/"}}]}},"_links":{"self":[{"href":"https:\/\/adtacustica.com\/index.php?rest_route=\/wp\/v2\/project\/2222","targetHints":{"allow":["GET"]}}],"collection":[{"href":"https:\/\/adtacustica.com\/index.php?rest_route=\/wp\/v2\/project"}],"about":[{"href":"https:\/\/adtacustica.com\/index.php?rest_route=\/wp\/v2\/types\/project"}],"author":[{"embeddable":true,"href":"https:\/\/adtacustica.com\/index.php?rest_route=\/wp\/v2\/users\/1"}],"replies":[{"embeddable":true,"href":"https:\/\/adtacustica.com\/index.php?rest_route=%2Fwp%2Fv2%2Fcomments&post=2222"}],"version-history":[{"count":3,"href":"https:\/\/adtacustica.com\/index.php?rest_route=\/wp\/v2\/project\/2222\/revisions"}],"predecessor-version":[{"id":2387,"href":"https:\/\/adtacustica.com\/index.php?rest_route=\/wp\/v2\/project\/2222\/revisions\/2387"}],"wp:featuredmedia":[{"embeddable":true,"href":"https:\/\/adtacustica.com\/index.php?rest_route=\/wp\/v2\/media\/2224"}],"wp:attachment":[{"href":"https:\/\/adtacustica.com\/index.php?rest_route=%2Fwp%2Fv2%2Fmedia&parent=2222"}],"wp:term":[{"taxonomy":"project_category","embeddable":true,"href":"https:\/\/adtacustica.com\/index.php?rest_route=%2Fwp%2Fv2%2Fproject_category&post=2222"},{"taxonomy":"project_tag","embeddable":true,"href":"https:\/\/adtacustica.com\/index.php?rest_route=%2Fwp%2Fv2%2Fproject_tag&post=2222"}],"curies":[{"name":"wp","href":"https:\/\/api.w.org\/{rel}","templated":true}]}}