{"id":2132,"date":"2024-07-29T18:55:22","date_gmt":"2024-07-29T23:55:22","guid":{"rendered":"https:\/\/iconods.com\/adt\/?post_type=project&#038;p=2132"},"modified":"2024-08-06T10:29:52","modified_gmt":"2024-08-06T15:29:52","slug":"20-centro-de-la-memoria","status":"publish","type":"project","link":"https:\/\/adtacustica.com\/?project=20-centro-de-la-memoria","title":{"rendered":"Centro de la Memoria"},"content":{"rendered":"<p>[et_pb_section fb_built=&#8221;1&#8243; _builder_version=&#8221;4.25.2&#8243; _module_preset=&#8221;default&#8221; global_colors_info=&#8221;{}&#8221; theme_builder_area=&#8221;post_content&#8221;][et_pb_row column_structure=&#8221;1_2,1_2&#8243; _builder_version=&#8221;4.25.2&#8243; _module_preset=&#8221;default&#8221; global_colors_info=&#8221;{}&#8221; theme_builder_area=&#8221;post_content&#8221;][et_pb_column type=&#8221;1_2&#8243; _builder_version=&#8221;4.25.2&#8243; _module_preset=&#8221;default&#8221; global_colors_info=&#8221;{}&#8221; theme_builder_area=&#8221;post_content&#8221;][et_pb_text _builder_version=&#8221;4.27.0&#8243; _module_preset=&#8221;default&#8221; global_colors_info=&#8221;{}&#8221; theme_builder_area=&#8221;post_content&#8221;]<\/p>\n<p>Centros Culturales<\/p>\n<p>[\/et_pb_text][et_pb_heading title=&#8221;Centro de la Memoria&#8221; _builder_version=&#8221;4.27.0&#8243; _module_preset=&#8221;default&#8221; title_text_color=&#8221;#000000&#8243; global_colors_info=&#8221;{}&#8221; theme_builder_area=&#8221;post_content&#8221;][\/et_pb_heading][et_pb_text _builder_version=&#8221;4.27.0&#8243; _module_preset=&#8221;default&#8221; global_colors_info=&#8221;{}&#8221; theme_builder_area=&#8221;post_content&#8221;]<\/p>\n<p>El Centro Nacional de Memoria Hist\u00f3rica es un establecimiento p\u00fablico del orden nacional, adscrito al Departamento para la Prosperidad Social (DPS), que tiene como objeto la recepci\u00f3n, recuperaci\u00f3n, conservaci\u00f3n, compilaci\u00f3n y an\u00e1lisis de todo el material documental, testimonios orales y los que se obtengan por cualquier otro medio, relativo a las violaciones ocurridas con ocasi\u00f3n del conflicto armado interno colombiano, a trav\u00e9s de la realizaci\u00f3n de investigaciones, actividades muse\u00edsticas, pedag\u00f3gicas, entre otras que contribuyan a establecer y esclarecer las causas de tales fen\u00f3menos, conocer la verdad y contribuir a evitar su repetici\u00f3n en el futuro.<\/p>\n<p>[\/et_pb_text][\/et_pb_column][et_pb_column type=&#8221;1_2&#8243; _builder_version=&#8221;4.25.2&#8243; _module_preset=&#8221;default&#8221; global_colors_info=&#8221;{}&#8221; theme_builder_area=&#8221;post_content&#8221;][et_pb_image src=&#8221;https:\/\/iconods.com\/adt\/wp-content\/uploads\/2024\/07\/MEDIA-MEMORIAL-RODRIGO-DAVILA-_MG_7648.jpg&#8221; alt=&#8221;Hospital Centro de Tratamiento e Investigaci\u00f3n de C\u00e1ncer&#8221; title_text=&#8221;MEDIA-MEMORIAL-RODRIGO-DAVILA-_MG_7648&#8243; _builder_version=&#8221;4.27.0&#8243; _module_preset=&#8221;default&#8221; global_colors_info=&#8221;{}&#8221; theme_builder_area=&#8221;post_content&#8221;][\/et_pb_image][\/et_pb_column][\/et_pb_row][\/et_pb_section][et_pb_section fb_built=&#8221;1&#8243; admin_label=&#8221;Section&#8221; _builder_version=&#8221;4.25.2&#8243; _module_preset=&#8221;default&#8221; global_colors_info=&#8221;{}&#8221; theme_builder_area=&#8221;post_content&#8221;][et_pb_row _builder_version=&#8221;4.25.2&#8243; _module_preset=&#8221;default&#8221; global_colors_info=&#8221;{}&#8221; theme_builder_area=&#8221;post_content&#8221;][et_pb_column type=&#8221;4_4&#8243; admin_label=&#8221;Column&#8221; _builder_version=&#8221;4.25.2&#8243; _module_preset=&#8221;default&#8221; global_colors_info=&#8221;{}&#8221; theme_builder_area=&#8221;post_content&#8221;][et_pb_gallery gallery_ids=&#8221;2140,2138,2139,2135,2136,2137,2134,2133&#8243; gallery_orderby=&#8221;rand&#8221; show_title_and_caption=&#8221;off&#8221; show_pagination=&#8221;off&#8221; admin_label=&#8221;Gallery&#8221; _builder_version=&#8221;4.27.0&#8243; _module_preset=&#8221;default&#8221; global_colors_info=&#8221;{}&#8221; theme_builder_area=&#8221;post_content&#8221;][\/et_pb_gallery][\/et_pb_column][\/et_pb_row][\/et_pb_section][et_pb_section fb_built=&#8221;1&#8243; _builder_version=&#8221;4.25.2&#8243; _module_preset=&#8221;default&#8221; global_colors_info=&#8221;{}&#8221; theme_builder_area=&#8221;post_content&#8221;][et_pb_row _builder_version=&#8221;4.25.2&#8243; _module_preset=&#8221;default&#8221; global_colors_info=&#8221;{}&#8221; theme_builder_area=&#8221;post_content&#8221;][et_pb_column type=&#8221;4_4&#8243; _builder_version=&#8221;4.25.2&#8243; _module_preset=&#8221;default&#8221; global_colors_info=&#8221;{}&#8221; theme_builder_area=&#8221;post_content&#8221;][et_pb_gallery gallery_ids=&#8221;2134,2133,2135,2136,2137,2139,2140,2138&#8243; gallery_orderby=&#8221;rand&#8221; fullwidth=&#8221;on&#8221; _builder_version=&#8221;4.27.0&#8243; _module_preset=&#8221;default&#8221; hover_enabled=&#8221;0&#8243; global_colors_info=&#8221;{}&#8221; theme_builder_area=&#8221;post_content&#8221; sticky_enabled=&#8221;0&#8243;][\/et_pb_gallery][\/et_pb_column][\/et_pb_row][\/et_pb_section]<\/p>\n","protected":false},"excerpt":{"rendered":"<p>Centros CulturalesEl Centro Nacional de Memoria Hist\u00f3rica es un establecimiento p\u00fablico del orden nacional, adscrito al Departamento para la Prosperidad Social (DPS), que tiene como objeto la recepci\u00f3n, recuperaci\u00f3n, conservaci\u00f3n, compilaci\u00f3n y an\u00e1lisis de todo el material documental, testimonios orales y los que se obtengan por cualquier otro medio, relativo a las violaciones ocurridas con ocasi\u00f3n del conflicto armado interno colombiano, a trav\u00e9s de la realizaci\u00f3n de investigaciones, actividades muse\u00edsticas, pedag\u00f3gicas, entre otras que contribuyan a establecer y esclarecer las causas de tales fen\u00f3menos, conocer la verdad y contribuir a evitar su repetici\u00f3n en el futuro.<\/p>\n","protected":false},"author":1,"featured_media":2136,"comment_status":"open","ping_status":"closed","template":"","meta":{"_et_pb_use_builder":"on","_et_pb_old_content":"","_et_gb_content_width":"","footnotes":""},"project_category":[31,21,30,47],"project_tag":[75],"class_list":["post-2132","project","type-project","status-publish","has-post-thumbnail","hentry","project_category-disenos-de-audio-video-e-iluminacion-artistica","project_category-cultural-proyectos","project_category-disenos-acusticos","project_category-iluminacion-artistica","project_tag-centro-de-la-memoria"],"yoast_head":"<!-- This site is optimized with the Yoast SEO plugin v23.4 - https:\/\/yoast.com\/wordpress\/plugins\/seo\/ -->\n<title>Centro de la Memoria - ADT Ac\u00fastica Dise\u00f1o Tecnolog\u00eda<\/title>\n<meta name=\"robots\" content=\"index, follow, max-snippet:-1, max-image-preview:large, max-video-preview:-1\" \/>\n<link rel=\"canonical\" href=\"https:\/\/adtacustica.com\/?project=20-centro-de-la-memoria\" \/>\n<meta property=\"og:locale\" content=\"es_ES\" \/>\n<meta property=\"og:type\" content=\"article\" \/>\n<meta property=\"og:title\" content=\"Centro de la Memoria - ADT Ac\u00fastica Dise\u00f1o Tecnolog\u00eda\" \/>\n<meta property=\"og:description\" content=\"Centros CulturalesEl Centro Nacional de Memoria Hist\u00f3rica es un establecimiento p\u00fablico del orden nacional, adscrito al Departamento para la Prosperidad Social (DPS), que tiene como objeto la recepci\u00f3n, recuperaci\u00f3n, conservaci\u00f3n, compilaci\u00f3n y an\u00e1lisis de todo el material documental, testimonios orales y los que se obtengan por cualquier otro medio, relativo a las violaciones ocurridas con ocasi\u00f3n del conflicto armado interno colombiano, a trav\u00e9s de la realizaci\u00f3n de investigaciones, actividades muse\u00edsticas, pedag\u00f3gicas, entre otras que contribuyan a establecer y esclarecer las causas de tales fen\u00f3menos, conocer la verdad y contribuir a evitar su repetici\u00f3n en el futuro.\" \/>\n<meta property=\"og:url\" content=\"https:\/\/adtacustica.com\/?project=20-centro-de-la-memoria\" \/>\n<meta property=\"og:site_name\" content=\"ADT Ac\u00fastica Dise\u00f1o Tecnolog\u00eda\" \/>\n<meta property=\"article:modified_time\" content=\"2024-08-06T15:29:52+00:00\" \/>\n<meta property=\"og:image\" content=\"https:\/\/iconods.com\/adt\/wp-content\/uploads\/2024\/07\/9-MEDIA-MEMORIAL-RODRIGO-DAVILA-7691.jpg\" \/>\n\t<meta property=\"og:image:width\" content=\"1366\" \/>\n\t<meta property=\"og:image:height\" content=\"843\" \/>\n\t<meta property=\"og:image:type\" content=\"image\/jpeg\" \/>\n<meta name=\"twitter:card\" content=\"summary_large_image\" \/>\n<meta name=\"twitter:label1\" content=\"Tiempo de lectura\" \/>\n\t<meta name=\"twitter:data1\" content=\"2 minutos\" \/>\n<script type=\"application\/ld+json\" class=\"yoast-schema-graph\">{\"@context\":\"https:\/\/schema.org\",\"@graph\":[{\"@type\":\"WebPage\",\"@id\":\"https:\/\/adtacustica.com\/?project=20-centro-de-la-memoria\",\"url\":\"https:\/\/adtacustica.com\/?project=20-centro-de-la-memoria\",\"name\":\"Centro de la Memoria - ADT Ac\u00fastica Dise\u00f1o Tecnolog\u00eda\",\"isPartOf\":{\"@id\":\"https:\/\/adtacustica.com\/#website\"},\"primaryImageOfPage\":{\"@id\":\"https:\/\/adtacustica.com\/?project=20-centro-de-la-memoria#primaryimage\"},\"image\":{\"@id\":\"https:\/\/adtacustica.com\/?project=20-centro-de-la-memoria#primaryimage\"},\"thumbnailUrl\":\"https:\/\/iconods.com\/adt\/wp-content\/uploads\/2024\/07\/9-MEDIA-MEMORIAL-RODRIGO-DAVILA-7691.jpg\",\"datePublished\":\"2024-07-29T23:55:22+00:00\",\"dateModified\":\"2024-08-06T15:29:52+00:00\",\"breadcrumb\":{\"@id\":\"https:\/\/adtacustica.com\/?project=20-centro-de-la-memoria#breadcrumb\"},\"inLanguage\":\"es-CO\",\"potentialAction\":[{\"@type\":\"ReadAction\",\"target\":[\"https:\/\/adtacustica.com\/?project=20-centro-de-la-memoria\"]}]},{\"@type\":\"ImageObject\",\"inLanguage\":\"es-CO\",\"@id\":\"https:\/\/adtacustica.com\/?project=20-centro-de-la-memoria#primaryimage\",\"url\":\"https:\/\/iconods.com\/adt\/wp-content\/uploads\/2024\/07\/9-MEDIA-MEMORIAL-RODRIGO-DAVILA-7691.jpg\",\"contentUrl\":\"https:\/\/iconods.com\/adt\/wp-content\/uploads\/2024\/07\/9-MEDIA-MEMORIAL-RODRIGO-DAVILA-7691.jpg\",\"width\":1366,\"height\":843},{\"@type\":\"BreadcrumbList\",\"@id\":\"https:\/\/adtacustica.com\/?project=20-centro-de-la-memoria#breadcrumb\",\"itemListElement\":[{\"@type\":\"ListItem\",\"position\":1,\"name\":\"Inicio\",\"item\":\"https:\/\/adtacustica.com\/\"},{\"@type\":\"ListItem\",\"position\":2,\"name\":\"Projects\",\"item\":\"https:\/\/adtacustica.com\/?post_type=project\"},{\"@type\":\"ListItem\",\"position\":3,\"name\":\"Centro de la Memoria\"}]},{\"@type\":\"WebSite\",\"@id\":\"https:\/\/adtacustica.com\/#website\",\"url\":\"https:\/\/adtacustica.com\/\",\"name\":\"ADT Ac\u00fastica\",\"description\":\"Ac\u00fastica Dise\u00f1o Tecnolog\u00eda\",\"publisher\":{\"@id\":\"https:\/\/adtacustica.com\/#organization\"},\"potentialAction\":[{\"@type\":\"SearchAction\",\"target\":{\"@type\":\"EntryPoint\",\"urlTemplate\":\"https:\/\/adtacustica.com\/?s={search_term_string}\"},\"query-input\":{\"@type\":\"PropertyValueSpecification\",\"valueRequired\":true,\"valueName\":\"search_term_string\"}}],\"inLanguage\":\"es-CO\"},{\"@type\":\"Organization\",\"@id\":\"https:\/\/adtacustica.com\/#organization\",\"name\":\"ADT Ac\u00fastica Dise\u00f1o Tecnolog\u00eda\",\"alternateName\":\"ADT\",\"url\":\"https:\/\/adtacustica.com\/\",\"logo\":{\"@type\":\"ImageObject\",\"inLanguage\":\"es-CO\",\"@id\":\"https:\/\/adtacustica.com\/#\/schema\/logo\/image\/\",\"url\":\"https:\/\/iconods.com\/adt\/wp-content\/uploads\/2024\/06\/LogoQuienes.png\",\"contentUrl\":\"https:\/\/iconods.com\/adt\/wp-content\/uploads\/2024\/06\/LogoQuienes.png\",\"width\":574,\"height\":329,\"caption\":\"ADT Ac\u00fastica Dise\u00f1o Tecnolog\u00eda\"},\"image\":{\"@id\":\"https:\/\/adtacustica.com\/#\/schema\/logo\/image\/\"}}]}<\/script>\n<!-- \/ Yoast SEO plugin. -->","yoast_head_json":{"title":"Centro de la Memoria - ADT Ac\u00fastica Dise\u00f1o Tecnolog\u00eda","robots":{"index":"index","follow":"follow","max-snippet":"max-snippet:-1","max-image-preview":"max-image-preview:large","max-video-preview":"max-video-preview:-1"},"canonical":"https:\/\/adtacustica.com\/?project=20-centro-de-la-memoria","og_locale":"es_ES","og_type":"article","og_title":"Centro de la Memoria - ADT Ac\u00fastica Dise\u00f1o Tecnolog\u00eda","og_description":"Centros CulturalesEl Centro Nacional de Memoria Hist\u00f3rica es un establecimiento p\u00fablico del orden nacional, adscrito al Departamento para la Prosperidad Social (DPS), que tiene como objeto la recepci\u00f3n, recuperaci\u00f3n, conservaci\u00f3n, compilaci\u00f3n y an\u00e1lisis de todo el material documental, testimonios orales y los que se obtengan por cualquier otro medio, relativo a las violaciones ocurridas con ocasi\u00f3n del conflicto armado interno colombiano, a trav\u00e9s de la realizaci\u00f3n de investigaciones, actividades muse\u00edsticas, pedag\u00f3gicas, entre otras que contribuyan a establecer y esclarecer las causas de tales fen\u00f3menos, conocer la verdad y contribuir a evitar su repetici\u00f3n en el futuro.","og_url":"https:\/\/adtacustica.com\/?project=20-centro-de-la-memoria","og_site_name":"ADT Ac\u00fastica Dise\u00f1o Tecnolog\u00eda","article_modified_time":"2024-08-06T15:29:52+00:00","og_image":[{"width":1366,"height":843,"url":"https:\/\/iconods.com\/adt\/wp-content\/uploads\/2024\/07\/9-MEDIA-MEMORIAL-RODRIGO-DAVILA-7691.jpg","type":"image\/jpeg"}],"twitter_card":"summary_large_image","twitter_misc":{"Tiempo de lectura":"2 minutos"},"schema":{"@context":"https:\/\/schema.org","@graph":[{"@type":"WebPage","@id":"https:\/\/adtacustica.com\/?project=20-centro-de-la-memoria","url":"https:\/\/adtacustica.com\/?project=20-centro-de-la-memoria","name":"Centro de la Memoria - ADT Ac\u00fastica Dise\u00f1o Tecnolog\u00eda","isPartOf":{"@id":"https:\/\/adtacustica.com\/#website"},"primaryImageOfPage":{"@id":"https:\/\/adtacustica.com\/?project=20-centro-de-la-memoria#primaryimage"},"image":{"@id":"https:\/\/adtacustica.com\/?project=20-centro-de-la-memoria#primaryimage"},"thumbnailUrl":"https:\/\/iconods.com\/adt\/wp-content\/uploads\/2024\/07\/9-MEDIA-MEMORIAL-RODRIGO-DAVILA-7691.jpg","datePublished":"2024-07-29T23:55:22+00:00","dateModified":"2024-08-06T15:29:52+00:00","breadcrumb":{"@id":"https:\/\/adtacustica.com\/?project=20-centro-de-la-memoria#breadcrumb"},"inLanguage":"es-CO","potentialAction":[{"@type":"ReadAction","target":["https:\/\/adtacustica.com\/?project=20-centro-de-la-memoria"]}]},{"@type":"ImageObject","inLanguage":"es-CO","@id":"https:\/\/adtacustica.com\/?project=20-centro-de-la-memoria#primaryimage","url":"https:\/\/iconods.com\/adt\/wp-content\/uploads\/2024\/07\/9-MEDIA-MEMORIAL-RODRIGO-DAVILA-7691.jpg","contentUrl":"https:\/\/iconods.com\/adt\/wp-content\/uploads\/2024\/07\/9-MEDIA-MEMORIAL-RODRIGO-DAVILA-7691.jpg","width":1366,"height":843},{"@type":"BreadcrumbList","@id":"https:\/\/adtacustica.com\/?project=20-centro-de-la-memoria#breadcrumb","itemListElement":[{"@type":"ListItem","position":1,"name":"Inicio","item":"https:\/\/adtacustica.com\/"},{"@type":"ListItem","position":2,"name":"Projects","item":"https:\/\/adtacustica.com\/?post_type=project"},{"@type":"ListItem","position":3,"name":"Centro de la Memoria"}]},{"@type":"WebSite","@id":"https:\/\/adtacustica.com\/#website","url":"https:\/\/adtacustica.com\/","name":"ADT Ac\u00fastica","description":"Ac\u00fastica Dise\u00f1o Tecnolog\u00eda","publisher":{"@id":"https:\/\/adtacustica.com\/#organization"},"potentialAction":[{"@type":"SearchAction","target":{"@type":"EntryPoint","urlTemplate":"https:\/\/adtacustica.com\/?s={search_term_string}"},"query-input":{"@type":"PropertyValueSpecification","valueRequired":true,"valueName":"search_term_string"}}],"inLanguage":"es-CO"},{"@type":"Organization","@id":"https:\/\/adtacustica.com\/#organization","name":"ADT Ac\u00fastica Dise\u00f1o Tecnolog\u00eda","alternateName":"ADT","url":"https:\/\/adtacustica.com\/","logo":{"@type":"ImageObject","inLanguage":"es-CO","@id":"https:\/\/adtacustica.com\/#\/schema\/logo\/image\/","url":"https:\/\/iconods.com\/adt\/wp-content\/uploads\/2024\/06\/LogoQuienes.png","contentUrl":"https:\/\/iconods.com\/adt\/wp-content\/uploads\/2024\/06\/LogoQuienes.png","width":574,"height":329,"caption":"ADT Ac\u00fastica Dise\u00f1o Tecnolog\u00eda"},"image":{"@id":"https:\/\/adtacustica.com\/#\/schema\/logo\/image\/"}}]}},"_links":{"self":[{"href":"https:\/\/adtacustica.com\/index.php?rest_route=\/wp\/v2\/project\/2132","targetHints":{"allow":["GET"]}}],"collection":[{"href":"https:\/\/adtacustica.com\/index.php?rest_route=\/wp\/v2\/project"}],"about":[{"href":"https:\/\/adtacustica.com\/index.php?rest_route=\/wp\/v2\/types\/project"}],"author":[{"embeddable":true,"href":"https:\/\/adtacustica.com\/index.php?rest_route=\/wp\/v2\/users\/1"}],"replies":[{"embeddable":true,"href":"https:\/\/adtacustica.com\/index.php?rest_route=%2Fwp%2Fv2%2Fcomments&post=2132"}],"version-history":[{"count":3,"href":"https:\/\/adtacustica.com\/index.php?rest_route=\/wp\/v2\/project\/2132\/revisions"}],"predecessor-version":[{"id":2393,"href":"https:\/\/adtacustica.com\/index.php?rest_route=\/wp\/v2\/project\/2132\/revisions\/2393"}],"wp:featuredmedia":[{"embeddable":true,"href":"https:\/\/adtacustica.com\/index.php?rest_route=\/wp\/v2\/media\/2136"}],"wp:attachment":[{"href":"https:\/\/adtacustica.com\/index.php?rest_route=%2Fwp%2Fv2%2Fmedia&parent=2132"}],"wp:term":[{"taxonomy":"project_category","embeddable":true,"href":"https:\/\/adtacustica.com\/index.php?rest_route=%2Fwp%2Fv2%2Fproject_category&post=2132"},{"taxonomy":"project_tag","embeddable":true,"href":"https:\/\/adtacustica.com\/index.php?rest_route=%2Fwp%2Fv2%2Fproject_tag&post=2132"}],"curies":[{"name":"wp","href":"https:\/\/api.w.org\/{rel}","templated":true}]}}