{"id":1906,"date":"2024-07-29T14:26:16","date_gmt":"2024-07-29T19:26:16","guid":{"rendered":"https:\/\/iconods.com\/adt\/?post_type=project&#038;p=1906"},"modified":"2024-08-06T10:32:23","modified_gmt":"2024-08-06T15:32:23","slug":"33-universidad-de-los-andres-bloque-w","status":"publish","type":"project","link":"https:\/\/adtacustica.com\/?project=33-universidad-de-los-andres-bloque-w","title":{"rendered":"Universidad de Los Andres &#8211; Bloque W"},"content":{"rendered":"<p>[et_pb_section fb_built=&#8221;1&#8243; _builder_version=&#8221;4.25.2&#8243; _module_preset=&#8221;default&#8221; global_colors_info=&#8221;{}&#8221;][et_pb_row column_structure=&#8221;1_2,1_2&#8243; _builder_version=&#8221;4.25.2&#8243; _module_preset=&#8221;default&#8221; global_colors_info=&#8221;{}&#8221;][et_pb_column type=&#8221;1_2&#8243; _builder_version=&#8221;4.25.2&#8243; _module_preset=&#8221;default&#8221; global_colors_info=&#8221;{}&#8221;][et_pb_text _builder_version=&#8221;4.27.0&#8243; _module_preset=&#8221;default&#8221; hover_enabled=&#8221;0&#8243; global_colors_info=&#8221;{}&#8221; sticky_enabled=&#8221;0&#8243;]<\/p>\n<p>Educaci\u00f3n<\/p>\n<p>[\/et_pb_text][et_pb_heading title=&#8221;Unversidad de Los Andes &#8211; Bloque W&#8221; _builder_version=&#8221;4.27.0&#8243; _module_preset=&#8221;default&#8221; title_text_color=&#8221;#000000&#8243; global_colors_info=&#8221;{}&#8221;][\/et_pb_heading][et_pb_text _builder_version=&#8221;4.27.0&#8243; _module_preset=&#8221;default&#8221; global_colors_info=&#8221;{}&#8221;]<\/p>\n<p>La Universidad de los Andes es una universidad privada con sede en Bogot\u00e1 y Cartagena. Fue fundada en 1948 por Mario Laserna Pinz\u00f3n (Par\u00eds 1923 &#8211; Ibagu\u00e9 2013). Lo apoyaron Nicol\u00e1s G\u00f3mez D\u00e1vila, Hern\u00e1n Echavarr\u00eda Ol\u00f3zaga, Mauricio Obreg\u00f3n, Jos\u00e9 Mar\u00eda Chaves, \u00c1lvaro Casta\u00f1o Castillo, Gustavo Santos, Jorge Gait\u00e1n Cort\u00e9s, Alfonso L\u00f3pez y Francisco Pizano de Brigard, entre otros amigos que compart\u00edan el prop\u00f3sito del fundador de crear en Colombia una instituci\u00f3n de educaci\u00f3n superior inspirada en el modelo universitario de Estados Unidos, laica, humanista, econ\u00f3micamente sostenida con filantrop\u00eda e independiente de la Iglesia, el gobierno y los partidos pol\u00edticos del pa\u00eds<\/p>\n<p>[\/et_pb_text][\/et_pb_column][et_pb_column type=&#8221;1_2&#8243; _builder_version=&#8221;4.25.2&#8243; _module_preset=&#8221;default&#8221; global_colors_info=&#8221;{}&#8221;][et_pb_image src=&#8221;https:\/\/iconods.com\/adt\/wp-content\/uploads\/2024\/07\/w.jpg&#8221; alt=&#8221;Hospital Centro de Tratamiento e Investigaci\u00f3n de C\u00e1ncer&#8221; title_text=&#8221;w&#8221; _builder_version=&#8221;4.27.0&#8243; _module_preset=&#8221;default&#8221; global_colors_info=&#8221;{}&#8221;][\/et_pb_image][\/et_pb_column][\/et_pb_row][\/et_pb_section][et_pb_section fb_built=&#8221;1&#8243; _builder_version=&#8221;4.25.2&#8243; _module_preset=&#8221;default&#8221; global_colors_info=&#8221;{}&#8221;][et_pb_row _builder_version=&#8221;4.25.2&#8243; _module_preset=&#8221;default&#8221; global_colors_info=&#8221;{}&#8221;][et_pb_column type=&#8221;4_4&#8243; _builder_version=&#8221;4.25.2&#8243; _module_preset=&#8221;default&#8221; global_colors_info=&#8221;{}&#8221;][et_pb_gallery gallery_ids=&#8221;1907,1908&#8243; gallery_orderby=&#8221;rand&#8221; fullwidth=&#8221;on&#8221; _builder_version=&#8221;4.27.0&#8243; _module_preset=&#8221;default&#8221; global_colors_info=&#8221;{}&#8221;][\/et_pb_gallery][\/et_pb_column][\/et_pb_row][\/et_pb_section]<\/p>\n","protected":false},"excerpt":{"rendered":"<p>Educaci\u00f3nLa Universidad de los Andes es una universidad privada con sede en Bogot\u00e1 y Cartagena. Fue fundada en 1948 por Mario Laserna Pinz\u00f3n (Par\u00eds 1923 &#8211; Ibagu\u00e9 2013). Lo apoyaron Nicol\u00e1s G\u00f3mez D\u00e1vila, Hern\u00e1n Echavarr\u00eda Ol\u00f3zaga, Mauricio Obreg\u00f3n, Jos\u00e9 Mar\u00eda Chaves, \u00c1lvaro Casta\u00f1o Castillo, Gustavo Santos, Jorge Gait\u00e1n Cort\u00e9s, Alfonso L\u00f3pez y Francisco Pizano de Brigard, entre otros amigos que compart\u00edan el prop\u00f3sito del fundador de crear en Colombia una instituci\u00f3n de educaci\u00f3n superior inspirada en el modelo universitario de Estados Unidos, laica, humanista, econ\u00f3micamente sostenida con filantrop\u00eda e independiente de la Iglesia, el gobierno y los partidos pol\u00edticos del pa\u00eds<\/p>\n","protected":false},"author":1,"featured_media":1908,"comment_status":"open","ping_status":"closed","template":"","meta":{"_et_pb_use_builder":"on","_et_pb_old_content":"","_et_gb_content_width":"","footnotes":""},"project_category":[31,30,27],"project_tag":[93],"class_list":["post-1906","project","type-project","status-publish","has-post-thumbnail","hentry","project_category-disenos-de-audio-video-e-iluminacion-artistica","project_category-disenos-acusticos","project_category-educativo-proyectos","project_tag-universidad-de-los-andres-bloque-w"],"yoast_head":"<!-- This site is optimized with the Yoast SEO plugin v23.4 - https:\/\/yoast.com\/wordpress\/plugins\/seo\/ -->\n<title>Universidad de Los Andres - Bloque W - ADT Ac\u00fastica Dise\u00f1o Tecnolog\u00eda<\/title>\n<meta name=\"robots\" content=\"index, follow, max-snippet:-1, max-image-preview:large, max-video-preview:-1\" \/>\n<link rel=\"canonical\" href=\"https:\/\/adtacustica.com\/?project=33-universidad-de-los-andres-bloque-w\" \/>\n<meta property=\"og:locale\" content=\"es_ES\" \/>\n<meta property=\"og:type\" content=\"article\" \/>\n<meta property=\"og:title\" content=\"Universidad de Los Andres - Bloque W - ADT Ac\u00fastica Dise\u00f1o Tecnolog\u00eda\" \/>\n<meta property=\"og:description\" content=\"Educaci\u00f3nLa Universidad de los Andes es una universidad privada con sede en Bogot\u00e1 y Cartagena. Fue fundada en 1948 por Mario Laserna Pinz\u00f3n (Par\u00eds 1923 - Ibagu\u00e9 2013). Lo apoyaron Nicol\u00e1s G\u00f3mez D\u00e1vila, Hern\u00e1n Echavarr\u00eda Ol\u00f3zaga, Mauricio Obreg\u00f3n, Jos\u00e9 Mar\u00eda Chaves, \u00c1lvaro Casta\u00f1o Castillo, Gustavo Santos, Jorge Gait\u00e1n Cort\u00e9s, Alfonso L\u00f3pez y Francisco Pizano de Brigard, entre otros amigos que compart\u00edan el prop\u00f3sito del fundador de crear en Colombia una instituci\u00f3n de educaci\u00f3n superior inspirada en el modelo universitario de Estados Unidos, laica, humanista, econ\u00f3micamente sostenida con filantrop\u00eda e independiente de la Iglesia, el gobierno y los partidos pol\u00edticos del pa\u00eds\" \/>\n<meta property=\"og:url\" content=\"https:\/\/adtacustica.com\/?project=33-universidad-de-los-andres-bloque-w\" \/>\n<meta property=\"og:site_name\" content=\"ADT Ac\u00fastica Dise\u00f1o Tecnolog\u00eda\" \/>\n<meta property=\"article:modified_time\" content=\"2024-08-06T15:32:23+00:00\" \/>\n<meta property=\"og:image\" content=\"https:\/\/iconods.com\/adt\/wp-content\/uploads\/2024\/07\/w.jpg\" \/>\n\t<meta property=\"og:image:width\" content=\"1366\" \/>\n\t<meta property=\"og:image:height\" content=\"966\" \/>\n\t<meta property=\"og:image:type\" content=\"image\/jpeg\" \/>\n<meta name=\"twitter:card\" content=\"summary_large_image\" \/>\n<meta name=\"twitter:label1\" content=\"Tiempo de lectura\" \/>\n\t<meta name=\"twitter:data1\" content=\"2 minutos\" \/>\n<script type=\"application\/ld+json\" class=\"yoast-schema-graph\">{\"@context\":\"https:\/\/schema.org\",\"@graph\":[{\"@type\":\"WebPage\",\"@id\":\"https:\/\/adtacustica.com\/?project=33-universidad-de-los-andres-bloque-w\",\"url\":\"https:\/\/adtacustica.com\/?project=33-universidad-de-los-andres-bloque-w\",\"name\":\"Universidad de Los Andres - Bloque W - ADT Ac\u00fastica Dise\u00f1o Tecnolog\u00eda\",\"isPartOf\":{\"@id\":\"https:\/\/adtacustica.com\/#website\"},\"primaryImageOfPage\":{\"@id\":\"https:\/\/adtacustica.com\/?project=33-universidad-de-los-andres-bloque-w#primaryimage\"},\"image\":{\"@id\":\"https:\/\/adtacustica.com\/?project=33-universidad-de-los-andres-bloque-w#primaryimage\"},\"thumbnailUrl\":\"https:\/\/iconods.com\/adt\/wp-content\/uploads\/2024\/07\/w.jpg\",\"datePublished\":\"2024-07-29T19:26:16+00:00\",\"dateModified\":\"2024-08-06T15:32:23+00:00\",\"breadcrumb\":{\"@id\":\"https:\/\/adtacustica.com\/?project=33-universidad-de-los-andres-bloque-w#breadcrumb\"},\"inLanguage\":\"es-CO\",\"potentialAction\":[{\"@type\":\"ReadAction\",\"target\":[\"https:\/\/adtacustica.com\/?project=33-universidad-de-los-andres-bloque-w\"]}]},{\"@type\":\"ImageObject\",\"inLanguage\":\"es-CO\",\"@id\":\"https:\/\/adtacustica.com\/?project=33-universidad-de-los-andres-bloque-w#primaryimage\",\"url\":\"https:\/\/iconods.com\/adt\/wp-content\/uploads\/2024\/07\/w.jpg\",\"contentUrl\":\"https:\/\/iconods.com\/adt\/wp-content\/uploads\/2024\/07\/w.jpg\",\"width\":1366,\"height\":966},{\"@type\":\"BreadcrumbList\",\"@id\":\"https:\/\/adtacustica.com\/?project=33-universidad-de-los-andres-bloque-w#breadcrumb\",\"itemListElement\":[{\"@type\":\"ListItem\",\"position\":1,\"name\":\"Inicio\",\"item\":\"https:\/\/adtacustica.com\/\"},{\"@type\":\"ListItem\",\"position\":2,\"name\":\"Projects\",\"item\":\"https:\/\/adtacustica.com\/?post_type=project\"},{\"@type\":\"ListItem\",\"position\":3,\"name\":\"Universidad de Los Andres &#8211; Bloque W\"}]},{\"@type\":\"WebSite\",\"@id\":\"https:\/\/adtacustica.com\/#website\",\"url\":\"https:\/\/adtacustica.com\/\",\"name\":\"ADT Ac\u00fastica\",\"description\":\"Ac\u00fastica Dise\u00f1o Tecnolog\u00eda\",\"publisher\":{\"@id\":\"https:\/\/adtacustica.com\/#organization\"},\"potentialAction\":[{\"@type\":\"SearchAction\",\"target\":{\"@type\":\"EntryPoint\",\"urlTemplate\":\"https:\/\/adtacustica.com\/?s={search_term_string}\"},\"query-input\":{\"@type\":\"PropertyValueSpecification\",\"valueRequired\":true,\"valueName\":\"search_term_string\"}}],\"inLanguage\":\"es-CO\"},{\"@type\":\"Organization\",\"@id\":\"https:\/\/adtacustica.com\/#organization\",\"name\":\"ADT Ac\u00fastica Dise\u00f1o Tecnolog\u00eda\",\"alternateName\":\"ADT\",\"url\":\"https:\/\/adtacustica.com\/\",\"logo\":{\"@type\":\"ImageObject\",\"inLanguage\":\"es-CO\",\"@id\":\"https:\/\/adtacustica.com\/#\/schema\/logo\/image\/\",\"url\":\"https:\/\/iconods.com\/adt\/wp-content\/uploads\/2024\/06\/LogoQuienes.png\",\"contentUrl\":\"https:\/\/iconods.com\/adt\/wp-content\/uploads\/2024\/06\/LogoQuienes.png\",\"width\":574,\"height\":329,\"caption\":\"ADT Ac\u00fastica Dise\u00f1o Tecnolog\u00eda\"},\"image\":{\"@id\":\"https:\/\/adtacustica.com\/#\/schema\/logo\/image\/\"}}]}<\/script>\n<!-- \/ Yoast SEO plugin. -->","yoast_head_json":{"title":"Universidad de Los Andres - Bloque W - ADT Ac\u00fastica Dise\u00f1o Tecnolog\u00eda","robots":{"index":"index","follow":"follow","max-snippet":"max-snippet:-1","max-image-preview":"max-image-preview:large","max-video-preview":"max-video-preview:-1"},"canonical":"https:\/\/adtacustica.com\/?project=33-universidad-de-los-andres-bloque-w","og_locale":"es_ES","og_type":"article","og_title":"Universidad de Los Andres - Bloque W - ADT Ac\u00fastica Dise\u00f1o Tecnolog\u00eda","og_description":"Educaci\u00f3nLa Universidad de los Andes es una universidad privada con sede en Bogot\u00e1 y Cartagena. Fue fundada en 1948 por Mario Laserna Pinz\u00f3n (Par\u00eds 1923 - Ibagu\u00e9 2013). Lo apoyaron Nicol\u00e1s G\u00f3mez D\u00e1vila, Hern\u00e1n Echavarr\u00eda Ol\u00f3zaga, Mauricio Obreg\u00f3n, Jos\u00e9 Mar\u00eda Chaves, \u00c1lvaro Casta\u00f1o Castillo, Gustavo Santos, Jorge Gait\u00e1n Cort\u00e9s, Alfonso L\u00f3pez y Francisco Pizano de Brigard, entre otros amigos que compart\u00edan el prop\u00f3sito del fundador de crear en Colombia una instituci\u00f3n de educaci\u00f3n superior inspirada en el modelo universitario de Estados Unidos, laica, humanista, econ\u00f3micamente sostenida con filantrop\u00eda e independiente de la Iglesia, el gobierno y los partidos pol\u00edticos del pa\u00eds","og_url":"https:\/\/adtacustica.com\/?project=33-universidad-de-los-andres-bloque-w","og_site_name":"ADT Ac\u00fastica Dise\u00f1o Tecnolog\u00eda","article_modified_time":"2024-08-06T15:32:23+00:00","og_image":[{"width":1366,"height":966,"url":"https:\/\/iconods.com\/adt\/wp-content\/uploads\/2024\/07\/w.jpg","type":"image\/jpeg"}],"twitter_card":"summary_large_image","twitter_misc":{"Tiempo de lectura":"2 minutos"},"schema":{"@context":"https:\/\/schema.org","@graph":[{"@type":"WebPage","@id":"https:\/\/adtacustica.com\/?project=33-universidad-de-los-andres-bloque-w","url":"https:\/\/adtacustica.com\/?project=33-universidad-de-los-andres-bloque-w","name":"Universidad de Los Andres - Bloque W - ADT Ac\u00fastica Dise\u00f1o Tecnolog\u00eda","isPartOf":{"@id":"https:\/\/adtacustica.com\/#website"},"primaryImageOfPage":{"@id":"https:\/\/adtacustica.com\/?project=33-universidad-de-los-andres-bloque-w#primaryimage"},"image":{"@id":"https:\/\/adtacustica.com\/?project=33-universidad-de-los-andres-bloque-w#primaryimage"},"thumbnailUrl":"https:\/\/iconods.com\/adt\/wp-content\/uploads\/2024\/07\/w.jpg","datePublished":"2024-07-29T19:26:16+00:00","dateModified":"2024-08-06T15:32:23+00:00","breadcrumb":{"@id":"https:\/\/adtacustica.com\/?project=33-universidad-de-los-andres-bloque-w#breadcrumb"},"inLanguage":"es-CO","potentialAction":[{"@type":"ReadAction","target":["https:\/\/adtacustica.com\/?project=33-universidad-de-los-andres-bloque-w"]}]},{"@type":"ImageObject","inLanguage":"es-CO","@id":"https:\/\/adtacustica.com\/?project=33-universidad-de-los-andres-bloque-w#primaryimage","url":"https:\/\/iconods.com\/adt\/wp-content\/uploads\/2024\/07\/w.jpg","contentUrl":"https:\/\/iconods.com\/adt\/wp-content\/uploads\/2024\/07\/w.jpg","width":1366,"height":966},{"@type":"BreadcrumbList","@id":"https:\/\/adtacustica.com\/?project=33-universidad-de-los-andres-bloque-w#breadcrumb","itemListElement":[{"@type":"ListItem","position":1,"name":"Inicio","item":"https:\/\/adtacustica.com\/"},{"@type":"ListItem","position":2,"name":"Projects","item":"https:\/\/adtacustica.com\/?post_type=project"},{"@type":"ListItem","position":3,"name":"Universidad de Los Andres &#8211; Bloque W"}]},{"@type":"WebSite","@id":"https:\/\/adtacustica.com\/#website","url":"https:\/\/adtacustica.com\/","name":"ADT Ac\u00fastica","description":"Ac\u00fastica Dise\u00f1o Tecnolog\u00eda","publisher":{"@id":"https:\/\/adtacustica.com\/#organization"},"potentialAction":[{"@type":"SearchAction","target":{"@type":"EntryPoint","urlTemplate":"https:\/\/adtacustica.com\/?s={search_term_string}"},"query-input":{"@type":"PropertyValueSpecification","valueRequired":true,"valueName":"search_term_string"}}],"inLanguage":"es-CO"},{"@type":"Organization","@id":"https:\/\/adtacustica.com\/#organization","name":"ADT Ac\u00fastica Dise\u00f1o Tecnolog\u00eda","alternateName":"ADT","url":"https:\/\/adtacustica.com\/","logo":{"@type":"ImageObject","inLanguage":"es-CO","@id":"https:\/\/adtacustica.com\/#\/schema\/logo\/image\/","url":"https:\/\/iconods.com\/adt\/wp-content\/uploads\/2024\/06\/LogoQuienes.png","contentUrl":"https:\/\/iconods.com\/adt\/wp-content\/uploads\/2024\/06\/LogoQuienes.png","width":574,"height":329,"caption":"ADT Ac\u00fastica Dise\u00f1o Tecnolog\u00eda"},"image":{"@id":"https:\/\/adtacustica.com\/#\/schema\/logo\/image\/"}}]}},"_links":{"self":[{"href":"https:\/\/adtacustica.com\/index.php?rest_route=\/wp\/v2\/project\/1906","targetHints":{"allow":["GET"]}}],"collection":[{"href":"https:\/\/adtacustica.com\/index.php?rest_route=\/wp\/v2\/project"}],"about":[{"href":"https:\/\/adtacustica.com\/index.php?rest_route=\/wp\/v2\/types\/project"}],"author":[{"embeddable":true,"href":"https:\/\/adtacustica.com\/index.php?rest_route=\/wp\/v2\/users\/1"}],"replies":[{"embeddable":true,"href":"https:\/\/adtacustica.com\/index.php?rest_route=%2Fwp%2Fv2%2Fcomments&post=1906"}],"version-history":[{"count":5,"href":"https:\/\/adtacustica.com\/index.php?rest_route=\/wp\/v2\/project\/1906\/revisions"}],"predecessor-version":[{"id":2411,"href":"https:\/\/adtacustica.com\/index.php?rest_route=\/wp\/v2\/project\/1906\/revisions\/2411"}],"wp:featuredmedia":[{"embeddable":true,"href":"https:\/\/adtacustica.com\/index.php?rest_route=\/wp\/v2\/media\/1908"}],"wp:attachment":[{"href":"https:\/\/adtacustica.com\/index.php?rest_route=%2Fwp%2Fv2%2Fmedia&parent=1906"}],"wp:term":[{"taxonomy":"project_category","embeddable":true,"href":"https:\/\/adtacustica.com\/index.php?rest_route=%2Fwp%2Fv2%2Fproject_category&post=1906"},{"taxonomy":"project_tag","embeddable":true,"href":"https:\/\/adtacustica.com\/index.php?rest_route=%2Fwp%2Fv2%2Fproject_tag&post=1906"}],"curies":[{"name":"wp","href":"https:\/\/api.w.org\/{rel}","templated":true}]}}