{"id":1519,"date":"2024-07-15T15:54:31","date_gmt":"2024-07-15T20:54:31","guid":{"rendered":"https:\/\/iconods.com\/adt\/?page_id=1519"},"modified":"2024-09-03T15:08:30","modified_gmt":"2024-09-03T20:08:30","slug":"clientes","status":"publish","type":"page","link":"https:\/\/adtacustica.com\/?page_id=1519","title":{"rendered":"Clientes"},"content":{"rendered":"<p>[et_pb_section fb_built=&#8221;1&#8243; admin_label=&#8221;Dise\u00f1o 1&#8243; _builder_version=&#8221;4.26.0&#8243; _module_preset=&#8221;default&#8221; locked=&#8221;off&#8221; global_colors_info=&#8221;{}&#8221;][et_pb_row column_structure=&#8221;1_2,1_2&#8243; _builder_version=&#8221;4.26.0&#8243; _module_preset=&#8221;default&#8221; global_colors_info=&#8221;{}&#8221;][et_pb_column type=&#8221;1_2&#8243; _builder_version=&#8221;4.26.0&#8243; _module_preset=&#8221;default&#8221; global_colors_info=&#8221;{}&#8221;][et_pb_text _builder_version=&#8221;4.26.0&#8243; _module_preset=&#8221;default&#8221; text_font=&#8221;|300|||||||&#8221; text_text_color=&#8221;#8300E9&#8243; header_font=&#8221;&#8211;et_global_heading_font|100|||||||&#8221; header_text_color=&#8221;#000000&#8243; header_font_size=&#8221;50px&#8221; global_colors_info=&#8221;{}&#8221;]<\/p>\n<h1>Nuestros Clientes<\/h1>\n<p>[\/et_pb_text][et_pb_text _builder_version=&#8221;4.26.0&#8243; _module_preset=&#8221;default&#8221; text_font=&#8221;|300|||||||&#8221; text_text_color=&#8221;#E02B20&#8243; header_font=&#8221;&#8211;et_global_heading_font|100|||||||&#8221; header_text_color=&#8221;#ff6600&#8243; header_font_size=&#8221;50px&#8221; global_colors_info=&#8221;{}&#8221;]<\/p>\n<h1>Our Clients<\/h1>\n<p>[\/et_pb_text][\/et_pb_column][et_pb_column type=&#8221;1_2&#8243; _builder_version=&#8221;4.26.0&#8243; _module_preset=&#8221;default&#8221; global_colors_info=&#8221;{}&#8221;][et_pb_text _builder_version=&#8221;4.26.0&#8243; _module_preset=&#8221;default&#8221; text_font=&#8221;&#8211;et_global_heading_font|300|||||||&#8221; global_colors_info=&#8221;{}&#8221;]<\/p>\n<p>&#8220;En ADT, valoramos a cada uno de nuestros clientes y nos comprometemos a ofrecer soluciones ac\u00fasticas excepcionales que superen sus expectativas. Nos enorgullecemos de colaborar estrechamente con ustedes para entender sus necesidades \u00fanicas y brindar resultados personalizados y de alta calidad. Gracias por confiar en nosotros para transformar sus espacios con el mejor dise\u00f1o ac\u00fastico.&#8221;<\/p>\n<p>[\/et_pb_text][et_pb_text _builder_version=&#8221;4.26.0&#8243; _module_preset=&#8221;default&#8221; text_font=&#8221;&#8211;et_global_heading_font|300|||||||&#8221; text_text_color=&#8221;#ff6600&#8243; global_colors_info=&#8221;{}&#8221;]<\/p>\n<p>&#8220;At ADT, we value each of our clients and are committed to providing exceptional acoustic solutions that exceed your expectations. We take pride in working closely with you to understand your unique needs and deliver personalized, high-quality results. Thank you for trusting us to transform your spaces with the best acoustic design.&#8221;<\/p>\n<p>[\/et_pb_text][\/et_pb_column][\/et_pb_row][\/et_pb_section][et_pb_section fb_built=&#8221;1&#8243; _builder_version=&#8221;4.26.1&#8243; _module_preset=&#8221;default&#8221; background_color=&#8221;#f7f7f7&#8243; global_colors_info=&#8221;{}&#8221;][et_pb_row column_structure=&#8221;1_4,1_4,1_4,1_4&#8243; _builder_version=&#8221;4.26.1&#8243; _module_preset=&#8221;default&#8221; global_colors_info=&#8221;{}&#8221;][et_pb_column type=&#8221;1_4&#8243; _builder_version=&#8221;4.26.1&#8243; _module_preset=&#8221;default&#8221; global_colors_info=&#8221;{}&#8221;][et_pb_text _builder_version=&#8221;4.26.1&#8243; _module_preset=&#8221;default&#8221; text_font=&#8221;&#8211;et_global_heading_font|300|||||||&#8221; text_font_size=&#8221;12px&#8221; text_line_height=&#8221;1.2em&#8221; global_colors_info=&#8221;{}&#8221;]<\/p>\n<p>Centro de Rehabilitaci\u00f3n Koica<br \/>Cl\u00ednica Los Nogales<br \/>Fundaci\u00f3n Valle de Lili<br \/>Cl\u00ednica IDIME<br \/>Fundaci\u00f3n Universitaria Sanitas<br \/>Fundaci\u00f3n Valle de Lili<br \/>Hospital El Tunal<br \/>Cl\u00ednica de Occidente<br \/>Cl\u00ednica La Colina<br \/>Fundaci\u00f3n El Bosque<br \/>Hospital Centro de Tratamiento e Investigaci\u00f3n de C\u00e1ncer CTIC<br \/>Fundaci\u00f3n Santaf\u00e9 de Bogot\u00e1<br \/>Hospital Santa Clara<br \/>Centro Cultural Julio Mario Santo Domingo<br \/>Colegio Anglo Colombiano<br \/>Colegio Gimnasio La Monta\u00f1a<br \/>Colegio Anglo Colombiano<br \/>Corporaci\u00f3n Liceo Franc\u00e9s Paul Valery<br \/>EDU Medell\u00edn<br \/>Teatro Colon<br \/>Teatro El Local<br \/>Teatro Escuela Militar de Cadetes Jose Maria C\u00f3rdoba<br \/>\u00c1vila <br \/>Universidad Nacional de Colombia<br \/>Universidad del Valle<br \/>Centro Cultural Tocancip\u00e1<br \/>Centro Cultural Binacional Villa del Rosario<br \/>Colegio Los Nogales<br \/>Colegio Fundaci\u00f3n Nuevo Marymount<br \/>EDU Medell\u00edn<br \/>Universidad de Caldas<br \/>Teatro de Bellas Artes<br \/>Teatro Faenza<br \/>Teatro Zulima<br \/>Comfenalco Valle<br \/>Universidad de Caldas<br \/>Comfenalco Valle<br \/>Colegio Los Pinos<br \/>Colegio San Francisco Javier<br \/>Teatro El Dorado<br \/>Colegio Vermont<br \/>Arquitectura Anfer<br \/>Universidad de La Salle<br \/>Constructora Rizoma<br \/>Teatro El Parque<br \/>Ecoplaza<br \/>Teatro La Lib\u00e9lula Dorada<br \/>Teatro Colsubsidio Roberto Arias Perez<br \/>Universidad del Cauca<br \/>Teatro Nacional<br \/>Fundaci\u00f3n Gilberto Alzate<br \/>Universidad Industrial de Santander<br \/>Iglesia Manantial de Vida<br \/>Universidad Santo Tomas<br \/>Centro Colombo Americano<br \/>ING Ingenier\u00eda<br \/>Polic\u00eda Nacional<br \/>Cl\u00ednica Valle de Lili<br \/>Biblioteca Publica La Quintana<br \/>Misi\u00f3n Paz a las Naciones<br \/>Iglesia Cristiana Palabra y Fuego<br \/>Gecolsa<br \/>Cuellar Serrano Gomez<br \/>Polic\u00eda Nacional<br \/>Colegio La Presentaci\u00f3n<br \/>Colegio Gimnasio Femenino<br \/>Paseo San Francisco<br \/>Paralelo 108<br \/>Palacio de la Gobernaci\u00f3n del Norte de Santander<br \/>Universidad de Caldas<br \/>Fajardo Moreno<br \/>Club Militar de Oficiales<br \/>Colegio San Pedro Claver<br \/>Gobernaci\u00f3n del Meta<br \/>Municipio de Sopo<br \/>San L\u00e1zaro<br \/>Universidad de Boyac\u00e1<br \/>Universidad Konrad Lorenz<br \/>Universidad Sergio Arboleda<br \/>Tecnoqu\u00edmicas<br \/>Cl\u00ednica Santa Fe de Bogot\u00e1<br \/>Universidad Santo Tomas<br \/>Universidad Externado de Colombia<br \/>Cuellar Serrano Gomez<br \/>Universidad Industrial de Santander<br \/>Universidad de La Sabana<br \/>Universidad de Boyac\u00e1<br \/>Universidad Javeriana<br \/>Rizoma<br \/>Biblored<br \/>SALVIO 93<br \/>Fundaci\u00f3n Amigos Guapi<br \/>UPTC \u2013 Universidad Pedag\u00f3gica y Tecnol\u00f3gica de Colombia<br \/>Cranium de Colombia<\/p>\n<p>[\/et_pb_text][\/et_pb_column][et_pb_column type=&#8221;1_4&#8243; _builder_version=&#8221;4.26.1&#8243; _module_preset=&#8221;default&#8221; global_colors_info=&#8221;{}&#8221;][et_pb_text _builder_version=&#8221;4.26.1&#8243; _module_preset=&#8221;default&#8221; text_font=&#8221;&#8211;et_global_heading_font|300|||||||&#8221; text_font_size=&#8221;12px&#8221; text_line_height=&#8221;1.2em&#8221; global_colors_info=&#8221;{}&#8221;]<\/p>\n<p>Arias Serna y Saravia<br \/>Fiduciaria Central S.A.<br \/>Hotel Dann Carlton <br \/>Arias Serna y Saravia<br \/>3D Branding<br \/>Triada S.A.<br \/>Gaia<br \/>Contempo<br \/>Edificio Area 93<br \/>Estelar<br \/>Prabyc<br \/>Prominsa S.A.<br \/>Terranum<br \/>Icono Urbano <br \/>Contemp<br \/>Hotel Cosmos Buenaventura<br \/>Ospinas y Cia<br \/>Proksol<br \/>Construcciones Planificadas<br \/>Grupo Roble<br \/>Valorem<br \/>Hotel Spiwak<br \/>Constructora Yadel<br \/>NH Group<br \/>Contempo<br \/>Hotel Irotama<br \/>AS Construcciones<br \/>Comfandi<br \/>Hotel Spiwak Chipichape<br \/>Salgado Restrepo Arquitectos<br \/>Seteyco<br \/>San L\u00e1zaro<br \/>Hotel Uni\u00f3n Girardot<br \/>Studio Distrito<br \/>Contempo<br \/>Hotel Sail Best Western Mants<br \/>Hotel Sonesta Bucaramanga<br \/>Universidad Sergio Arboleda<br \/>Universidad de La Sabana<br \/>Universidad de La Sabana<br \/>Colegio Gimnasio Campestre<br \/>Colegio Los Nogales<br \/>Universidad de Boyac\u00e1<br \/>Colegio Rochester<br \/>Universidad Lasalle College<br \/>Escuela de Ingenieros<br \/>Universidad Polit\u00e9cnica de Quito<br \/>Colegio Vermont<br \/>Exacta<br \/>Universidad Javeriana<br \/>Universidad Javeriana<br \/>Universidad Sergio Arboleda<br \/>Universidad Javeriana<br \/>Universidad Cat\u00f3lica<br \/>Colegio Anglo Colombiano<br \/>Alianza Francesa<br \/>Universidad Javeriana<br \/>Compensar<br \/>Uniminuto<br \/>Universidad Javeriana<br \/>Universidad Polit\u00e9cnico Grancolombiano<br \/>Consorcio Interdesarrollo<br \/>Escuela Colombiana de Ingenieros<br \/>Universidad Norte Barranquilla<br \/>Inversiones Coespa<br \/>Colegio Gimnasio del Norte<br \/>Universidad del Rosario<br \/>Universidad San Buenaventura <br \/>Instituci\u00f3n Maria Goretti<br \/>Universidad Javeriana<br \/>Universidad Javeriana<br \/>WSP \u2013 Centro San Agust\u00edn <br \/>Universidad de Los Andes<br \/>Colegio Anglo Colombiano<br \/>Universidad Minuto de Dios<br \/>Colegio Hontanar \u2013 Comedor<br \/>Universidad Cat\u00f3lica<br \/>Colegio Los Nogales<br \/>Universidad del Rosario<br \/>SENA <br \/>Fundaci\u00f3n Universitaria Ciencias de la Salud FUCS<br \/>Universidad Cooperativa<br \/>Escuela Colombiana de Ingenier\u00eda<br \/>Colegio Fundaci\u00f3n Nuevo Marymount<br \/>Universidad Externado de Colombia<br \/>Colegio los Portales<br \/>Universidad de Boyac\u00e1<br \/>Universidad Jorge Tadeo Lozano<br \/>Colegio Colombo Brit\u00e1nico<br \/>Colegio Gimnasio La Monta\u00f1a<br \/>Colegio Mayag\u00fcez<br \/>Cadavid Arquitectos<br \/>Universidad de La Sabana<br \/>Universidad del Bosque<br \/>Gimnasio Colombo Brit\u00e1nico<br \/>Gimnasio Vermont<br \/>Colegio Marymount<\/p>\n<p>[\/et_pb_text][\/et_pb_column][et_pb_column type=&#8221;1_4&#8243; _builder_version=&#8221;4.26.1&#8243; _module_preset=&#8221;default&#8221; global_colors_info=&#8221;{}&#8221;][et_pb_text _builder_version=&#8221;4.26.1&#8243; _module_preset=&#8221;default&#8221; text_font=&#8221;&#8211;et_global_heading_font|300|||||||&#8221; text_font_size=&#8221;12px&#8221; text_line_height=&#8221;1.2em&#8221; global_colors_info=&#8221;{}&#8221;]<\/p>\n<p>Universidad de Boyac\u00e1<br \/>Universidad del Quind\u00edo<br \/>Colegio Hontanar<br \/>Colegio Champagnat<br \/>Fundaci\u00f3n Universitaria Ciencias de la Salud FUCS<br \/>Edificio AV Villas<br \/>Publicaciones Semana<br \/>Edificio Novartis<br \/>Telecenter<br \/>Fiscal\u00eda General de la Naci\u00f3n<br \/>Centro Empresarial T3<br \/>Edificio Torre de La Cabrera<br \/>Centro Empresarial Tit\u00e1n Plaza<br \/>Connecta \u2013 Edificio G3, G4 y G5<br \/>Pacific Rubiales<br \/>Edificio F\u00e9nix<br \/>Centro Empresarial T2<br \/>Alpina S.A.<br \/>Edificio Paralelo 26<br \/>Zona Franca<br \/>Edificio Talou<br \/>Banco de La Rep\u00fablica<br \/>Edificio Atl\u00e1ntica<br \/>Centro Empresarial Elemento<br \/>Refiner\u00eda de Cartagena<br \/>Avianca<br \/>Edificio EDU, Medell\u00edn <br \/>Edificio Ministerios<br \/>Zona Franca Metropolitana<br \/>BCG<br \/>Edificio Neos Moda<br \/>NOVA<br \/>Edificio de la Fiscal\u00eda<br \/>Torre Am\u00e9rica<br \/>Torre Barcelo<br \/>Edificio KOVA<br \/>Centro Innovaci\u00f3n Bancolombia<br \/>Davivienda<br \/>Bank of Am\u00e9rica<br \/>CAD \u2013 Centro Administrativo Distrital<br \/>CAM \u2013 Centro Administrativo Municipal<br \/>Coomeva \u2013 Sede Coomeva <br \/>Oficinas Diageo<br \/>Embajada Nueva Zelanda<br \/>SAP \u2013 Medell\u00edn<br \/>Centro Empresarial La Colina<br \/>Quala \u2013 Oficinas Ecotower<br \/>Centro Empresarial Central Point Etapa I<br \/>Centro Empresarial Central Point Etapa II<br \/>Edificio Atrio Torre N y Torre S<br \/>Cine Colombia \u2013 Edificio Sede<br \/>Facebook<br \/>Ministerio de Defensa<br \/>Comfacauca<br \/>Connecta 80<br \/>Edificio 7-82<br \/>Hubspot<br \/>Google<br \/>Centro Empresarial T5<br \/>Centro Empresarial T6<br \/>Gano Excel<br \/>Equinix<br \/>Ministerio de Defensa<br \/>Empresa de Acueducto de Bogot\u00c1<br \/>Oficinas Apple Colombia<br \/>Oficinas WTW<br \/>Oficinas Sierra Colliers<br \/>Arturo Calle<br \/>Avianca<br \/>Bavaria S.A.<br \/>Coca Cola<br \/>Nueva sede CAN<br \/>Edificio Fincomercio<br \/>Bain Company<br \/>Centro Comercial Plaza Bocagrande \u2013 Cartagena <br \/>Centro Comercial Andino<br \/>Centro Comercial La Serrezuela<br \/>Centro Comercial Jard\u00edn Plaza<br \/>Centro Comercial Ciudadela San Martin<br \/>Centro Comercial Andino <br \/>Centro Comercial Rodadero Arrecife<br \/>Centro Comercial Unicentro<br \/>Centro Comercial Tit\u00e1n Plaza<br \/>Centro Comercial Arauco<br \/>Centro Comercial Parque La Colina<br \/>Centro Comercial Salitre Plaza<br \/>Centro Comercial Metr\u00f3polis<br \/>WSP \u2013 Centro Comercial Shoping 65 <br \/>C\u00e1mara de Comercio de Bogot\u00e1<br \/>Corporaci\u00f3n de Ferias y Exposiciones CORFERIAS<br \/>M\u00e9nsula S.A.<br \/>Centro de Convenciones Plaza Mayor<br \/>Centro de Eventos Valle del Pacifico <br \/>Corporaci\u00f3n de Ferias y Exposiciones CORFERIAS<br \/>C\u00e1mara de Comercio de Villavicencio<br \/>Centro Comercial Unicentro<br \/>Hotel Habitel<\/p>\n<p>[\/et_pb_text][\/et_pb_column][et_pb_column type=&#8221;1_4&#8243; _builder_version=&#8221;4.26.1&#8243; _module_preset=&#8221;default&#8221; global_colors_info=&#8221;{}&#8221;][et_pb_text _builder_version=&#8221;4.26.1&#8243; _module_preset=&#8221;default&#8221; text_font=&#8221;&#8211;et_global_heading_font|300|||||||&#8221; text_font_size=&#8221;12px&#8221; text_line_height=&#8221;1.2em&#8221; global_colors_info=&#8221;{}&#8221;]<\/p>\n<p>Corporaci\u00f3n Club El Nogal<br \/>Corporaci\u00f3n de Ferias y Exposiciones CORFERIAS<br \/>Corporaci\u00f3n de Ferias y Exposiciones CORFERIAS<br \/>Hotel Casablanca<br \/>Paseo San Francisco<br \/>M2 Arquitectura<br \/>Neomundo<br \/>Motta y Rodriguez<br \/>Comfamiliar Huila<br \/>Hernando Heredia Arquitectos<br \/>Daniel Berm\u00fadez Arquitecto<br \/>Tecnoquimicas <br \/>Club Tenis de C\u00facuta<br \/>Ecoplaza <br \/>Centro Comercial Plaza de las Am\u00e9ricas<br \/>Maloka<br \/>Unicines<br \/>Direcci\u00f3n de Investigaci\u00f3n Criminal de la Polic\u00eda Nacional DIJIN<br \/>Quala S.A.<br \/>Constructora Obreval<br \/>Estudio Casa Pardo<br \/>Sonido Comercial<br \/>Maloka<br \/>Belaire<br \/>Colombiana de Escenarios<br \/>Plaza de Toros Ca\u00f1averalejo<br \/>Caracol Televisi\u00f3n<br \/>Caracol Televisi\u00f3n<br \/>Taller 301<br \/>Club Pradera de Potos\u00ed<br \/>Museo de la Memori<br \/>Andres Carne de Re<br \/>Andres Carne de Re<br \/>Corferias<br \/>Taller 301<br \/>AeI \u2013 Estudio de Grabaci\u00f3n Sanofi<br \/>Bronx Distrito Creativo<br \/>Iglesia Parque El Para\u00edso<br \/>Amarilo<br \/>Taller 301<br \/>Restaurante Calle 81<br \/>Jockey Club<br \/>Universidad Tecnol\u00f3gica de <br \/>Apartamento Patricia Uribe<br \/>Edificio Aldebar\u00e1n<br \/>Edificio Altos de Belmonte I<br \/>Edificio Cabrechi<br \/>Arias Serna y Saravia<br \/>Edificio Carolina del Country<br \/>Edificio Mirador de Rosales<br \/>Edificio Vista de La Sabana<br \/>Inversiones Proxi<br \/>Arias Serna Saravia<br \/>Ospinas y Cia<br \/>Icono Urbano<br \/>Pradera de Potos\u00ed <br \/>Edificio Neos Nogal<br \/>Ingeurbe<br \/>Santa Rosa<br \/>Prodesa<br \/>Colpatria<br \/>Hitos Urbanos<br \/>Donvela<br \/>Solerium<br \/>Veca<br \/>Prodesa<br \/>Edificio Calle 91<br \/>Urbanizaci\u00f3n Boreal<br \/>Serena del Mar<br \/>Amarilo<br \/>Edificio Lagos de C\u00f3rdoba<br \/>Edificio Primera Este<br \/>Parques de Normand\u00eda<br \/>Teatro Colsubsidio Roberto Arias Perez<br \/>Teatro Nacional Fanny Mickey<br \/>Templo Minuto de Dios<br \/>Hotel Jard\u00edn Plaza<br \/>Teatro Amira de la Rosa <br \/>Capilla Colegio San Jose<br \/>Colegio Anglo Colombiano<br \/>Edificio Bella Suiza<br \/>Oficinas Master Card<br \/>Hotel Marriott Guyana<br \/>Colegio Marymount<br \/>Universidad de Loja<\/p>\n<p>[\/et_pb_text][\/et_pb_column][\/et_pb_row][\/et_pb_section]<\/p>\n","protected":false},"excerpt":{"rendered":"<p>Nuestros ClientesOur Clients&#8221;En ADT, valoramos a cada uno de nuestros clientes y nos comprometemos a ofrecer soluciones ac\u00fasticas excepcionales que superen sus expectativas. Nos enorgullecemos de colaborar estrechamente con ustedes para entender sus necesidades \u00fanicas y brindar resultados personalizados y de alta calidad. Gracias por confiar en nosotros para transformar sus espacios con el mejor dise\u00f1o ac\u00fastico.&#8221;&#8221;At ADT, we value each of our clients and are committed to providing exceptional acoustic solutions that exceed your expectations. We take pride in working closely with you to understand your unique needs and deliver personalized, high-quality results. Thank you for trusting us to transform your spaces with the best acoustic design.&#8221;Centro de Rehabilitaci\u00f3n KoicaCl\u00ednica Los NogalesFundaci\u00f3n Valle de LiliCl\u00ednica IDIMEFundaci\u00f3n Universitaria SanitasFundaci\u00f3n Valle de LiliHospital El TunalCl\u00ednica de OccidenteCl\u00ednica La ColinaFundaci\u00f3n El BosqueHospital Centro de Tratamiento e Investigaci\u00f3n de C\u00e1ncer CTICFundaci\u00f3n Santaf\u00e9 de Bogot\u00e1Hospital Santa ClaraCentro Cultural Julio Mario Santo DomingoColegio Anglo ColombianoColegio Gimnasio La Monta\u00f1aColegio Anglo ColombianoCorporaci\u00f3n Liceo Franc\u00e9s Paul ValeryEDU Medell\u00ednTeatro ColonTeatro El LocalTeatro Escuela Militar de Cadetes Jose Maria C\u00f3rdoba\u00c1vila Universidad Nacional de ColombiaUniversidad del ValleCentro Cultural Tocancip\u00e1Centro Cultural Binacional Villa del RosarioColegio Los NogalesColegio Fundaci\u00f3n Nuevo MarymountEDU Medell\u00ednUniversidad de CaldasTeatro de Bellas ArtesTeatro FaenzaTeatro ZulimaComfenalco ValleUniversidad de CaldasComfenalco ValleColegio [&hellip;]<\/p>\n","protected":false},"author":1,"featured_media":0,"parent":0,"menu_order":0,"comment_status":"closed","ping_status":"closed","template":"","meta":{"_et_pb_use_builder":"on","_et_pb_old_content":"","_et_gb_content_width":"","footnotes":""},"class_list":["post-1519","page","type-page","status-publish","hentry"],"yoast_head":"<!-- This site is optimized with the Yoast SEO plugin v23.4 - https:\/\/yoast.com\/wordpress\/plugins\/seo\/ -->\n<title>Clientes - ADT Ac\u00fastica Dise\u00f1o Tecnolog\u00eda<\/title>\n<meta name=\"robots\" content=\"index, follow, max-snippet:-1, max-image-preview:large, max-video-preview:-1\" \/>\n<link rel=\"canonical\" href=\"https:\/\/adtacustica.com\/?page_id=1519\" \/>\n<meta property=\"og:locale\" content=\"es_ES\" \/>\n<meta property=\"og:type\" content=\"article\" \/>\n<meta property=\"og:title\" content=\"Clientes - ADT Ac\u00fastica Dise\u00f1o Tecnolog\u00eda\" \/>\n<meta property=\"og:description\" content=\"Nuestros ClientesOur Clients&quot;En ADT, valoramos a cada uno de nuestros clientes y nos comprometemos a ofrecer soluciones ac\u00fasticas excepcionales que superen sus expectativas. Nos enorgullecemos de colaborar estrechamente con ustedes para entender sus necesidades \u00fanicas y brindar resultados personalizados y de alta calidad. Gracias por confiar en nosotros para transformar sus espacios con el mejor dise\u00f1o ac\u00fastico.&quot;&quot;At ADT, we value each of our clients and are committed to providing exceptional acoustic solutions that exceed your expectations. We take pride in working closely with you to understand your unique needs and deliver personalized, high-quality results. Thank you for trusting us to transform your spaces with the best acoustic design.&quot;Centro de Rehabilitaci\u00f3n KoicaCl\u00ednica Los NogalesFundaci\u00f3n Valle de LiliCl\u00ednica IDIMEFundaci\u00f3n Universitaria SanitasFundaci\u00f3n Valle de LiliHospital El TunalCl\u00ednica de OccidenteCl\u00ednica La ColinaFundaci\u00f3n El BosqueHospital Centro de Tratamiento e Investigaci\u00f3n de C\u00e1ncer CTICFundaci\u00f3n Santaf\u00e9 de Bogot\u00e1Hospital Santa ClaraCentro Cultural Julio Mario Santo DomingoColegio Anglo ColombianoColegio Gimnasio La Monta\u00f1aColegio Anglo ColombianoCorporaci\u00f3n Liceo Franc\u00e9s Paul ValeryEDU Medell\u00ednTeatro ColonTeatro El LocalTeatro Escuela Militar de Cadetes Jose Maria C\u00f3rdoba\u00c1vila Universidad Nacional de ColombiaUniversidad del ValleCentro Cultural Tocancip\u00e1Centro Cultural Binacional Villa del RosarioColegio Los NogalesColegio Fundaci\u00f3n Nuevo MarymountEDU Medell\u00ednUniversidad de CaldasTeatro de Bellas ArtesTeatro FaenzaTeatro ZulimaComfenalco ValleUniversidad de CaldasComfenalco ValleColegio [&hellip;]\" \/>\n<meta property=\"og:url\" content=\"https:\/\/adtacustica.com\/?page_id=1519\" \/>\n<meta property=\"og:site_name\" content=\"ADT Ac\u00fastica Dise\u00f1o Tecnolog\u00eda\" \/>\n<meta property=\"article:modified_time\" content=\"2024-09-03T20:08:30+00:00\" \/>\n<meta property=\"og:image\" content=\"https:\/\/iconods.com\/adt\/wp-content\/uploads\/2024\/07\/web.jpg\" \/>\n\t<meta property=\"og:image:width\" content=\"1200\" \/>\n\t<meta property=\"og:image:height\" content=\"594\" \/>\n\t<meta property=\"og:image:type\" content=\"image\/jpeg\" \/>\n<meta name=\"twitter:card\" content=\"summary_large_image\" \/>\n<meta name=\"twitter:label1\" content=\"Tiempo de lectura\" \/>\n\t<meta name=\"twitter:data1\" content=\"7 minutos\" \/>\n<script type=\"application\/ld+json\" class=\"yoast-schema-graph\">{\"@context\":\"https:\/\/schema.org\",\"@graph\":[{\"@type\":\"WebPage\",\"@id\":\"https:\/\/adtacustica.com\/?page_id=1519\",\"url\":\"https:\/\/adtacustica.com\/?page_id=1519\",\"name\":\"Clientes - ADT Ac\u00fastica Dise\u00f1o Tecnolog\u00eda\",\"isPartOf\":{\"@id\":\"https:\/\/adtacustica.com\/#website\"},\"datePublished\":\"2024-07-15T20:54:31+00:00\",\"dateModified\":\"2024-09-03T20:08:30+00:00\",\"breadcrumb\":{\"@id\":\"https:\/\/adtacustica.com\/?page_id=1519#breadcrumb\"},\"inLanguage\":\"es-CO\",\"potentialAction\":[{\"@type\":\"ReadAction\",\"target\":[\"https:\/\/adtacustica.com\/?page_id=1519\"]}]},{\"@type\":\"BreadcrumbList\",\"@id\":\"https:\/\/adtacustica.com\/?page_id=1519#breadcrumb\",\"itemListElement\":[{\"@type\":\"ListItem\",\"position\":1,\"name\":\"Inicio\",\"item\":\"https:\/\/adtacustica.com\/\"},{\"@type\":\"ListItem\",\"position\":2,\"name\":\"Clientes\"}]},{\"@type\":\"WebSite\",\"@id\":\"https:\/\/adtacustica.com\/#website\",\"url\":\"https:\/\/adtacustica.com\/\",\"name\":\"ADT Ac\u00fastica\",\"description\":\"Ac\u00fastica Dise\u00f1o Tecnolog\u00eda\",\"publisher\":{\"@id\":\"https:\/\/adtacustica.com\/#organization\"},\"potentialAction\":[{\"@type\":\"SearchAction\",\"target\":{\"@type\":\"EntryPoint\",\"urlTemplate\":\"https:\/\/adtacustica.com\/?s={search_term_string}\"},\"query-input\":{\"@type\":\"PropertyValueSpecification\",\"valueRequired\":true,\"valueName\":\"search_term_string\"}}],\"inLanguage\":\"es-CO\"},{\"@type\":\"Organization\",\"@id\":\"https:\/\/adtacustica.com\/#organization\",\"name\":\"ADT Ac\u00fastica Dise\u00f1o Tecnolog\u00eda\",\"alternateName\":\"ADT\",\"url\":\"https:\/\/adtacustica.com\/\",\"logo\":{\"@type\":\"ImageObject\",\"inLanguage\":\"es-CO\",\"@id\":\"https:\/\/adtacustica.com\/#\/schema\/logo\/image\/\",\"url\":\"https:\/\/iconods.com\/adt\/wp-content\/uploads\/2024\/06\/LogoQuienes.png\",\"contentUrl\":\"https:\/\/iconods.com\/adt\/wp-content\/uploads\/2024\/06\/LogoQuienes.png\",\"width\":574,\"height\":329,\"caption\":\"ADT Ac\u00fastica Dise\u00f1o Tecnolog\u00eda\"},\"image\":{\"@id\":\"https:\/\/adtacustica.com\/#\/schema\/logo\/image\/\"}}]}<\/script>\n<!-- \/ Yoast SEO plugin. -->","yoast_head_json":{"title":"Clientes - ADT Ac\u00fastica Dise\u00f1o Tecnolog\u00eda","robots":{"index":"index","follow":"follow","max-snippet":"max-snippet:-1","max-image-preview":"max-image-preview:large","max-video-preview":"max-video-preview:-1"},"canonical":"https:\/\/adtacustica.com\/?page_id=1519","og_locale":"es_ES","og_type":"article","og_title":"Clientes - ADT Ac\u00fastica Dise\u00f1o Tecnolog\u00eda","og_description":"Nuestros ClientesOur Clients\"En ADT, valoramos a cada uno de nuestros clientes y nos comprometemos a ofrecer soluciones ac\u00fasticas excepcionales que superen sus expectativas. Nos enorgullecemos de colaborar estrechamente con ustedes para entender sus necesidades \u00fanicas y brindar resultados personalizados y de alta calidad. Gracias por confiar en nosotros para transformar sus espacios con el mejor dise\u00f1o ac\u00fastico.\"\"At ADT, we value each of our clients and are committed to providing exceptional acoustic solutions that exceed your expectations. We take pride in working closely with you to understand your unique needs and deliver personalized, high-quality results. Thank you for trusting us to transform your spaces with the best acoustic design.\"Centro de Rehabilitaci\u00f3n KoicaCl\u00ednica Los NogalesFundaci\u00f3n Valle de LiliCl\u00ednica IDIMEFundaci\u00f3n Universitaria SanitasFundaci\u00f3n Valle de LiliHospital El TunalCl\u00ednica de OccidenteCl\u00ednica La ColinaFundaci\u00f3n El BosqueHospital Centro de Tratamiento e Investigaci\u00f3n de C\u00e1ncer CTICFundaci\u00f3n Santaf\u00e9 de Bogot\u00e1Hospital Santa ClaraCentro Cultural Julio Mario Santo DomingoColegio Anglo ColombianoColegio Gimnasio La Monta\u00f1aColegio Anglo ColombianoCorporaci\u00f3n Liceo Franc\u00e9s Paul ValeryEDU Medell\u00ednTeatro ColonTeatro El LocalTeatro Escuela Militar de Cadetes Jose Maria C\u00f3rdoba\u00c1vila Universidad Nacional de ColombiaUniversidad del ValleCentro Cultural Tocancip\u00e1Centro Cultural Binacional Villa del RosarioColegio Los NogalesColegio Fundaci\u00f3n Nuevo MarymountEDU Medell\u00ednUniversidad de CaldasTeatro de Bellas ArtesTeatro FaenzaTeatro ZulimaComfenalco ValleUniversidad de CaldasComfenalco ValleColegio [&hellip;]","og_url":"https:\/\/adtacustica.com\/?page_id=1519","og_site_name":"ADT Ac\u00fastica Dise\u00f1o Tecnolog\u00eda","article_modified_time":"2024-09-03T20:08:30+00:00","og_image":[{"width":1200,"height":594,"url":"https:\/\/iconods.com\/adt\/wp-content\/uploads\/2024\/07\/web.jpg","type":"image\/jpeg"}],"twitter_card":"summary_large_image","twitter_misc":{"Tiempo de lectura":"7 minutos"},"schema":{"@context":"https:\/\/schema.org","@graph":[{"@type":"WebPage","@id":"https:\/\/adtacustica.com\/?page_id=1519","url":"https:\/\/adtacustica.com\/?page_id=1519","name":"Clientes - ADT Ac\u00fastica Dise\u00f1o Tecnolog\u00eda","isPartOf":{"@id":"https:\/\/adtacustica.com\/#website"},"datePublished":"2024-07-15T20:54:31+00:00","dateModified":"2024-09-03T20:08:30+00:00","breadcrumb":{"@id":"https:\/\/adtacustica.com\/?page_id=1519#breadcrumb"},"inLanguage":"es-CO","potentialAction":[{"@type":"ReadAction","target":["https:\/\/adtacustica.com\/?page_id=1519"]}]},{"@type":"BreadcrumbList","@id":"https:\/\/adtacustica.com\/?page_id=1519#breadcrumb","itemListElement":[{"@type":"ListItem","position":1,"name":"Inicio","item":"https:\/\/adtacustica.com\/"},{"@type":"ListItem","position":2,"name":"Clientes"}]},{"@type":"WebSite","@id":"https:\/\/adtacustica.com\/#website","url":"https:\/\/adtacustica.com\/","name":"ADT Ac\u00fastica","description":"Ac\u00fastica Dise\u00f1o Tecnolog\u00eda","publisher":{"@id":"https:\/\/adtacustica.com\/#organization"},"potentialAction":[{"@type":"SearchAction","target":{"@type":"EntryPoint","urlTemplate":"https:\/\/adtacustica.com\/?s={search_term_string}"},"query-input":{"@type":"PropertyValueSpecification","valueRequired":true,"valueName":"search_term_string"}}],"inLanguage":"es-CO"},{"@type":"Organization","@id":"https:\/\/adtacustica.com\/#organization","name":"ADT Ac\u00fastica Dise\u00f1o Tecnolog\u00eda","alternateName":"ADT","url":"https:\/\/adtacustica.com\/","logo":{"@type":"ImageObject","inLanguage":"es-CO","@id":"https:\/\/adtacustica.com\/#\/schema\/logo\/image\/","url":"https:\/\/iconods.com\/adt\/wp-content\/uploads\/2024\/06\/LogoQuienes.png","contentUrl":"https:\/\/iconods.com\/adt\/wp-content\/uploads\/2024\/06\/LogoQuienes.png","width":574,"height":329,"caption":"ADT Ac\u00fastica Dise\u00f1o Tecnolog\u00eda"},"image":{"@id":"https:\/\/adtacustica.com\/#\/schema\/logo\/image\/"}}]}},"_links":{"self":[{"href":"https:\/\/adtacustica.com\/index.php?rest_route=\/wp\/v2\/pages\/1519","targetHints":{"allow":["GET"]}}],"collection":[{"href":"https:\/\/adtacustica.com\/index.php?rest_route=\/wp\/v2\/pages"}],"about":[{"href":"https:\/\/adtacustica.com\/index.php?rest_route=\/wp\/v2\/types\/page"}],"author":[{"embeddable":true,"href":"https:\/\/adtacustica.com\/index.php?rest_route=\/wp\/v2\/users\/1"}],"replies":[{"embeddable":true,"href":"https:\/\/adtacustica.com\/index.php?rest_route=%2Fwp%2Fv2%2Fcomments&post=1519"}],"version-history":[{"count":7,"href":"https:\/\/adtacustica.com\/index.php?rest_route=\/wp\/v2\/pages\/1519\/revisions"}],"predecessor-version":[{"id":2566,"href":"https:\/\/adtacustica.com\/index.php?rest_route=\/wp\/v2\/pages\/1519\/revisions\/2566"}],"wp:attachment":[{"href":"https:\/\/adtacustica.com\/index.php?rest_route=%2Fwp%2Fv2%2Fmedia&parent=1519"}],"curies":[{"name":"wp","href":"https:\/\/api.w.org\/{rel}","templated":true}]}}